{"id":6053,"date":"2020-09-28T19:21:39","date_gmt":"2020-09-28T19:21:39","guid":{"rendered":"http:\/\/www.crimt.net\/bourses-nommees\/"},"modified":"2025-08-13T14:39:37","modified_gmt":"2025-08-13T14:39:37","slug":"bourses-nommees","status":"publish","type":"page","link":"https:\/\/www.crimt.net\/en\/bourses-nommees\/","title":{"rendered":""},"content":{"rendered":"<p class=\"fonts-plugin-block \" style=\"font-family: Encode Sans Expanded;font-weight: 900;font-size: 46px;line-height: 1.4\">The CRIMT Named Scholarships<\/p>\n\n\n<div style=\"height:22px\" aria-hidden=\"true\" class=\"wp-block-spacer\"><\/div>\n\n\n<p class=\"fonts-plugin-block \" style=\"font-size: 19px;line-height: 1.5\">CRIMT awards four annual scholarships in honour or in memory of great figures in the field of industrial relations and labour law in Quebec and Canada: Shirley Goldenberg, Roger Lecourt, Jacques B\u00e9langer and Pierre Verge.<\/p>\n\n<p class=\"fonts-plugin-block \" style=\"font-size: 19px;line-height: 1.5\">In total of all competitions held during a particular calendar year, the four students whose master&#8217;s or doctoral projects stand out the most on the themes covered by each of the scholarships (both in terms of scope and quality) will be awarded the amount of\u00a0<strong>$2,500<\/strong>\u00a0each.<\/p>\n\n\n<div style=\"height:20px\" aria-hidden=\"true\" class=\"wp-block-spacer\"><\/div>\n\n\n<p class=\"fonts-plugin-block \" style=\"font-size: 20px;line-height: 1\"><strong>There are two ways for students to be considered for these awards:<\/strong><\/p>\n\n\n<div style=\"height:20px\" aria-hidden=\"true\" class=\"wp-block-spacer\"><\/div>\n\n\n\n<div class=\"wp-block-columns are-vertically-aligned-top is-layout-flex wp-container-core-columns-is-layout-9d6595d7 wp-block-columns-is-layout-flex\">\n<div class=\"wp-block-column is-vertically-aligned-top is-layout-flow wp-block-column-is-layout-flow\" style=\"flex-basis:4%\"><p class=\"fonts-plugin-block \" style=\"font-size: 38px;line-height: 1;text-align: left\">1.<\/p><\/div>\n\n\n\n<div class=\"wp-block-column is-vertically-aligned-top is-layout-flow wp-block-column-is-layout-flow\" style=\"flex-basis:95%\"><p class=\"fonts-plugin-block \" style=\"font-size: 19px;line-height: 1.5\">All those who have applied to the regular scholarship or mobility award competition &#8211; internship or research field component in the spring or fall of the current year (2021 A or B competition) will automatically be considered for these awards. No further action is required in this case;<\/p><\/div>\n<\/div>\n\n\n\n<div class=\"wp-block-columns is-layout-flex wp-container-core-columns-is-layout-9d6595d7 wp-block-columns-is-layout-flex\">\n<div class=\"wp-block-column is-vertically-aligned-top is-layout-flow wp-block-column-is-layout-flow\" style=\"flex-basis:4%\"><p class=\"fonts-plugin-block \" style=\"font-size: 38px;line-height: 1;text-align: left\">2.<\/p><\/div>\n\n\n\n<div class=\"wp-block-column is-vertically-aligned-top is-layout-flow wp-block-column-is-layout-flow\" style=\"flex-basis:98%\"><p class=\"fonts-plugin-block \" style=\"font-size: 19px;line-height: 1.5\">any candidate who has not made an application to the spring or fall competitions but who wishes to be considered for one of the named scholarships may do so by submitting to a dedicated program. This includes candidates who cannot apply to the regular scholarship or mobility competitions because they no longer meet all the eligibility requirements. <a rel=\"noreferrer noopener\" href=\"http:\/\/www.crimt.net\/Files\/CRIMT_Named_Scholarships-Dedicated_Program.pdf\" target=\"_blank\"><span class=\"has-inline-color has-black-color\"><span style=\"text-decoration: underline\">Please click here to view the rules of the dedicated program<\/span><\/span><\/a><\/p><\/div>\n<\/div>\n\n\n\n<div style=\"height:25px\" aria-hidden=\"true\" class=\"wp-block-spacer\"><\/div>\n\n\n<p class=\"fonts-plugin-block \" style=\"font-size: 28px;line-height: 1.5\"><strong>THE SHIRLEY-GOLDENBERG<\/strong> <strong>CRIMT SCHOLARSHIP FUND<\/strong><\/p>\n\n\n<div style=\"height:20px\" aria-hidden=\"true\" class=\"wp-block-spacer\"><\/div>\n\n\n<p class=\"fonts-plugin-block \" style=\"font-size: 19px;line-height: 1.5\"><strong>Shirley Goldenberg<\/strong>\u00a0was a Full professor in the Faculty of Management at McGill University. As Canada&#8217;s first female scholar of industrial relations, Shirley Goldenberg not only helped to legitimize the place of women in this traditionally male field, but has also contributed \u2013 with a profound concern for social justice and progress \u2013 to a better theoretical and practical understanding of the evolution of work and employment in Canada. This was evident in her groundbreaking work on industrial relations in the federal public sector, the role of union staffers, the unionization of professionals, and on women and the law.<\/p>\n\n<p class=\"fonts-plugin-block \" style=\"font-size: 19px;line-height: 1.5\">The\u00a0<a href=\"http:\/\/www.crimt.org\/Goldenberg.html\" target=\"_blank\" rel=\"noreferrer noopener\"><span class=\"has-inline-color has-black-color\"><span style=\"text-decoration: underline\"><strong>Shirley-Goldenberg CRIMT Scholarship<\/strong><\/span><\/span><\/a>\u00a0supports\u00a0full-time graduate students in Canadian universities whose masters&#8217; or doctoral dissertations involve cutting-edge research on major trends in work and employment. More particularly, the Scholarship is aimed at students whose work focuses\u00a0<em>on major developments in the field of work and employment in Canada or abroad, with a preference for those dealing with their implications for public policy.<\/em><\/p>\n\n\n<div style=\"height:10px\" aria-hidden=\"true\" class=\"wp-block-spacer\"><\/div>\n\n\n<p class=\"fonts-plugin-block \" style=\"font-family: Encode Sans Semi Expanded;font-weight: 800;font-size: 32px;color: #ffffff\">NEW *<\/p>\n\n\n<div style=\"height:10px\" aria-hidden=\"true\" class=\"wp-block-spacer\"><\/div>\n\n\n<p class=\"fonts-plugin-block \" style=\"font-size: 19px;line-height: 1.5\">Two new videos paying tribute to Shirley Goldenberg are now available online. The <a href=\"https:\/\/youtu.be\/6RBYvek3gFU?feature=shared\" target=\"_blank\" rel=\"noreferrer noopener\"><strong><span style=\"text-decoration: underline\">first<\/span><\/strong>,<\/a> entitled: <em>I am Shirley Goldenberg<\/em>, retraces the exceptional journey of this pioneer in industrial relations, reflecting more than a century of courage, service, and visionary leadership. The <strong><a href=\"https:\/\/www.youtube.com\/watch?v=H5V72SlSs8s\" target=\"_blank\" rel=\"noreferrer noopener\"><span style=\"text-decoration: underline\">second<\/span><\/a><\/strong>,\u00a0<em>A Fireside Chat with an Industrial Relations Pioneer: Shirley Goldenberg at 102<\/em>, invites us into a warm and engaging conversation led by <strong>Daphne Taras<\/strong> (Centre for Labour Management Relations, TMU) and <strong>Gregor Murray<\/strong> (Universit\u00e9 de Montr\u00e9al), who share anecdotes and heartfelt tributes while guiding a lively audience Q&amp;A. This discussion\u2014shaped in part by the tribute film presented at the 2025 ACRI-CIRA conference at Toronto Metropolitan University\u2014stands as a vibrant testament to Shirley Goldenberg\u2019s intellectual and human legacy.<\/p>\n\n\n<div style=\"height:15px\" aria-hidden=\"true\" class=\"wp-block-spacer\"><\/div>\n\n\n<p class=\"fonts-plugin-block \" style=\"font-size: 19px\"><strong>1. <span class=\"has-inline-color has-black-color\">AWARD RECIPIENTS<\/span><\/strong><\/p>\n\n\n<div style=\"height:15px\" aria-hidden=\"true\" class=\"wp-block-spacer\"><\/div>\n\n\n\n<figure class=\"wp-block-image size-large is-resized\"><img loading=\"lazy\" decoding=\"async\" width=\"730\" height=\"164\" src=\"http:\/\/www.crimt.net\/wp-content\/uploads\/2022\/02\/Goldenberg8.png\" alt=\"\" class=\"wp-image-11694\" style=\"width:443px;height:100px\" srcset=\"https:\/\/www.crimt.net\/wp-content\/uploads\/2022\/02\/Goldenberg8.png 730w, https:\/\/www.crimt.net\/wp-content\/uploads\/2022\/02\/Goldenberg8-300x67.png 300w\" sizes=\"auto, (max-width: 730px) 100vw, 730px\" \/><\/figure>\n\n\n\n<div style=\"height:25px\" aria-hidden=\"true\" class=\"wp-block-spacer\"><\/div>\n\n\n\n<div class=\"wp-block-columns is-layout-flex wp-container-core-columns-is-layout-9d6595d7 wp-block-columns-is-layout-flex\">\n<div class=\"wp-block-column is-layout-flow wp-block-column-is-layout-flow\" style=\"flex-basis:82%\"><p class=\"fonts-plugin-block \" style=\"font-size: 18px;line-height: 1.7\">(2018) <strong>Isabelle Hudon<\/strong>, PhD student, Universit\u00e9 Laval<br>(2018) <strong>Laurence Derouin-Dubuc<\/strong>, PhD student, Universit\u00e9 de Montr\u00e9al<br>(2019) <strong>\u00c9milie Lessard-Mercier<\/strong>, PhD student, Universit\u00e9 Laval<br>(2019) <strong>Jonelle Humphrey<\/strong>, PhD student, Universit\u00e9 McMaster<br>(2020) <strong>Ammon Lilyane Djould\u00e9 Alou<\/strong>, PhD student, Universit\u00e9 Laval<br>(2020) <strong>Joannie Lamontagne<\/strong>, MA candidate, Universit\u00e9 de Montr\u00e9al<br>(2021)\u00a0<strong>B\u00e9atrice Venne<\/strong>, MA candidate, UQAM<br>(2022) <strong>Temisan Fanou<\/strong>, MA candidate, McMaster University<br>(2023) <strong>Priyanka Preet<\/strong>, MA candidate, McGill University<br>(2024) <strong>Leanna Katz<\/strong>, PhD student, McGill University<\/p><\/div>\n\n\n\n<div class=\"wp-block-column is-layout-flow wp-block-column-is-layout-flow\" style=\"flex-basis:55%\"><div class=\"wp-block-image\">\n<figure class=\"alignright size-full\"><img loading=\"lazy\" decoding=\"async\" width=\"1024\" height=\"397\" src=\"https:\/\/www.crimt.net\/wp-content\/uploads\/2025\/03\/2024BSG.png\" alt=\"\" class=\"wp-image-21001\" srcset=\"https:\/\/www.crimt.net\/wp-content\/uploads\/2025\/03\/2024BSG.png 1024w, https:\/\/www.crimt.net\/wp-content\/uploads\/2025\/03\/2024BSG-300x116.png 300w, https:\/\/www.crimt.net\/wp-content\/uploads\/2025\/03\/2024BSG-768x298.png 768w, https:\/\/www.crimt.net\/wp-content\/uploads\/2025\/03\/2024BSG-795x308.png 795w\" sizes=\"auto, (max-width: 1024px) 100vw, 1024px\" \/><\/figure>\n<\/div><\/div>\n<\/div>\n\n\n<p class=\"fonts-plugin-block \" style=\"font-size: 19px;line-height: 1.4\"><strong>2. SUPPORT THIS INITIATIVE BY MAKING A DONATION TO THE SHIRLEY-GOLDENBERG CRIMT FUND<\/strong><\/p>\n\n\n<div style=\"height:35px\" aria-hidden=\"true\" class=\"wp-block-spacer\"><\/div>\n\n\n\n<div class=\"wp-block-columns is-layout-flex wp-container-core-columns-is-layout-9d6595d7 wp-block-columns-is-layout-flex\">\n<div class=\"wp-block-column is-layout-flow wp-block-column-is-layout-flow\" style=\"flex-basis:25%\">\n<div class=\"wp-block-buttons is-layout-flex wp-block-buttons-is-layout-flex\">\n<div class=\"wp-block-button has-custom-width wp-block-button__width-100\"><a class=\"wp-block-button__link has-background wp-element-button\" href=\"http:\/\/www.crimt.net\/Files\/Shirley-Goldenberg_CRIMT_Scholarship_Fund_Donation_Form.pdf\" style=\"background-color:#ff7600\" target=\"_blank\" rel=\"noreferrer noopener\"><mark style=\"background-color:rgba(0, 0, 0, 0)\" class=\"has-inline-color has-white-color\">Make a donation <\/mark><\/a><\/div>\n<\/div>\n<\/div>\n\n\n\n<div class=\"wp-block-column is-layout-flow wp-block-column-is-layout-flow\" style=\"flex-basis:75%\"><p class=\"fonts-plugin-block \" style=\"font-size: 17px;line-height: 1.3\">The &#8220;Make a Donation&#8221; button leads to a PDF form that can be downloaded and filled out on screen or printed and filled out by hand. Once completed, you can either save it under another name or scan it and email it to <a href=\"mailto:soledad.cardona-maldonado@umontreal.ca\"><span style=\"text-decoration: underline\">Soledad Cardona-Maldonado<\/span><\/a>, CRIMT&#8217;s Administrative Coordinator, or send it by mail in paper format to the address at the bottom of the form. It is also possible to make a donation by phone by dialing 514 343-2110.<\/p><\/div>\n<\/div>\n\n\n\n<p style=\"font-size:19px\"><strong>3. <span style=\"text-decoration: underline;\"><a href=\"https:\/\/www.crimt.net\/en\/la-bourse-shirley-goldenberg-recipiendaires\/\">SEE THE DETAILS<\/a><\/span> OF THE PROJECTS FUNDED TO DATE<\/strong><\/p>\n\n\n\n<p style=\"font-size:19px\"><strong>4. <span style=\"text-decoration: underline;\"><a href=\"https:\/\/www.crimt.net\/en\/la-bourse-shirley-goldenberg\/\">TO LEARN MORE<\/a><\/span> ABOUT THIS INITIATIVE<\/strong><\/p>\n\n\n\n<div style=\"height:55px\" aria-hidden=\"true\" class=\"wp-block-spacer\"><\/div>\n\n\n\n<hr class=\"wp-block-separator has-text-color has-css-opacity has-background is-style-wide\" style=\"background-color:#626d71;color:#626d71\"\/>\n\n\n\n<div style=\"height:55px\" aria-hidden=\"true\" class=\"wp-block-spacer\"><\/div>\n\n\n<p class=\"fonts-plugin-block \" style=\"font-size: 28px;line-height: 1.5\"><strong>THE ROGER-LECOURT CRIMT SCHOLARSHIP FUND<\/strong><\/p>\n\n\n<div style=\"height:25px\" aria-hidden=\"true\" class=\"wp-block-spacer\"><\/div>\n\n\n<p class=\"fonts-plugin-block \" style=\"font-size: 19px;line-height: 1.5\"><strong>Roger Lecourt<\/strong>\u00a0is a nationally and internationally recognized specialist in industrial relations and social dialogue. He is a frequent contributor to CRIMT&#8217;s activities and chairs its Stakeholder Committee. A former Deputy Minister of Labour in Quebec and a consultant to the International Labour Office (ILO) in a number of countries, he has also been a union leader and mediator\/conciliator. His work exemplifies a commitment to building a practical understanding of work, its values and its transformations.<\/p>\n\n<p class=\"fonts-plugin-block \" style=\"font-size: 19px;line-height: 1.5\">The <strong>Roger-Lecourt CRIMT Scholarship<\/strong> supports\u00a0full-time graduate students in Quebec universities whose masters&#8217; or doctoral dissertations involve cutting-edge research on major trends in work and employment. More particularly, the Scholarship is aimed at students whose work deals with\u00a0<em>major developments in collective labour relations, both in Canada and abroad, with a preference for those dealing with union renewal, new forms of collective bargaining and representation, and the public policies that promote them.<\/em><\/p>\n\n\n<div style=\"height:20px\" aria-hidden=\"true\" class=\"wp-block-spacer\"><\/div>\n\n\n<p class=\"fonts-plugin-block \" style=\"font-size: 19px\"><strong>1. <span class=\"has-inline-color has-black-color\">AWARD RECIPIENTS<\/span><\/strong><\/p>\n\n\n<div style=\"height:15px\" aria-hidden=\"true\" class=\"wp-block-spacer\"><\/div>\n\n\n\n<figure class=\"wp-block-image size-large is-resized\"><img loading=\"lazy\" decoding=\"async\" width=\"513\" height=\"115\" src=\"http:\/\/www.crimt.net\/wp-content\/uploads\/2022\/02\/Titre-Lecourt_3_EN.png\" alt=\"\" class=\"wp-image-11467\" style=\"width:349px;height:78px\" srcset=\"https:\/\/www.crimt.net\/wp-content\/uploads\/2022\/02\/Titre-Lecourt_3_EN.png 513w, https:\/\/www.crimt.net\/wp-content\/uploads\/2022\/02\/Titre-Lecourt_3_EN-300x67.png 300w\" sizes=\"auto, (max-width: 513px) 100vw, 513px\" \/><\/figure>\n\n\n\n<div style=\"height:25px\" aria-hidden=\"true\" class=\"wp-block-spacer\"><\/div>\n\n\n\n<div class=\"wp-block-columns is-layout-flex wp-container-core-columns-is-layout-9d6595d7 wp-block-columns-is-layout-flex\">\n<div class=\"wp-block-column is-layout-flow wp-block-column-is-layout-flow\" style=\"flex-basis:82%\"><p class=\"fonts-plugin-block \" style=\"font-size: 18px;line-height: 1.7;text-align: left\">(2021) <strong>Evelyn Dionne<\/strong>, PhD student, Universit\u00e9 Laval<br>(2022) <strong>Virginie Lambert-B\u00e9rub\u00e9<\/strong>, MA candidate, Universit\u00e9 de Montr\u00e9al<br>(2023) <strong>Jonathan Michaud<\/strong>, PhD student, Universit\u00e9 de Montr\u00e9al<br>(2024)\u00a0<strong>Gabriela Florentina Salagean<\/strong>, MA candidate, Universit\u00e9 Laval<\/p><\/div>\n\n\n\n<div class=\"wp-block-column is-layout-flow wp-block-column-is-layout-flow\" style=\"flex-basis:55%\"><div class=\"wp-block-image\">\n<figure class=\"alignright size-full\"><img loading=\"lazy\" decoding=\"async\" width=\"1024\" height=\"188\" src=\"https:\/\/www.crimt.net\/wp-content\/uploads\/2025\/03\/Dionne_Lecourt_3.png\" alt=\"\" class=\"wp-image-21008\" srcset=\"https:\/\/www.crimt.net\/wp-content\/uploads\/2025\/03\/Dionne_Lecourt_3.png 1024w, https:\/\/www.crimt.net\/wp-content\/uploads\/2025\/03\/Dionne_Lecourt_3-300x55.png 300w, https:\/\/www.crimt.net\/wp-content\/uploads\/2025\/03\/Dionne_Lecourt_3-768x141.png 768w, https:\/\/www.crimt.net\/wp-content\/uploads\/2025\/03\/Dionne_Lecourt_3-795x146.png 795w\" sizes=\"auto, (max-width: 1024px) 100vw, 1024px\" \/><\/figure>\n<\/div><\/div>\n<\/div>\n\n\n<p class=\"fonts-plugin-block \" style=\"font-size: 20px;line-height: 1.4\"><strong>2. SUPPORT THIS INITIATIVE BY MAKING A DONATION TO THE ROGER-LECOURT CRIMT FUND<\/strong><\/p>\n\n\n<div style=\"height:35px\" aria-hidden=\"true\" class=\"wp-block-spacer\"><\/div>\n\n\n\n<div class=\"wp-block-columns is-layout-flex wp-container-core-columns-is-layout-9d6595d7 wp-block-columns-is-layout-flex\">\n<div class=\"wp-block-column is-layout-flow wp-block-column-is-layout-flow\" style=\"flex-basis:25%\">\n<div class=\"wp-block-buttons is-layout-flex wp-block-buttons-is-layout-flex\">\n<div class=\"wp-block-button has-custom-width wp-block-button__width-100\"><a class=\"wp-block-button__link has-background wp-element-button\" href=\"http:\/\/www.crimt.net\/Files\/Roger-Lecourt_CRIMT_Scholarship_Fund_Donation_Form.pdf\" style=\"background-color:#ff7600\" target=\"_blank\" rel=\"noreferrer noopener\"><mark style=\"background-color:rgba(0, 0, 0, 0)\" class=\"has-inline-color has-white-color\">Make a donation <\/mark><\/a><\/div>\n<\/div>\n<\/div>\n\n\n\n<div class=\"wp-block-column is-layout-flow wp-block-column-is-layout-flow\" style=\"flex-basis:75%\"><p class=\"fonts-plugin-block \" style=\"font-size: 17px;line-height: 1.3\">The &#8220;Make a donation&#8221; button leads to a PDF form that can be downloaded, printed, and then filled out by hand. Once completed, you can either scan it and send it by email to the attention of <a href=\"mailto:soledad.cardona-maldonado@umontreal.ca\"><span class=\"has-inline-color has-black-color\"><span style=\"text-decoration: underline\">Soledad Cardona-Maldonado<\/span><\/span><\/a>, CRIMT&#8217;s Administrative Coordinator, or send it by mail to the address at the bottom of the form. It is also possible to make a donation by phone by dialing <span class=\"has-inline-color has-black-color\">514 343-2110<\/span>.<\/p><\/div>\n<\/div>\n\n\n<p class=\"fonts-plugin-block \" style=\"font-size: 20px;line-height: 1.5;color: #000000\"><strong>3.<\/strong> <strong><a href=\"https:\/\/www.crimt.net\/en\/la-bourse-roger-lecourt-du-crimt-recipiendaires\/\" target=\"_blank\" rel=\"noreferrer noopener\"><span class=\"has-inline-color has-black-color\"><span style=\"text-decoration: underline\">SEE THE DETAILS<\/span><\/span><\/a><span class=\"has-inline-color has-black-color\"> <strong>OF THE PROJECTS FUNDED TO DATE<\/strong><\/span><\/strong><\/p>\n\n<p class=\"fonts-plugin-block \" style=\"font-size: 20px;line-height: 1.5\"><strong>4.<\/strong> <strong><a href=\"https:\/\/www.crimt.net\/en\/la-bourse-roger-lecourt-du-crimt\/\" target=\"_blank\" rel=\"noreferrer noopener\"><span class=\"has-inline-color has-black-color\"><span style=\"text-decoration: underline\">TO LEARN MORE<\/span><\/span><\/a><span class=\"has-inline-color has-black-color\"> <strong>ABOUT THIS INITIATIVE<\/strong><\/span><\/strong><\/p>\n\n\n<div style=\"height:55px\" aria-hidden=\"true\" class=\"wp-block-spacer\"><\/div>\n\n\n\n<hr class=\"wp-block-separator has-text-color has-css-opacity has-background is-style-wide\" style=\"background-color:#626d71;color:#626d71\"\/>\n\n\n\n<div style=\"height:55px\" aria-hidden=\"true\" class=\"wp-block-spacer\"><\/div>\n\n\n<p class=\"fonts-plugin-block \" style=\"font-size: 28px;line-height: 1.5\"><strong>THE JACQUES-B\u00c9LANGER AND PIERRE-VERGE CRIMT SCHOLARSHIPS<\/strong><\/p>\n\n\n<div style=\"height:20px\" aria-hidden=\"true\" class=\"wp-block-spacer\"><\/div>\n\n\n<p class=\"fonts-plugin-block \" style=\"font-size: 19px;line-height: 1.5\"><strong><strong>Jacques B\u00e9langer<\/strong>\u00a0<\/strong>was a Full professor in the Industrial Relations Department at Universit\u00e9 Laval and the co-director and co-founder of CRIMT. Drawing on the finest British empiricist traditions, he developed a rigorous ethnographic approach that would guide his highly innovative research in an effort to comprehend actor strategies in the world of work, convinced as he was of the coherence of their reasoning. His contributions to the analysis of the foundations of conflict and cooperation, to the study of forms of resistance and consent on the part of employees, to the understanding of multinational firms and to the development of comparative industrial relations research have sparked a whole generation of younger scholars.<br><br><strong><strong>Pierre Verge\u00a0<\/strong><\/strong>was an Emeritus professor at the Faculty of Law, Universit\u00e9 Laval, and a co-founder of CRIMT. A true humanist and a rigorous scholar, through his prodigious body of work, he helped to establish labour law within the larger field of law, while emphasizing its universality and fundamental importance. His efforts to understand the transformations of labour law, notably through his interdisciplinary work within CRIMT, highlight the multiplication of sources and norms of regulation and the re-articulations between them \u2013 always with the objective of developing a coherent legal doctrine in synch with the realities of the world of work.<\/p>\n\n<p class=\"fonts-plugin-block \" style=\"font-size: 19px;line-height: 1.5\">The <strong>Jacques-B\u00e9langer CRIMT Scholarship<\/strong> supports\u00a0full-time graduate students in Quebec universities whose masters&#8217; or doctoral dissertations involve cutting-edge research on major trends in work and employment. More particularly, the Scholarship is aimed at students whose work deals with\u00a0<em>the study of actors in multinational companies or the organization of work, with a preference for those involving an ethnographic approach or a research stay abroad.<\/em><br><br>The <strong>Pierre-Verge CRIMT Scholarship<\/strong> supports\u00a0full-time graduate students in Quebec universities whose masters&#8217; or doctoral dissertations involve cutting-edge research on major trends in work and employment. More particularly, the Scholarship is aimed at students whose work deals with\u00a0<em>collective autonomy, international labour law, or the articulation of sources of labour law, with a preference for those integrating work from the social and human sciences in the analysis of the legal regulation of labour.<\/em><br><br>The <strong>Jacques-B\u00e9langer and Pierre-Verge CRIMT Scholarships<\/strong> support full-time graduate students in Quebec universities whose masters\u2019 or doctoral dissertations fits within the research program of the Interuniversity Research Centre on Globalization and Work.<\/p>\n\n\n<div style=\"height:20px\" aria-hidden=\"true\" class=\"wp-block-spacer\"><\/div>\n\n\n<p class=\"fonts-plugin-block \" style=\"font-size: 20px\"><strong>1. <span class=\"has-inline-color has-black-color\">AWARD RECIPIENTS<\/span><\/strong><\/p>\n\n\n<div style=\"height:25px\" aria-hidden=\"true\" class=\"wp-block-spacer\"><\/div>\n\n\n\n<figure class=\"wp-block-image size-large is-resized\"><img loading=\"lazy\" decoding=\"async\" width=\"588\" height=\"110\" src=\"http:\/\/www.crimt.net\/wp-content\/uploads\/2022\/02\/Titre-Belanger_3_EN.png\" alt=\"\" class=\"wp-image-11630\" style=\"width:420px;height:79px\" srcset=\"https:\/\/www.crimt.net\/wp-content\/uploads\/2022\/02\/Titre-Belanger_3_EN.png 588w, https:\/\/www.crimt.net\/wp-content\/uploads\/2022\/02\/Titre-Belanger_3_EN-300x56.png 300w\" sizes=\"auto, (max-width: 588px) 100vw, 588px\" \/><\/figure>\n\n\n\n<div style=\"height:25px\" aria-hidden=\"true\" class=\"wp-block-spacer\"><\/div>\n\n\n\n<div class=\"wp-block-columns is-layout-flex wp-container-core-columns-is-layout-9d6595d7 wp-block-columns-is-layout-flex\">\n<div class=\"wp-block-column is-layout-flow wp-block-column-is-layout-flow\" style=\"flex-basis:82%\"><p class=\"fonts-plugin-block \" style=\"font-size: 18px;line-height: 1.7;text-align: left\">(2021) <strong>Laurence Leduc-Hebert<\/strong>, PhD student, Universit\u00e9 Laval<br>(2022) <strong>Kai-Hsin Hung<\/strong>, PhD student, HEC Montr\u00e9al<br>(2023) <b>Ya Gao<\/b>, PhD student, Universit\u00e9 de Montr\u00e9al<br>(2024) <strong>Audrey Blanchette<\/strong>, MA Candidate,\u00a0\u00a0\u00a0<br>Universit\u00e9 Laval\u00a0<\/p><\/div>\n\n\n\n<div class=\"wp-block-column is-layout-flow wp-block-column-is-layout-flow\" style=\"flex-basis:60%\"><div class=\"wp-block-image\">\n<figure class=\"alignright size-full\"><img loading=\"lazy\" decoding=\"async\" width=\"1024\" height=\"188\" src=\"https:\/\/www.crimt.net\/wp-content\/uploads\/2025\/03\/Leduc-Hebert3_3.png\" alt=\"\" class=\"wp-image-21012\" srcset=\"https:\/\/www.crimt.net\/wp-content\/uploads\/2025\/03\/Leduc-Hebert3_3.png 1024w, https:\/\/www.crimt.net\/wp-content\/uploads\/2025\/03\/Leduc-Hebert3_3-300x55.png 300w, https:\/\/www.crimt.net\/wp-content\/uploads\/2025\/03\/Leduc-Hebert3_3-768x141.png 768w, https:\/\/www.crimt.net\/wp-content\/uploads\/2025\/03\/Leduc-Hebert3_3-795x146.png 795w\" sizes=\"auto, (max-width: 1024px) 100vw, 1024px\" \/><\/figure>\n<\/div><\/div>\n<\/div>\n\n\n\n<div style=\"height:10px\" aria-hidden=\"true\" class=\"wp-block-spacer\"><\/div>\n\n\n<p class=\"fonts-plugin-block \" style=\"font-size: 20px;line-height: 1.5;color: #000000\"><strong><a href=\"https:\/\/www.crimt.net\/en\/la-bourse-jacques-belanger-du-crimt-recipiendaires\/\" target=\"_blank\" rel=\"noreferrer noopener\"><span class=\"has-inline-color has-black-color\"><span style=\"text-decoration: underline\">SEE THE DETAILS<\/span><\/span><\/a><span class=\"has-inline-color has-black-color\"> <strong><strong>OF THE PROJECTS FUNDED TO DATE<\/strong><\/strong><\/span><\/strong><\/p>\n\n<p class=\"fonts-plugin-block \" style=\"font-size: 20px;line-height: 1.5\"><strong><a href=\"https:\/\/www.crimt.net\/en\/la-bourse-jacques-belanger-du-crimt\/\" target=\"_blank\" rel=\"noreferrer noopener\"><span class=\"has-inline-color has-black-color\"><span style=\"text-decoration: underline\">TO LEARN MORE<\/span><\/span><\/a><span class=\"has-inline-color has-black-color\"> <strong><strong>ABOUT THIS INITIATIVE<\/strong><\/strong><\/span><\/strong><\/p>\n\n\n<div style=\"height:40px\" aria-hidden=\"true\" class=\"wp-block-spacer\"><\/div>\n\n\n\n<hr class=\"wp-block-separator has-text-color has-css-opacity has-background is-style-wide\" style=\"background-color:#626d71;color:#626d71\"\/>\n\n\n\n<div style=\"height:60px\" aria-hidden=\"true\" class=\"wp-block-spacer\"><\/div>\n\n\n\n<figure class=\"wp-block-image size-large is-resized\"><img loading=\"lazy\" decoding=\"async\" width=\"513\" height=\"110\" src=\"http:\/\/www.crimt.net\/wp-content\/uploads\/2022\/02\/Titre-Verge_4_EN.png\" alt=\"\" class=\"wp-image-11564\" style=\"width:382px;height:82px\" srcset=\"https:\/\/www.crimt.net\/wp-content\/uploads\/2022\/02\/Titre-Verge_4_EN.png 513w, https:\/\/www.crimt.net\/wp-content\/uploads\/2022\/02\/Titre-Verge_4_EN-300x64.png 300w\" sizes=\"auto, (max-width: 513px) 100vw, 513px\" \/><\/figure>\n\n\n\n<div style=\"height:25px\" aria-hidden=\"true\" class=\"wp-block-spacer\"><\/div>\n\n\n\n<div class=\"wp-block-columns is-layout-flex wp-container-core-columns-is-layout-9d6595d7 wp-block-columns-is-layout-flex\">\n<div class=\"wp-block-column is-layout-flow wp-block-column-is-layout-flow\" style=\"flex-basis:82%\"><p class=\"fonts-plugin-block \" style=\"font-size: 18px;line-height: 1.7;text-align: left\">(2021) <strong>S\u00e9bastien Parent<\/strong>, PhD student, Universit\u00e9 de Montr\u00e9al<br>(2022) <strong>Majda Lamkhioued<\/strong>, PhD student, Universit\u00e9 de Montr\u00e9al<br>(2023) <strong>Alexandre Jett\u00e9<\/strong>, PhD student, Universit\u00e9 de Montr\u00e9al<br>(2024) <strong>Genevi\u00e8ve Richard<\/strong>, PhD student, UQAM<\/p><\/div>\n\n\n\n<div class=\"wp-block-column is-layout-flow wp-block-column-is-layout-flow\" style=\"flex-basis:60%\"><div class=\"wp-block-image\">\n<figure class=\"alignright size-full\"><img loading=\"lazy\" decoding=\"async\" width=\"1024\" height=\"188\" src=\"https:\/\/www.crimt.net\/wp-content\/uploads\/2025\/03\/Parent7-1_3.png\" alt=\"\" class=\"wp-image-21019\" srcset=\"https:\/\/www.crimt.net\/wp-content\/uploads\/2025\/03\/Parent7-1_3.png 1024w, https:\/\/www.crimt.net\/wp-content\/uploads\/2025\/03\/Parent7-1_3-300x55.png 300w, https:\/\/www.crimt.net\/wp-content\/uploads\/2025\/03\/Parent7-1_3-768x141.png 768w, https:\/\/www.crimt.net\/wp-content\/uploads\/2025\/03\/Parent7-1_3-795x146.png 795w\" sizes=\"auto, (max-width: 1024px) 100vw, 1024px\" \/><\/figure>\n<\/div><\/div>\n<\/div>\n\n\n\n<div style=\"height:10px\" aria-hidden=\"true\" class=\"wp-block-spacer\"><\/div>\n\n\n\n<h1 class=\"wp-block-heading\" id=\"Support\"><\/h1>\n\n\n<p class=\"fonts-plugin-block \" style=\"font-size: 20px;line-height: 1.5;color: #000000\"><strong><a href=\"https:\/\/www.crimt.net\/en\/la-bourse-pierre-verge-du-crimt-recipiendaires\/\" target=\"_blank\" rel=\"noreferrer noopener\"><span class=\"has-inline-color has-black-color\"><span style=\"text-decoration: underline\">SEE THE DETAILS<\/span><\/span><\/a><span class=\"has-inline-color has-black-color\"> <strong><strong>OF THE PROJECTS FUNDED TO DATE<\/strong><\/strong><\/span><\/strong><\/p>\n\n<p class=\"fonts-plugin-block \" style=\"font-size: 20px;line-height: 1.5\"><strong><a href=\"https:\/\/www.crimt.net\/en\/la-bourse-pierre-verge-du-crimt\/\" target=\"_blank\" rel=\"noreferrer noopener\"><span class=\"has-inline-color has-black-color\"><span style=\"text-decoration: underline\">TO LEARN MORE<\/span><\/span><\/a><span class=\"has-inline-color has-black-color\"> <strong><strong>ABOUT THIS INITIATIVE<\/strong><\/strong><\/span><\/strong><\/p>\n\n\n<div style=\"height:40px\" aria-hidden=\"true\" class=\"wp-block-spacer\"><\/div>\n\n\n\n<div style=\"height:20px\" aria-hidden=\"true\" class=\"wp-block-spacer\"><\/div>\n\n\n<h1 class=\"fonts-plugin-block \" style=\"font-size: 20px;line-height: 1.5\"><strong>2. <strong><span class=\"has-inline-color has-black-color\">SUPPORT<\/span><\/strong><\/strong><span class=\"has-inline-color has-black-color\"><strong><strong> THESE TWO SCHOLARSHIP INITIATIVES BY MAKING A DONATION TO THE JACQUES-B\u00c9LANGER AND PIERRE-VERGE CRIMT SCHOLARSHIP PROGRAMS<\/strong><\/strong><\/span><\/h1>\n\n\n<div style=\"height:20px\" aria-hidden=\"true\" class=\"wp-block-spacer\"><\/div>\n\n\n<p class=\"fonts-plugin-block \" style=\"font-size: 19px;line-height: 1.5\">Financial contributions will allow the attribution of two distinct scholarships, each with its own vocation. It is possible to contribute at Universit\u00e9 Laval, Universit\u00e9 de Montr\u00e9al or HEC Montr\u00e9al.<\/p>\n\n\n<div style=\"height:36px\" aria-hidden=\"true\" class=\"wp-block-spacer\"><\/div>\n\n\n\n<div class=\"wp-block-columns is-layout-flex wp-container-core-columns-is-layout-9d6595d7 wp-block-columns-is-layout-flex\">\n<div class=\"wp-block-column is-layout-flow wp-block-column-is-layout-flow\" style=\"flex-basis:55%\">\n<div class=\"wp-block-buttons is-layout-flex wp-block-buttons-is-layout-flex\">\n<div class=\"wp-block-button has-custom-width wp-block-button__width-100\"><a class=\"wp-block-button__link has-background wp-element-button\" href=\"https:\/\/can01.safelinks.protection.outlook.com\/?url=https%3A%2F%2Fsecure3.convio.net%2Fulaval%2Fsite%2FDonation2%3F1400.donation%3Dform1%26df_id%3D1400%26uactv%3D1%26utype%3D1175%26udesg%3D9583&amp;data=04%7C01%7CFrancine.Jacques%40rlt.ulaval.ca%7C1816fef1fb4d4c145d6c08d9bc1cbc45%7C56778bd56a3f4bd3a26593163e4d5bfe%7C1%7C0%7C637747653859697070%7CUnknown%7CTWFpbGZsb3d8eyJWIjoiMC4wLjAwMDAiLCJQIjoiV2luMzIiLCJBTiI6Ik1haWwiLCJXVCI6Mn0%3D%7C3000&amp;sdata=G77l4RPZGJpePgKz3jlpYnf1OHYaVYh0EdZHBGoRj9g%3D&amp;reserved=0\" style=\"background-color:#ff7600\" target=\"_blank\" rel=\"noreferrer noopener\"><mark style=\"background-color:rgba(0, 0, 0, 0)\" class=\"has-inline-color has-white-color\">Make a donation at Universit\u00e9 Laval<\/mark><\/a><\/div>\n<\/div>\n<\/div>\n\n\n\n<div class=\"wp-block-column is-layout-flow wp-block-column-is-layout-flow\" style=\"flex-basis:70%\"><p class=\"fonts-plugin-block \" style=\"font-size: 17px;line-height: 1.3\">The &#8220;Make a donation to Universit\u00e9 Laval&#8221; button leads to a <a rel=\"noreferrer noopener\" href=\"https:\/\/can01.safelinks.protection.outlook.com\/?url=https%3A%2F%2Fsecure3.convio.net%2Fulaval%2Fsite%2FDonation2%3F1400.donation%3Dform1%26df_id%3D1400%26uactv%3D1%26utype%3D1175%26udesg%3D9583&amp;data=04%7C01%7CFrancine.Jacques%40rlt.ulaval.ca%7C1816fef1fb4d4c145d6c08d9bc1cbc45%7C56778bd56a3f4bd3a26593163e4d5bfe%7C1%7C0%7C637747653859697070%7CUnknown%7CTWFpbGZsb3d8eyJWIjoiMC4wLjAwMDAiLCJQIjoiV2luMzIiLCJBTiI6Ik1haWwiLCJXVCI6Mn0%3D%7C3000&amp;sdata=G77l4RPZGJpePgKz3jlpYnf1OHYaVYh0EdZHBGoRj9g%3D&amp;reserved=0\" target=\"_blank\"><span style=\"text-decoration: underline\">dedicated website<\/span><\/a> (<strong>available in French only<\/strong>) on which one can make a secure online donation (by credit card). On the first &#8220;Donation Information&#8221; page (Information sur le don), the &#8220;D\u00e9veloppement soci\u00e9tal \/ FRE relations industrielles \u2013 Fonds de soutien CRIMT&#8221; donation selection (Votre s\u00e9lection) is already made. Indicate the amount of your donation in the box provided, then choose the option of a one-time donation (Don unique) or a recurring donation (Don r\u00e9current). On the second page, enter your credit card payment information.<br><br>It is also possible to make a donation <a rel=\"noreferrer noopener\" href=\"http:\/\/www.crimt.net\/Files\/Jacques-Belanger_Pierre_Verge_CRIMT_Scholarship_Fund_Donation_Form_Universite_Laval.pdf\" target=\"_blank\"><span style=\"text-decoration: underline\">by form<\/span><\/a> (PDF from, filled on screen). Once completed, you can either send it by email to the attention of <a href=\"mailto:france.philibert@ful.ulaval.ca\"><span style=\"text-decoration: underline\">France Philibert<\/span><\/a>, Director of Philanthropic Development at the Faculty of Social Sciences of Universit\u00e9 Laval, or print it and send it by mail to the address at the bottom of the form.<\/p><\/div>\n<\/div>\n\n\n\n<div class=\"wp-block-columns is-layout-flex wp-container-core-columns-is-layout-9d6595d7 wp-block-columns-is-layout-flex\">\n<div class=\"wp-block-column is-layout-flow wp-block-column-is-layout-flow\" style=\"flex-basis:55%\">\n<div class=\"wp-block-buttons is-layout-flex wp-block-buttons-is-layout-flex\">\n<div class=\"wp-block-button has-custom-width wp-block-button__width-100\"><a class=\"wp-block-button__link has-background wp-element-button\" href=\"http:\/\/www.crimt.net\/Files\/Jacques-Belanger_Pierre_Verge_CRIMT_Scholarship_Fund_Donation_Form.pdf\" style=\"background-color:#ff7600\" target=\"_blank\" rel=\"noreferrer noopener\"><mark style=\"background-color:rgba(0, 0, 0, 0)\" class=\"has-inline-color has-white-color\">Make a donation at Universit\u00e9 de Montr\u00e9al<\/mark><\/a><\/div>\n<\/div>\n\n\n\n<p><\/p>\n<\/div>\n\n\n\n<div class=\"wp-block-column is-layout-flow wp-block-column-is-layout-flow\" style=\"flex-basis:70%\"><p class=\"fonts-plugin-block \" style=\"font-size: 17px;line-height: 1.3\">The &#8220;Make a donation to Universit\u00e9 de Montr\u00e9al&#8221; button leads to a PDF form that can be downloaded, printed, and then filled out by hand. Once completed, you can either scan it and send it by email to the attention of <a href=\"mailto:soledad.cardona-maldonado@umontreal.ca\"><span class=\"has-inline-color has-black-color\"><span style=\"text-decoration: underline\">Soledad Cardona-Maldonado<\/span><\/span><\/a>, CRIMT&#8217;s Administrative Coordinator, or send it by mail to the address at the bottom of the form. It is also possible to make a donation by phone by dialing <span class=\"has-inline-color has-black-color\">514 343-2110<\/span>.<\/p><\/div>\n<\/div>\n\n\n\n<div class=\"wp-block-columns is-layout-flex wp-container-core-columns-is-layout-9d6595d7 wp-block-columns-is-layout-flex\">\n<div class=\"wp-block-column is-layout-flow wp-block-column-is-layout-flow\" style=\"flex-basis:55%\">\n<div class=\"wp-block-buttons is-layout-flex wp-block-buttons-is-layout-flex\">\n<div class=\"wp-block-button has-custom-width wp-block-button__width-100\"><a class=\"wp-block-button__link has-background wp-element-button\" href=\"mailto: oana-mihaela.zaharia@hec.ca\" style=\"background-color:#ff7600\"><mark style=\"background-color:rgba(0, 0, 0, 0)\" class=\"has-inline-color has-white-color\">Make a donation at HEC Montr\u00e9al<\/mark><\/a><\/div>\n<\/div>\n\n\n\n<p><\/p>\n<\/div>\n\n\n\n<div class=\"wp-block-column is-layout-flow wp-block-column-is-layout-flow\" style=\"flex-basis:70%\"><p class=\"fonts-plugin-block \" style=\"font-size: 17px;line-height: 1.3\">You can contact the HEC Montr\u00e9al Foundation to make a donation by credit card. The &#8220;Make a donation at HEC Montr\u00e9al&#8221; button points to the email address of Ms. Oana Mihaela Zaharia, administrative assistant to the director. She can also be reached by phone at 514 340-5609.<br><br>Those who prefer to send a cheque to the HEC Montr\u00e9al Foundation should send it to the Direction de la Fondation HEC Montr\u00e9al et des relations avec les dipl\u00f4m\u00e9s, 3000, chemin de la C\u00f4te-Sainte-Catherine, Montr\u00e9al (Qu\u00e9bec) H3T 2A7.<\/p><\/div>\n<\/div>\n","protected":false},"excerpt":{"rendered":"<p>3. SEE THE DETAILS OF [&hellip;]<\/p>\n","protected":false},"author":1,"featured_media":0,"parent":0,"menu_order":0,"comment_status":"closed","ping_status":"closed","template":"page-templates\/template_fullwidth.php","meta":{"footnotes":""},"class_list":["post-6053","page","type-page","status-publish","hentry"],"_links":{"self":[{"href":"https:\/\/www.crimt.net\/en\/wp-json\/wp\/v2\/pages\/6053","targetHints":{"allow":["GET"]}}],"collection":[{"href":"https:\/\/www.crimt.net\/en\/wp-json\/wp\/v2\/pages"}],"about":[{"href":"https:\/\/www.crimt.net\/en\/wp-json\/wp\/v2\/types\/page"}],"author":[{"embeddable":true,"href":"https:\/\/www.crimt.net\/en\/wp-json\/wp\/v2\/users\/1"}],"replies":[{"embeddable":true,"href":"https:\/\/www.crimt.net\/en\/wp-json\/wp\/v2\/comments?post=6053"}],"version-history":[{"count":134,"href":"https:\/\/www.crimt.net\/en\/wp-json\/wp\/v2\/pages\/6053\/revisions"}],"predecessor-version":[{"id":22019,"href":"https:\/\/www.crimt.net\/en\/wp-json\/wp\/v2\/pages\/6053\/revisions\/22019"}],"wp:attachment":[{"href":"https:\/\/www.crimt.net\/en\/wp-json\/wp\/v2\/media?parent=6053"}],"curies":[{"name":"wp","href":"https:\/\/api.w.org\/{rel}","templated":true}]}}