{"id":6687,"date":"2020-09-28T14:40:41","date_gmt":"2020-09-28T14:40:41","guid":{"rendered":"http:\/\/www.crimt.net\/numeros-thematiques\/"},"modified":"2025-02-06T20:28:16","modified_gmt":"2025-02-06T20:28:16","slug":"numeros-thematiques","status":"publish","type":"page","link":"https:\/\/www.crimt.net\/en\/numeros-thematiques\/","title":{"rendered":"Special Issues"},"content":{"rendered":"\n<div style=\"height:40px\" aria-hidden=\"true\" class=\"wp-block-spacer\"><\/div>\n\n\n\n<p style=\"font-size:32px\"><strong>Forthcoming<\/strong><\/p>\n\n\n\n<div style=\"height:30px\" aria-hidden=\"true\" class=\"wp-block-spacer\"><\/div>\n\n\n\n<figure class=\"wp-block-gallery has-nested-images columns-3 is-cropped wp-block-gallery-1 is-layout-flex wp-block-gallery-is-layout-flex\">\n<figure class=\"wp-block-image size-large\"><img loading=\"lazy\" decoding=\"async\" width=\"600\" height=\"927\" data-id=\"7003\" src=\"https:\/\/www.crimt.net\/wp-content\/uploads\/2020\/11\/ILRREVIEW.jpg\" alt=\"\" class=\"wp-image-7003\" srcset=\"https:\/\/www.crimt.net\/wp-content\/uploads\/2020\/11\/ILRREVIEW.jpg 600w, https:\/\/www.crimt.net\/wp-content\/uploads\/2020\/11\/ILRREVIEW-194x300.jpg 194w\" sizes=\"auto, (max-width: 600px) 100vw, 600px\" \/><\/figure>\n\n\n\n<figure class=\"wp-block-image size-large\"><img loading=\"lazy\" decoding=\"async\" width=\"600\" height=\"927\" data-id=\"10567\" src=\"https:\/\/www.crimt.net\/wp-content\/uploads\/2021\/08\/Spacer2.png\" alt=\"\" class=\"wp-image-10567\" srcset=\"https:\/\/www.crimt.net\/wp-content\/uploads\/2021\/08\/Spacer2.png 600w, https:\/\/www.crimt.net\/wp-content\/uploads\/2021\/08\/Spacer2-194x300.png 194w\" sizes=\"auto, (max-width: 600px) 100vw, 600px\" \/><\/figure>\n\n\n\n<figure class=\"wp-block-image size-large\"><img loading=\"lazy\" decoding=\"async\" width=\"600\" height=\"927\" data-id=\"10567\" src=\"https:\/\/www.crimt.net\/wp-content\/uploads\/2021\/08\/Spacer2.png\" alt=\"\" class=\"wp-image-10567\" srcset=\"https:\/\/www.crimt.net\/wp-content\/uploads\/2021\/08\/Spacer2.png 600w, https:\/\/www.crimt.net\/wp-content\/uploads\/2021\/08\/Spacer2-194x300.png 194w\" sizes=\"auto, (max-width: 600px) 100vw, 600px\" \/><\/figure>\n<\/figure>\n\n\n\n<div style=\"height:70px\" aria-hidden=\"true\" class=\"wp-block-spacer\"><\/div>\n\n\n\n<div class=\"wp-block-columns are-vertically-aligned-top is-layout-flex wp-container-core-columns-is-layout-9d6595d7 wp-block-columns-is-layout-flex\">\n<div class=\"wp-block-column is-vertically-aligned-top is-layout-flow wp-block-column-is-layout-flow\" style=\"flex-basis:27.5%\"><div class=\"wp-block-image\">\n<figure class=\"alignleft size-large\"><img loading=\"lazy\" decoding=\"async\" width=\"600\" height=\"927\" src=\"http:\/\/www.crimt.net\/wp-content\/uploads\/2020\/11\/ILRREVIEW.jpg\" alt=\"\" class=\"wp-image-7002\" srcset=\"https:\/\/www.crimt.net\/wp-content\/uploads\/2020\/11\/ILRREVIEW.jpg 600w, https:\/\/www.crimt.net\/wp-content\/uploads\/2020\/11\/ILRREVIEW-194x300.jpg 194w\" sizes=\"auto, (max-width: 600px) 100vw, 600px\" \/><\/figure>\n<\/div>\n\n\n<p><\/p>\n<\/div>\n\n\n\n<div class=\"wp-block-column is-vertically-aligned-top is-layout-flow wp-block-column-is-layout-flow\" style=\"flex-basis:85%\">\n<p style=\"font-size:32px\"><strong><strong><span style=\"color:#ede4ce\" class=\"has-inline-color\">2022<\/span><\/strong><\/strong><\/p>\n\n\n\n<p style=\"font-size:24px\"><strong><strong><strong><strong><span class=\"has-inline-color has-black-color\">ILR Review<\/span><\/strong><\/strong><\/strong><\/strong><\/p>\n\n\n<p class=\"fonts-plugin-block \" style=\"font-size: 19px;line-height: 1.5\"><strong>Guest Editors:<\/strong><span class=\"has-inline-color has-black-color\"> <\/span><strong>Roland Erne <\/strong>(University College Dublin), <strong>Marco Hauptmeier <\/strong>(Cardiff University), <strong>Valeria Pulignano <\/strong>(KU Leuven), <strong>and Peter Turnbull <\/strong>(University of Bristol)<\/p>\n\n<p class=\"fonts-plugin-block \" style=\"font-size: 19px;line-height: 1.5\"><span style=\"color:#386568\" class=\"has-inline-color\">Transnational Employment Relations in the European Union<\/span><\/p>\n\n<p class=\"fonts-plugin-block \" style=\"font-size: 17px;line-height: 1.5\">The&nbsp;<em>ILR Review&nbsp;<\/em>invites submissions for a conference and subsequent special issue devoted to transnational employment relations in the European Union (EU).<\/p>\n\n<p class=\"fonts-plugin-block \" style=\"font-size: 17px;line-height: 1.5\">The aim of the special issue is to examine the actors, processes, and outcomes of transnational employment relations in the EU, including the impact of EU interventions on employment relations within and across member states, as well as the effects of countervailing collective action on the European integration process.<\/p>\n\n<p class=\"fonts-plugin-block \" style=\"font-size: 17px;line-height: 1.5\">Articles are invited for the special issue that deal with any aspect of transnational employment relations in the EU before, during, and after the COVID-19 pandemic. Such topics might include current research on actors, processes, policies, and outcomes of European employment relations. Contributions may be quantitative or qualitative empirical studies but can also address transnational employment relations in the EU from a historical and\/or comparative perspective. Thus, the special issue aims to sample leading research in the field and spell out possibilities for future research.<\/p>\n\n<p class=\"fonts-plugin-block \" style=\"font-size: 17px;line-height: 1.5\">Scholars interested in participating in this conference and special issue should submit an extended abstract of 4 to 5 pages (up to 2,500 words) by <strong>June 15, 2021<\/strong>, to <a href=\"mailto:valeria.pulignano@kuleuven.be\"><span class=\"has-inline-color has-black-color\"><span style=\"text-decoration: underline\">Valeria Pulignano<\/span><\/span><\/a>.<\/p>\n\n\n<div style=\"height:20px\" aria-hidden=\"true\" class=\"wp-block-spacer\"><\/div>\n\n\n\n<p><a rel=\"noreferrer noopener\" href=\"https:\/\/www.ilr.cornell.edu\/ilr-review\" target=\"_blank\"><img loading=\"lazy\" decoding=\"async\" width=\"40\" height=\"40\" class=\"wp-image-5396\" style=\"width: 40px;\" src=\"http:\/\/www.crimt.net\/wp-content\/uploads\/2020\/11\/WWW6.png\" alt=\"\" srcset=\"https:\/\/www.crimt.net\/wp-content\/uploads\/2020\/11\/WWW6.png 650w, https:\/\/www.crimt.net\/wp-content\/uploads\/2020\/11\/WWW6-300x300.png 300w, https:\/\/www.crimt.net\/wp-content\/uploads\/2020\/11\/WWW6-150x150.png 150w, https:\/\/www.crimt.net\/wp-content\/uploads\/2020\/11\/WWW6-360x360.png 360w\" sizes=\"auto, (max-width: 40px) 100vw, 40px\" \/><\/a><img loading=\"lazy\" decoding=\"async\" width=\"40\" height=\"40\" class=\"wp-image-2021\" style=\"width: 40px;\" src=\"http:\/\/www.crimt.net\/wp-content\/uploads\/2020\/10\/Call2.png\" alt=\"\" srcset=\"https:\/\/www.crimt.net\/wp-content\/uploads\/2020\/10\/Call2.png 1222w, https:\/\/www.crimt.net\/wp-content\/uploads\/2020\/10\/Call2-300x300.png 300w, https:\/\/www.crimt.net\/wp-content\/uploads\/2020\/10\/Call2-1024x1024.png 1024w, https:\/\/www.crimt.net\/wp-content\/uploads\/2020\/10\/Call2-150x150.png 150w, https:\/\/www.crimt.net\/wp-content\/uploads\/2020\/10\/Call2-768x768.png 768w, https:\/\/www.crimt.net\/wp-content\/uploads\/2020\/10\/Call2-795x795.png 795w, https:\/\/www.crimt.net\/wp-content\/uploads\/2020\/10\/Call2-360x360.png 360w\" sizes=\"auto, (max-width: 40px) 100vw, 40px\" \/><img loading=\"lazy\" decoding=\"async\" width=\"5\" height=\"5\" class=\"wp-image-5503\" style=\"width: 5px;\" src=\"http:\/\/www.crimt.net\/wp-content\/uploads\/2020\/11\/Spacer.png\" alt=\"\"><a rel=\"noreferrer noopener\" href=\"http:\/\/www.crimt.net\/Files\/ILRR_Call_for_Papers_ER_special_Issue.pdf\" target=\"_blank\"><span class=\"has-inline-color has-black-color\"><span style=\"text-decoration: underline;\">Download the call for papers<\/span><\/span><\/a> [Closed]<\/p>\n<\/div>\n<\/div>\n\n\n\n<div style=\"height:70px\" aria-hidden=\"true\" class=\"wp-block-spacer\"><\/div>\n\n\n\n<p style=\"font-size:32px\"><strong>Published<\/strong><\/p>\n\n\n\n<div style=\"height:30px\" aria-hidden=\"true\" class=\"wp-block-spacer\"><\/div>\n\n\n\n<figure class=\"wp-block-gallery has-nested-images columns-6 is-cropped wp-block-gallery-2 is-layout-flex wp-block-gallery-is-layout-flex\">\n<figure class=\"wp-block-image size-large\"><img loading=\"lazy\" decoding=\"async\" width=\"600\" height=\"854\" data-id=\"10595\" src=\"https:\/\/www.crimt.net\/wp-content\/uploads\/2021\/08\/TR20213.jpg\" alt=\"\" class=\"wp-image-10595\" srcset=\"https:\/\/www.crimt.net\/wp-content\/uploads\/2021\/08\/TR20213.jpg 600w, https:\/\/www.crimt.net\/wp-content\/uploads\/2021\/08\/TR20213-211x300.jpg 211w\" sizes=\"auto, (max-width: 600px) 100vw, 600px\" \/><\/figure>\n\n\n\n<figure class=\"wp-block-image size-large\"><img loading=\"lazy\" decoding=\"async\" width=\"600\" height=\"927\" data-id=\"10581\" src=\"https:\/\/www.crimt.net\/wp-content\/uploads\/2021\/08\/BJIR4.jpg\" alt=\"\" class=\"wp-image-10581\" srcset=\"https:\/\/www.crimt.net\/wp-content\/uploads\/2021\/08\/BJIR4.jpg 600w, https:\/\/www.crimt.net\/wp-content\/uploads\/2021\/08\/BJIR4-194x300.jpg 194w\" sizes=\"auto, (max-width: 600px) 100vw, 600px\" \/><\/figure>\n\n\n\n<figure class=\"wp-block-image size-large\"><img loading=\"lazy\" decoding=\"async\" width=\"600\" height=\"927\" data-id=\"9987\" src=\"https:\/\/www.crimt.net\/wp-content\/uploads\/2021\/05\/Hammer_NT.jpg\" alt=\"\" class=\"wp-image-9987\" srcset=\"https:\/\/www.crimt.net\/wp-content\/uploads\/2021\/05\/Hammer_NT.jpg 600w, https:\/\/www.crimt.net\/wp-content\/uploads\/2021\/05\/Hammer_NT-194x300.jpg 194w\" sizes=\"auto, (max-width: 600px) 100vw, 600px\" \/><\/figure>\n\n\n\n<figure class=\"wp-block-image size-large\"><img loading=\"lazy\" decoding=\"async\" width=\"600\" height=\"927\" data-id=\"9871\" src=\"https:\/\/www.crimt.net\/wp-content\/uploads\/2021\/04\/International_Migration.jpg\" alt=\"\" class=\"wp-image-9871\" srcset=\"https:\/\/www.crimt.net\/wp-content\/uploads\/2021\/04\/International_Migration.jpg 600w, https:\/\/www.crimt.net\/wp-content\/uploads\/2021\/04\/International_Migration-194x300.jpg 194w\" sizes=\"auto, (max-width: 600px) 100vw, 600px\" \/><\/figure>\n\n\n\n<figure class=\"wp-block-image size-large\"><img loading=\"lazy\" decoding=\"async\" width=\"600\" height=\"927\" data-id=\"7003\" src=\"https:\/\/www.crimt.net\/wp-content\/uploads\/2020\/11\/ILRREVIEW.jpg\" alt=\"\" class=\"wp-image-7003\" srcset=\"https:\/\/www.crimt.net\/wp-content\/uploads\/2020\/11\/ILRREVIEW.jpg 600w, https:\/\/www.crimt.net\/wp-content\/uploads\/2020\/11\/ILRREVIEW-194x300.jpg 194w\" sizes=\"auto, (max-width: 600px) 100vw, 600px\" \/><\/figure>\n\n\n\n<figure class=\"wp-block-image size-large\"><img loading=\"lazy\" decoding=\"async\" width=\"600\" height=\"927\" data-id=\"4679\" src=\"https:\/\/www.crimt.net\/wp-content\/uploads\/2020\/10\/RI-IR2.jpg\" alt=\"\" class=\"wp-image-4679\" srcset=\"https:\/\/www.crimt.net\/wp-content\/uploads\/2020\/10\/RI-IR2.jpg 600w, https:\/\/www.crimt.net\/wp-content\/uploads\/2020\/10\/RI-IR2-194x300.jpg 194w\" sizes=\"auto, (max-width: 600px) 100vw, 600px\" \/><\/figure>\n\n\n\n<figure class=\"wp-block-image size-large\"><img loading=\"lazy\" decoding=\"async\" width=\"600\" height=\"928\" data-id=\"9890\" src=\"https:\/\/www.crimt.net\/wp-content\/uploads\/2021\/04\/HRMJ2.jpg\" alt=\"\" class=\"wp-image-9890\" srcset=\"https:\/\/www.crimt.net\/wp-content\/uploads\/2021\/04\/HRMJ2.jpg 600w, https:\/\/www.crimt.net\/wp-content\/uploads\/2021\/04\/HRMJ2-194x300.jpg 194w\" sizes=\"auto, (max-width: 600px) 100vw, 600px\" \/><\/figure>\n\n\n\n<figure class=\"wp-block-image size-large\"><img loading=\"lazy\" decoding=\"async\" width=\"600\" height=\"927\" data-id=\"4744\" src=\"https:\/\/www.crimt.net\/wp-content\/uploads\/2020\/10\/CLL9.jpg\" alt=\"\" class=\"wp-image-4744\" srcset=\"https:\/\/www.crimt.net\/wp-content\/uploads\/2020\/10\/CLL9.jpg 600w, https:\/\/www.crimt.net\/wp-content\/uploads\/2020\/10\/CLL9-194x300.jpg 194w\" sizes=\"auto, (max-width: 600px) 100vw, 600px\" \/><\/figure>\n\n\n\n<figure class=\"wp-block-image size-large\"><img loading=\"lazy\" decoding=\"async\" width=\"600\" height=\"927\" data-id=\"9442\" src=\"https:\/\/www.crimt.net\/wp-content\/uploads\/2021\/02\/DRS.jpg\" alt=\"\" class=\"wp-image-9442\" srcset=\"https:\/\/www.crimt.net\/wp-content\/uploads\/2021\/02\/DRS.jpg 600w, https:\/\/www.crimt.net\/wp-content\/uploads\/2021\/02\/DRS-194x300.jpg 194w\" sizes=\"auto, (max-width: 600px) 100vw, 600px\" \/><\/figure>\n\n\n\n<figure class=\"wp-block-image size-large\"><img loading=\"lazy\" decoding=\"async\" width=\"600\" height=\"927\" data-id=\"6789\" src=\"https:\/\/www.crimt.net\/wp-content\/uploads\/2020\/11\/ILR.jpg\" alt=\"\" class=\"wp-image-6789\" srcset=\"https:\/\/www.crimt.net\/wp-content\/uploads\/2020\/11\/ILR.jpg 600w, https:\/\/www.crimt.net\/wp-content\/uploads\/2020\/11\/ILR-194x300.jpg 194w\" sizes=\"auto, (max-width: 600px) 100vw, 600px\" \/><\/figure>\n\n\n\n<figure class=\"wp-block-image size-large\"><img loading=\"lazy\" decoding=\"async\" width=\"553\" height=\"854\" data-id=\"4681\" src=\"https:\/\/www.crimt.net\/wp-content\/uploads\/2020\/10\/Transfer.jpg\" alt=\"\" class=\"wp-image-4681\" srcset=\"https:\/\/www.crimt.net\/wp-content\/uploads\/2020\/10\/Transfer.jpg 553w, https:\/\/www.crimt.net\/wp-content\/uploads\/2020\/10\/Transfer-194x300.jpg 194w\" sizes=\"auto, (max-width: 553px) 100vw, 553px\" \/><\/figure>\n\n\n\n<figure class=\"wp-block-image size-large\"><img loading=\"lazy\" decoding=\"async\" width=\"600\" height=\"927\" data-id=\"6785\" src=\"https:\/\/www.crimt.net\/wp-content\/uploads\/2020\/11\/AJIL.jpg\" alt=\"\" class=\"wp-image-6785\" srcset=\"https:\/\/www.crimt.net\/wp-content\/uploads\/2020\/11\/AJIL.jpg 600w, https:\/\/www.crimt.net\/wp-content\/uploads\/2020\/11\/AJIL-194x300.jpg 194w\" sizes=\"auto, (max-width: 600px) 100vw, 600px\" \/><\/figure>\n\n\n\n<figure class=\"wp-block-image size-large\"><img loading=\"lazy\" decoding=\"async\" width=\"600\" height=\"928\" data-id=\"4714\" src=\"https:\/\/www.crimt.net\/wp-content\/uploads\/2020\/10\/IJCL-1.jpg\" alt=\"\" class=\"wp-image-4714\" srcset=\"https:\/\/www.crimt.net\/wp-content\/uploads\/2020\/10\/IJCL-1.jpg 600w, https:\/\/www.crimt.net\/wp-content\/uploads\/2020\/10\/IJCL-1-194x300.jpg 194w\" sizes=\"auto, (max-width: 600px) 100vw, 600px\" \/><\/figure>\n\n\n\n<figure class=\"wp-block-image size-large\"><img loading=\"lazy\" decoding=\"async\" width=\"600\" height=\"927\" data-id=\"4683\" src=\"https:\/\/www.crimt.net\/wp-content\/uploads\/2020\/10\/COMPTRASEC2.jpg\" alt=\"\" class=\"wp-image-4683\" srcset=\"https:\/\/www.crimt.net\/wp-content\/uploads\/2020\/10\/COMPTRASEC2.jpg 600w, https:\/\/www.crimt.net\/wp-content\/uploads\/2020\/10\/COMPTRASEC2-194x300.jpg 194w\" sizes=\"auto, (max-width: 600px) 100vw, 600px\" \/><\/figure>\n\n\n\n<figure class=\"wp-block-image size-large\"><img loading=\"lazy\" decoding=\"async\" width=\"600\" height=\"928\" data-id=\"9892\" src=\"https:\/\/www.crimt.net\/wp-content\/uploads\/2021\/04\/HRMJ2-1.jpg\" alt=\"\" class=\"wp-image-9892\" srcset=\"https:\/\/www.crimt.net\/wp-content\/uploads\/2021\/04\/HRMJ2-1.jpg 600w, https:\/\/www.crimt.net\/wp-content\/uploads\/2021\/04\/HRMJ2-1-194x300.jpg 194w\" sizes=\"auto, (max-width: 600px) 100vw, 600px\" \/><\/figure>\n\n\n\n<figure class=\"wp-block-image size-large\"><img loading=\"lazy\" decoding=\"async\" width=\"600\" height=\"927\" data-id=\"4689\" src=\"https:\/\/www.crimt.net\/wp-content\/uploads\/2020\/10\/NRT3.jpg\" alt=\"\" class=\"wp-image-4689\" srcset=\"https:\/\/www.crimt.net\/wp-content\/uploads\/2020\/10\/NRT3.jpg 600w, https:\/\/www.crimt.net\/wp-content\/uploads\/2020\/10\/NRT3-194x300.jpg 194w\" sizes=\"auto, (max-width: 600px) 100vw, 600px\" \/><\/figure>\n\n\n\n<figure class=\"wp-block-image size-large\"><img loading=\"lazy\" decoding=\"async\" width=\"600\" height=\"900\" data-id=\"5084\" src=\"https:\/\/www.crimt.net\/wp-content\/uploads\/2020\/10\/CJLS.jpg\" alt=\"\" class=\"wp-image-5084\" srcset=\"https:\/\/www.crimt.net\/wp-content\/uploads\/2020\/10\/CJLS.jpg 600w, https:\/\/www.crimt.net\/wp-content\/uploads\/2020\/10\/CJLS-200x300.jpg 200w\" sizes=\"auto, (max-width: 600px) 100vw, 600px\" \/><\/figure>\n\n\n\n<figure class=\"wp-block-image size-large\"><img loading=\"lazy\" decoding=\"async\" width=\"600\" height=\"927\" data-id=\"4691\" src=\"https:\/\/www.crimt.net\/wp-content\/uploads\/2020\/10\/COMPTRASEC.jpg\" alt=\"\" class=\"wp-image-4691\" srcset=\"https:\/\/www.crimt.net\/wp-content\/uploads\/2020\/10\/COMPTRASEC.jpg 600w, https:\/\/www.crimt.net\/wp-content\/uploads\/2020\/10\/COMPTRASEC-194x300.jpg 194w\" sizes=\"auto, (max-width: 600px) 100vw, 600px\" \/><\/figure>\n\n\n\n<figure class=\"wp-block-image size-large\"><img loading=\"lazy\" decoding=\"async\" width=\"600\" height=\"928\" data-id=\"6754\" src=\"https:\/\/www.crimt.net\/wp-content\/uploads\/2020\/11\/Futures2.jpg\" alt=\"\" class=\"wp-image-6754\" srcset=\"https:\/\/www.crimt.net\/wp-content\/uploads\/2020\/11\/Futures2.jpg 600w, https:\/\/www.crimt.net\/wp-content\/uploads\/2020\/11\/Futures2-194x300.jpg 194w\" sizes=\"auto, (max-width: 600px) 100vw, 600px\" \/><\/figure>\n\n\n\n<figure class=\"wp-block-image size-large\"><img loading=\"lazy\" decoding=\"async\" width=\"600\" height=\"927\" data-id=\"4716\" src=\"https:\/\/www.crimt.net\/wp-content\/uploads\/2020\/10\/LI2.jpg\" alt=\"\" class=\"wp-image-4716\" srcset=\"https:\/\/www.crimt.net\/wp-content\/uploads\/2020\/10\/LI2.jpg 600w, https:\/\/www.crimt.net\/wp-content\/uploads\/2020\/10\/LI2-194x300.jpg 194w\" sizes=\"auto, (max-width: 600px) 100vw, 600px\" \/><\/figure>\n\n\n\n<figure class=\"wp-block-image size-large\"><img loading=\"lazy\" decoding=\"async\" width=\"600\" height=\"928\" data-id=\"10022\" src=\"https:\/\/www.crimt.net\/wp-content\/uploads\/2021\/05\/IJCL.jpg\" alt=\"\" class=\"wp-image-10022\" srcset=\"https:\/\/www.crimt.net\/wp-content\/uploads\/2021\/05\/IJCL.jpg 600w, https:\/\/www.crimt.net\/wp-content\/uploads\/2021\/05\/IJCL-194x300.jpg 194w\" sizes=\"auto, (max-width: 600px) 100vw, 600px\" \/><\/figure>\n\n\n\n<figure class=\"wp-block-image size-large\"><img loading=\"lazy\" decoding=\"async\" width=\"600\" height=\"927\" data-id=\"4693\" src=\"https:\/\/www.crimt.net\/wp-content\/uploads\/2020\/10\/JIR.jpg\" alt=\"\" class=\"wp-image-4693\" srcset=\"https:\/\/www.crimt.net\/wp-content\/uploads\/2020\/10\/JIR.jpg 600w, https:\/\/www.crimt.net\/wp-content\/uploads\/2020\/10\/JIR-194x300.jpg 194w\" sizes=\"auto, (max-width: 600px) 100vw, 600px\" \/><\/figure>\n\n\n\n<figure class=\"wp-block-image size-large\"><img loading=\"lazy\" decoding=\"async\" width=\"600\" height=\"928\" data-id=\"4751\" src=\"https:\/\/www.crimt.net\/wp-content\/uploads\/2020\/10\/RI-IR3.jpg\" alt=\"\" class=\"wp-image-4751\" srcset=\"https:\/\/www.crimt.net\/wp-content\/uploads\/2020\/10\/RI-IR3.jpg 600w, https:\/\/www.crimt.net\/wp-content\/uploads\/2020\/10\/RI-IR3-194x300.jpg 194w\" sizes=\"auto, (max-width: 600px) 100vw, 600px\" \/><\/figure>\n<\/figure>\n\n\n\n<div style=\"height:90px\" aria-hidden=\"true\" class=\"wp-block-spacer\"><\/div>\n\n\n\n<div class=\"wp-block-columns are-vertically-aligned-top is-layout-flex wp-container-core-columns-is-layout-9d6595d7 wp-block-columns-is-layout-flex\">\n<div class=\"wp-block-column is-vertically-aligned-top is-layout-flow wp-block-column-is-layout-flow\" style=\"flex-basis:28%\"><div class=\"wp-block-image\">\n<figure class=\"alignleft size-large\"><img loading=\"lazy\" decoding=\"async\" width=\"600\" height=\"854\" src=\"http:\/\/www.crimt.net\/wp-content\/uploads\/2021\/08\/TR20213.jpg\" alt=\"\" class=\"wp-image-10595\" srcset=\"https:\/\/www.crimt.net\/wp-content\/uploads\/2021\/08\/TR20213.jpg 600w, https:\/\/www.crimt.net\/wp-content\/uploads\/2021\/08\/TR20213-211x300.jpg 211w\" sizes=\"auto, (max-width: 600px) 100vw, 600px\" \/><\/figure>\n<\/div>\n\n\n<p><\/p>\n<\/div>\n\n\n\n<div class=\"wp-block-column is-vertically-aligned-top is-layout-flow wp-block-column-is-layout-flow\" style=\"flex-basis:67.5%\">\n<p style=\"font-size:32px\"><strong><span style=\"color:#ede4ce\" class=\"has-inline-color\">2021 <\/span><\/strong><span style=\"color:#ede4ce\" class=\"has-inline-color\">(27-3)<\/span><\/p>\n\n\n<p class=\"fonts-plugin-block \" style=\"font-size: 24px;line-height: 1.5;color: #000000\"><strong><span class=\"has-inline-color has-black-color\">Transfer:<em>&nbsp;<\/em>European Review of Labour and Research<\/span><\/strong><\/p>\n\n<p class=\"fonts-plugin-block \" style=\"font-size: 19px;line-height: 1.5\">Guest Editors: <strong>Mathew Johnson <\/strong>(WEI-Manchester University), <strong>Valeria Pulignano <\/strong>(KU Leuven) <\/p>\n\n<p class=\"fonts-plugin-block \" style=\"font-size: 19px;line-height: 1.5\"><span style=\"color:#386568\" class=\"has-inline-color\">Transforming Care Work within an Era of Changing Priorities of Care Policy<\/span><\/p>\n\n<p class=\"fonts-plugin-block \" style=\"font-size: 17px;line-height: 1.5\">This thematic special issue of\u00a0<em>Transfer<\/em>\u00a0titled \u2018Transforming care work within an era of changing priorities of care policy\u2019 explores how policy, institutional and market-driven transformations of care regimes across Europe impact upon the quality of care services and the quality of care work. In this special issue, we bring together a range of national perspectives on changing models of care delivery and care work that spans\u00a0<em>Ireland, Italy, Poland, Spain, Sweden<\/em>\u00a0and\u00a0<em>the UK<\/em>, complemented by a transnational analysis of EU health-care policy. Although each contribution situates the specific challenges of precariousness in a particular institutional and market context, by collating these seven perspectives we see common challenges emerging for care workers in diverse settings including residential, domiciliary and long-term care, public and private sectors, liberal and coordinated market economies, as well as southern, northern and eastern Europe with varied traditions of formal and informal familial care.<br><br>Given the significant challenges arising as a result of the COVID-19 pandemic this special issue is an important opportunity to reflect on the resilience of care systems across Europe, while also exploring alternative futures for care workers and care work. Newspaper reports of staff shortages, a lack of personal protective equipment, and the limited entitlement of many workers to welfare benefits are all clear symptoms of a sector in crisis. But while there are acute challenges arising specifically from COVID-19, the pandemic has in many ways crystallised long-term structural problems in how care services are funded, designed, and delivered. For example, demographic shifts such as an ageing population and increased international migration, set against the restructuring and retrenchment of welfare states in many countries have created significant challenges in terms of the coverage and quality of state-funded care services. Additionally, cost-driven outsourcing combined with the weakening of collective bargaining pose challenges for the stability of care services, and for the regulation of working conditions. These issues highlight the various contradictions between the different roles of the state in shaping the market for care services as a policy-maker and macroeconomic regulator, as an employer, and as a \u2018client\u2019 at the head of increasingly long and complex supply chains. This special issue will cover a series of issues dealing directly or indirectly with such contradictions.<\/p>\n\n<p class=\"fonts-plugin-block \" style=\"font-size: 17px;line-height: 1.5\">This special issue makes two main contributions. The first is to explore the consequences of the long-term fragmentation and marketisation of care for both quality and working conditions, ranging from the transnational level through to the workplace level. The second is to empirical debates around the role of trade unions in contesting the erosion of standards in care work, while also identifying new theoretical frontiers in the debates around the nature of collective worker action and the future of organised labour in low-wage industries. The articles in this special issue point to a dynamic, if fragile, patchwork of solutions to precariousness that encompass organising, mobilising, and social campaigning, driven forward by a mixture of militancy and social partnership. Hence, while this special issue further exposes the entrenched precariousness faced by care workers as a result of long-term policy failures and myriad regulatory weaknesses and gaps, it also reveals the scope for contestation and resistance to downward pressures on care work and care workers.<\/p>\n\n<p class=\"fonts-plugin-block \" style=\"font-size: 15px;line-height: 1.5\">Editorial (<strong>Mathew Johnson, Valeria Pulignano<\/strong>) \u2022 Time for a paradigm change? Incorporating transnational processes into the analysis of the emerging European health-care system (<strong>Sabina Stan, Roland Erne<\/strong>) \u2022 \u2018Intended\u2019 and \u2018unintended\u2019 consequences of the privatisation of health and social care systems in Italy in light of the pandemic (<strong>Andrea Ciarini, Stefano Neri<\/strong>) \u2022 A matter of fragmentation? Challenges for collective bargaining and employment conditions in the Spanish long-term care sector (<strong>N\u00faria S\u00e1nchez-Mira, Raquel Serrano Olivares, Pilar Carrasquer Oto<\/strong>) \u2022 Trade union struggle for workwear in Swedish elder care (<strong>Annette Th\u00f6rnquist<\/strong>) \u2022 Established and emerging fields of workers\u2019 struggles in the care sector: the case of Poland (<strong>Julia Kubisa, Katarzyna Rakowska<\/strong>) \u2022 Raising the bar? The impact of the UNISON ethical care campaign in UK domiciliary care (<strong>Mathew Johnson, Jill Rubery, Matthew Egan<\/strong>) \u2022 Running to stand still? Two decades of trade union activity in the Irish long-term care sector (<strong>Caroline Murphy, Michelle O\u2019Sullivan<\/strong>)<\/p>\n\n\n<div style=\"height:20px\" aria-hidden=\"true\" class=\"wp-block-spacer\"><\/div>\n\n\n\n<p><a href=\"https:\/\/journals.sagepub.com\/toc\/trsa\/27\/3\" data-type=\"URL\" target=\"_blank\" rel=\"noreferrer noopener\"><img loading=\"lazy\" decoding=\"async\" width=\"40\" height=\"40\" class=\"wp-image-5396\" style=\"width: 40px;\" src=\"http:\/\/www.crimt.net\/wp-content\/uploads\/2020\/11\/WWW6.png\" alt=\"\" srcset=\"https:\/\/www.crimt.net\/wp-content\/uploads\/2020\/11\/WWW6.png 650w, https:\/\/www.crimt.net\/wp-content\/uploads\/2020\/11\/WWW6-300x300.png 300w, https:\/\/www.crimt.net\/wp-content\/uploads\/2020\/11\/WWW6-150x150.png 150w, https:\/\/www.crimt.net\/wp-content\/uploads\/2020\/11\/WWW6-360x360.png 360w\" sizes=\"auto, (max-width: 40px) 100vw, 40px\" \/><\/a><a href=\"https:\/\/journals.sagepub.com\/doi\/full\/10.1177\/10242589211029485\"><img loading=\"lazy\" decoding=\"async\" width=\"40\" height=\"40\" class=\"wp-image-3490\" style=\"width: 40px;\" src=\"http:\/\/www.crimt.net\/wp-content\/uploads\/2020\/10\/Livres2.png\" alt=\"\" srcset=\"https:\/\/www.crimt.net\/wp-content\/uploads\/2020\/10\/Livres2.png 450w, https:\/\/www.crimt.net\/wp-content\/uploads\/2020\/10\/Livres2-300x300.png 300w, https:\/\/www.crimt.net\/wp-content\/uploads\/2020\/10\/Livres2-150x150.png 150w, https:\/\/www.crimt.net\/wp-content\/uploads\/2020\/10\/Livres2-360x360.png 360w\" sizes=\"auto, (max-width: 40px) 100vw, 40px\" \/><\/a> <a href=\"https:\/\/journals.sagepub.com\/doi\/full\/10.1177\/10242589211029485\" data-type=\"URL\" target=\"_blank\" rel=\"noreferrer noopener\"><span class=\"has-inline-color has-black-color\"><span style=\"text-decoration: underline;\">Download the editorial<\/span><\/span><\/a><span class=\"has-inline-color has-black-color\"> [Open access]<\/span><\/p>\n<\/div>\n\n\n\n<div class=\"wp-block-column is-layout-flow wp-block-column-is-layout-flow\" style=\"flex-basis:15%\"><div class=\"wp-block-image\">\n<figure class=\"aligncenter size-large\"><a href=\"http:\/\/www.crimt.net\/centres-partenaires\/#CriDIS\"><img loading=\"lazy\" decoding=\"async\" width=\"500\" height=\"500\" src=\"http:\/\/www.crimt.net\/wp-content\/uploads\/2020\/10\/ETUI.png\" alt=\"\" class=\"wp-image-1925\" srcset=\"https:\/\/www.crimt.net\/wp-content\/uploads\/2020\/10\/ETUI.png 500w, https:\/\/www.crimt.net\/wp-content\/uploads\/2020\/10\/ETUI-300x300.png 300w, https:\/\/www.crimt.net\/wp-content\/uploads\/2020\/10\/ETUI-150x150.png 150w, https:\/\/www.crimt.net\/wp-content\/uploads\/2020\/10\/ETUI-360x360.png 360w\" sizes=\"auto, (max-width: 500px) 100vw, 500px\" \/><\/a><\/figure>\n<\/div>\n\n\n<p class=\"has-text-align-center\" style=\"font-size:15px\">A publication of<\/p>\n<\/div>\n<\/div>\n\n\n\n<hr class=\"wp-block-separator has-text-color has-css-opacity has-background is-style-wide\" style=\"background-color:#6b6b6b;color:#6b6b6b\"\/>\n\n\n\n<div style=\"height:50px\" aria-hidden=\"true\" class=\"wp-block-spacer\"><\/div>\n\n\n\n<div class=\"wp-block-columns are-vertically-aligned-top is-layout-flex wp-container-core-columns-is-layout-9d6595d7 wp-block-columns-is-layout-flex\">\n<div class=\"wp-block-column is-vertically-aligned-top is-layout-flow wp-block-column-is-layout-flow\" style=\"flex-basis:28%\"><div class=\"wp-block-image\">\n<figure class=\"alignleft size-large\"><img loading=\"lazy\" decoding=\"async\" width=\"600\" height=\"927\" src=\"http:\/\/www.crimt.net\/wp-content\/uploads\/2021\/08\/BJIR4.jpg\" alt=\"\" class=\"wp-image-10581\" srcset=\"https:\/\/www.crimt.net\/wp-content\/uploads\/2021\/08\/BJIR4.jpg 600w, https:\/\/www.crimt.net\/wp-content\/uploads\/2021\/08\/BJIR4-194x300.jpg 194w\" sizes=\"auto, (max-width: 600px) 100vw, 600px\" \/><\/figure>\n<\/div>\n\n\n<p><\/p>\n<\/div>\n\n\n\n<div class=\"wp-block-column is-vertically-aligned-top is-layout-flow wp-block-column-is-layout-flow\" style=\"flex-basis:67.5%\">\n<p style=\"font-size:32px\"><strong><span style=\"color:#ede4ce\" class=\"has-inline-color\">2021 <\/span><\/strong><span style=\"color:#ede4ce\" class=\"has-inline-color\">(59-1)<\/span><\/p>\n\n\n<p class=\"fonts-plugin-block \" style=\"font-size: 24px;line-height: 1.5\"><strong><span class=\"has-inline-color has-black-color\">British Journal of Industrial Relations<\/span><\/strong><\/p>\n\n<p class=\"fonts-plugin-block \" style=\"font-size: 19px;line-height: 1.5\"><strong><strong>Guest Editors:<\/strong> Jean Jenkins <\/strong>(ERU-Cardiff University), <strong>Jonathan Morris<\/strong> (Cardiff University), <strong>Jimmy Donaghey<\/strong> (University of New South Wales), <strong>Richard Locke<\/strong> (Brown University)<\/p>\n\n<p class=\"fonts-plugin-block \" style=\"font-size: 19px;line-height: 1.5\"><span style=\"color:#386568\" class=\"has-inline-color\">Global Value Chains and their Employment Relations Consequences<\/span><\/p>\n\n<p class=\"fonts-plugin-block \" style=\"font-size: 17px;line-height: 1.5\">This special issue of BJIR concerns the issue of the emergence, growth and evolution of global commodity chains and related employment relations issues. The relationship between supply chain relationships and the workplace is topical and referred to explicitly by the ILO agenda on international work and by the OECDs concerns with skills (OECD, 2017). While topical, much of the research in the area focuses on power relations between firms in chains and employment relations concerns being a secondary issue. However, this is changing and an emerging number of recent publications in the BJIR examine the employment relations consequences of supply chains. This special issue brings this emerging research together into a coherent and unified volume.<\/p>\n\n<p class=\"fonts-plugin-block \" style=\"font-size: 15px;line-height: 1.5\">Uneven Development, Uneven Response: The Relentless Search for Meaningful Regulation of GVCs (<strong>Jonathan Morris, Jean Jenkins, Jimmy Donaghey<\/strong>) \u2022 Explaining Employment Effects in Multipolar Value Chains: A Cross-National Study on Soft Drinks and Dairy Manufacturing in Europe (<strong>Valeria Pulignano, Nikolaus Hammer, Nadja Doerflinger<\/strong>) \u2022 Upstreamness, Wages and Gender: Equal Benefits for All? (<strong>Nicola Gagliardi, Beno\u00eet Mahy, Fran\u00e7ois Rycx<\/strong>) \u2022 Planting Seeds for Social Dialogue: An Institutional Work Perspective (<strong>Annelien Gansemans, C\u00e9line Louche, Marijke D\u2019Haese<\/strong>) \u2022 A \u2018Decent Cuppa\u2019: Worker Power and Consumer Power in the Sri Lankan Tea Sector (<strong>Huw Thomas<\/strong>) \u2022 South Korea\u2019s Automotive Labour Regime, Hyundai Motors\u2019 Global Production Network and Trade-Based Integration with the European Union (<strong>Liam Campling, James Harrison, Ben Richardson, Adrian Smith, Mirela Barbu<\/strong>)<\/p>\n\n\n<div style=\"height:20px\" aria-hidden=\"true\" class=\"wp-block-spacer\"><\/div>\n\n\n\n<p><a rel=\"noreferrer noopener\" href=\"https:\/\/onlinelibrary.wiley.com\/toc\/14678543\/2021\/59\/1\" target=\"_blank\"><img loading=\"lazy\" decoding=\"async\" width=\"40\" height=\"40\" class=\"wp-image-5396\" style=\"width: 40px;\" src=\"http:\/\/www.crimt.net\/wp-content\/uploads\/2020\/11\/WWW6.png\" alt=\"\" srcset=\"https:\/\/www.crimt.net\/wp-content\/uploads\/2020\/11\/WWW6.png 650w, https:\/\/www.crimt.net\/wp-content\/uploads\/2020\/11\/WWW6-300x300.png 300w, https:\/\/www.crimt.net\/wp-content\/uploads\/2020\/11\/WWW6-150x150.png 150w, https:\/\/www.crimt.net\/wp-content\/uploads\/2020\/11\/WWW6-360x360.png 360w\" sizes=\"auto, (max-width: 40px) 100vw, 40px\" \/><\/a><a href=\"https:\/\/onlinelibrary.wiley.com\/pb-assets\/assets\/14678543\/BJIR_SI_Global_Value_Chains-1509472580000.pdf\"><img loading=\"lazy\" decoding=\"async\" width=\"40\" height=\"40\" class=\"wp-image-3490\" style=\"width: 40px;\" src=\"http:\/\/www.crimt.net\/wp-content\/uploads\/2020\/10\/Livres2.png\" alt=\"\" srcset=\"https:\/\/www.crimt.net\/wp-content\/uploads\/2020\/10\/Livres2.png 450w, https:\/\/www.crimt.net\/wp-content\/uploads\/2020\/10\/Livres2-300x300.png 300w, https:\/\/www.crimt.net\/wp-content\/uploads\/2020\/10\/Livres2-150x150.png 150w, https:\/\/www.crimt.net\/wp-content\/uploads\/2020\/10\/Livres2-360x360.png 360w\" sizes=\"auto, (max-width: 40px) 100vw, 40px\" \/><\/a> <a href=\"https:\/\/onlinelibrary.wiley.com\/doi\/10.1111\/bjir.12573\" target=\"_blank\" rel=\"noreferrer noopener\"><span class=\"has-inline-color has-black-color\"><span style=\"text-decoration: underline;\">Download the introduction<\/span><\/span><\/a> [Articles in Free to read mode]<\/p>\n<\/div>\n\n\n\n<div class=\"wp-block-column is-layout-flow wp-block-column-is-layout-flow\" style=\"flex-basis:15%\"><div class=\"wp-block-image\">\n<figure class=\"aligncenter size-large\"><a href=\"http:\/\/www.crimt.net\/centres-partenaires\/#CriDIS\"><img loading=\"lazy\" decoding=\"async\" width=\"500\" height=\"500\" src=\"http:\/\/www.crimt.net\/wp-content\/uploads\/2020\/10\/ERU.png\" alt=\"\" class=\"wp-image-1931\" srcset=\"https:\/\/www.crimt.net\/wp-content\/uploads\/2020\/10\/ERU.png 500w, https:\/\/www.crimt.net\/wp-content\/uploads\/2020\/10\/ERU-300x300.png 300w, https:\/\/www.crimt.net\/wp-content\/uploads\/2020\/10\/ERU-150x150.png 150w, https:\/\/www.crimt.net\/wp-content\/uploads\/2020\/10\/ERU-360x360.png 360w\" sizes=\"auto, (max-width: 500px) 100vw, 500px\" \/><\/a><\/figure>\n<\/div>\n\n\n<p class=\"has-text-align-center\" style=\"font-size:15px\">An initiative of<\/p>\n<\/div>\n<\/div>\n\n\n\n<hr class=\"wp-block-separator has-text-color has-css-opacity has-background is-style-wide\" style=\"background-color:#6b6b6b;color:#6b6b6b\"\/>\n\n\n\n<div style=\"height:50px\" aria-hidden=\"true\" class=\"wp-block-spacer\"><\/div>\n\n\n\n<div class=\"wp-block-columns are-vertically-aligned-top is-layout-flex wp-container-core-columns-is-layout-9d6595d7 wp-block-columns-is-layout-flex\">\n<div class=\"wp-block-column is-vertically-aligned-top is-layout-flow wp-block-column-is-layout-flow\" style=\"flex-basis:27.5%\"><div class=\"wp-block-image\">\n<figure class=\"alignleft size-large\"><img loading=\"lazy\" decoding=\"async\" width=\"600\" height=\"927\" src=\"http:\/\/www.crimt.net\/wp-content\/uploads\/2021\/05\/Hammer_NT.jpg\" alt=\"\" class=\"wp-image-9987\" srcset=\"https:\/\/www.crimt.net\/wp-content\/uploads\/2021\/05\/Hammer_NT.jpg 600w, https:\/\/www.crimt.net\/wp-content\/uploads\/2021\/05\/Hammer_NT-194x300.jpg 194w\" sizes=\"auto, (max-width: 600px) 100vw, 600px\" \/><\/figure>\n<\/div>\n\n\n<p><\/p>\n<\/div>\n\n\n\n<div class=\"wp-block-column is-vertically-aligned-top is-layout-flow wp-block-column-is-layout-flow\" style=\"flex-basis:85%\">\n<p style=\"font-size:32px\"><strong><strong><span style=\"color:#ede4ce\" class=\"has-inline-color\">2021<\/span><\/strong><\/strong> <span style=\"color:#ede4ce\" class=\"has-inline-color\">(24-1)<\/span><\/p>\n\n\n<p class=\"fonts-plugin-block \" style=\"font-size: 24px;line-height: 1.5\"><strong><strong><strong><strong><span class=\"has-inline-color has-black-color\">Journal of Labor and Society<\/span><\/strong><\/strong><\/strong><\/strong><\/p>\n\n<p class=\"fonts-plugin-block \" style=\"font-size: 19px;line-height: 1.5\"><strong>Guest Editors:<\/strong><span class=\"has-inline-color has-black-color\"> <\/span><strong>Anita Hammer<\/strong> (University of Essex),<strong> Immanuel Ness<\/strong> (City University of New York)<\/p>\n\n<p class=\"fonts-plugin-block \" style=\"font-size: 19px;line-height: 1.5\"><span style=\"color:#386568\" class=\"has-inline-color\">Informal and Precarious Work: Insights from the Global South<\/span><\/p>\n\n<p class=\"fonts-plugin-block \" style=\"font-size: 17px;line-height: 1.5\">Informal and precarious work remains an enduring reality across the Global South and is growing fast in the North. A recognition that this form of work is the norm globally rather than the exception has ignited debates around analytical frames, activist strategies and development interventions. Engaging with Southern realities, as this special issue aims to do, helps contribute to a better understanding of this rising form of work globally while also providing insights into workers\u2019 resistance and development policy limitations. Through detailed case studies from across the Global South, this special issue argues that informal and precarious work needs to be studied as embedded in concrete, historical, political and social contexts. It highlights the heterogeneity and complexity of intersecting social and material relations that underpin informal and precarious work which has crucial implications for class dynamics and political agency of labour.<\/p>\n\n<p class=\"fonts-plugin-block \" style=\"font-size: 15px;line-height: 1.5\">Informal and Precarious Work: Insights from the Global South (<strong>Anita Hammer,\u00a0\u00a0Immanuel Ness<\/strong>) \u2022 Famine Labour in late 19th century Colonial North India (<strong>Amal Shahid<\/strong>) \u2022 Precarious Work and Insecure Lives. De Facto Informalization in Cambodia\u2019s Garment Factories (<strong>Anna Salmivaara<\/strong>), Informal Wage Labour and Capital-Labour Struggles in Karnataka\u2019s Automotive Sector (<strong>Danisha Kazi<\/strong>) \u2022 The Intersectionality of Informal Employment: Insights from Street Vending and Domestic Work in Tanzania (<strong>Ilona Steiler<\/strong>) \u2022 Precarious Self-Employment in India: A Case of Home-Based Own Account Enterprises (<strong>Tulika Tripathi, Nripendra Kishore Mishra<\/strong>) \u2022 Trading Time: Retail working time and precarious labour in South Africa, 1960s\u20131980s (<strong>Bridget Kenny<\/strong>) \u2022 Decent Work for Domestic Workers in Argentina. Institutional Innovations within the Same Framework (<strong>Lorena Poblete<\/strong>) \u2022 Global Value Chains and Industrial Relations in the Global South: Social Upgrading Paths in Different Industries (<strong>Christina Teipen, Fabian Mehl<\/strong>)<\/p>\n\n\n<div style=\"height:20px\" aria-hidden=\"true\" class=\"wp-block-spacer\"><\/div>\n\n\n\n<p><a rel=\"noreferrer noopener\" href=\"https:\/\/brill.com\/view\/journals\/jlso\/24\/1\/jlso.24.issue-1.xml\" target=\"_blank\"><img loading=\"lazy\" decoding=\"async\" width=\"40\" height=\"40\" class=\"wp-image-5396\" style=\"width: 40px;\" src=\"http:\/\/www.crimt.net\/wp-content\/uploads\/2020\/11\/WWW6.png\" alt=\"\" srcset=\"https:\/\/www.crimt.net\/wp-content\/uploads\/2020\/11\/WWW6.png 650w, https:\/\/www.crimt.net\/wp-content\/uploads\/2020\/11\/WWW6-300x300.png 300w, https:\/\/www.crimt.net\/wp-content\/uploads\/2020\/11\/WWW6-150x150.png 150w, https:\/\/www.crimt.net\/wp-content\/uploads\/2020\/11\/WWW6-360x360.png 360w\" sizes=\"auto, (max-width: 40px) 100vw, 40px\" \/><\/a><a rel=\"noreferrer noopener\" href=\"http:\/\/www.crimt.net\/Files\/appelfinal-riir-digifr-prolongok_-_4_nov_2019_0.pdf\" target=\"_blank\"><img loading=\"lazy\" decoding=\"async\" width=\"40\" height=\"40\" class=\"wp-image-3490\" style=\"width: 40px;\" src=\"http:\/\/www.crimt.net\/wp-content\/uploads\/2020\/10\/Livres2.png\" alt=\"\" srcset=\"https:\/\/www.crimt.net\/wp-content\/uploads\/2020\/10\/Livres2.png 450w, https:\/\/www.crimt.net\/wp-content\/uploads\/2020\/10\/Livres2-300x300.png 300w, https:\/\/www.crimt.net\/wp-content\/uploads\/2020\/10\/Livres2-150x150.png 150w, https:\/\/www.crimt.net\/wp-content\/uploads\/2020\/10\/Livres2-360x360.png 360w\" sizes=\"auto, (max-width: 40px) 100vw, 40px\" \/><\/a><img loading=\"lazy\" decoding=\"async\" width=\"5\" height=\"5\" class=\"wp-image-5503\" style=\"width: 5px;\" src=\"http:\/\/www.crimt.net\/wp-content\/uploads\/2020\/11\/Spacer.png\" alt=\"\"><a rel=\"noreferrer noopener\" href=\"https:\/\/brill.com\/downloadpdf\/journals\/jlso\/24\/1\/article-p1_1.xml\" target=\"_blank\"><span class=\"has-inline-color has-black-color\"><span style=\"text-decoration: underline;\">Download the introduction<\/span><\/span><\/a> [Open access]<\/p>\n<\/div>\n<\/div>\n\n\n\n<hr class=\"wp-block-separator has-text-color has-css-opacity has-background is-style-wide\" style=\"background-color:#6b6b6b;color:#6b6b6b\"\/>\n\n\n\n<div style=\"height:50px\" aria-hidden=\"true\" class=\"wp-block-spacer\"><\/div>\n\n\n\n<div class=\"wp-block-columns are-vertically-aligned-top is-layout-flex wp-container-core-columns-is-layout-9d6595d7 wp-block-columns-is-layout-flex\">\n<div class=\"wp-block-column is-vertically-aligned-top is-layout-flow wp-block-column-is-layout-flow\" style=\"flex-basis:27.5%\"><div class=\"wp-block-image\">\n<figure class=\"alignleft size-large\"><img loading=\"lazy\" decoding=\"async\" width=\"600\" height=\"927\" src=\"http:\/\/www.crimt.net\/wp-content\/uploads\/2021\/04\/International_Migration.jpg\" alt=\"\" class=\"wp-image-9870\" srcset=\"https:\/\/www.crimt.net\/wp-content\/uploads\/2021\/04\/International_Migration.jpg 600w, https:\/\/www.crimt.net\/wp-content\/uploads\/2021\/04\/International_Migration-194x300.jpg 194w\" sizes=\"auto, (max-width: 600px) 100vw, 600px\" \/><\/figure>\n<\/div>\n\n\n<p><\/p>\n<\/div>\n\n\n\n<div class=\"wp-block-column is-vertically-aligned-top is-layout-flow wp-block-column-is-layout-flow\" style=\"flex-basis:85%\">\n<p style=\"font-size:32px\"><strong><strong><span style=\"color:#ede4ce\" class=\"has-inline-color\">2021<\/span><\/strong><\/strong> <span style=\"color:#ede4ce\" class=\"has-inline-color\">(59-2)<\/span><\/p>\n\n\n<p class=\"fonts-plugin-block \" style=\"font-size: 24px;line-height: 1.5\"><strong><strong><strong><strong><span class=\"has-inline-color has-black-color\">International Migration<\/span><\/strong><\/strong><\/strong><\/strong><\/p>\n\n<p class=\"fonts-plugin-block \" style=\"font-size: 19px;line-height: 1.5\"><strong>Guest Editors:<\/strong><span class=\"has-inline-color has-black-color\"> <\/span><strong>J. Adam Perry <\/strong>(St. Francis Xavier University), <strong>Dalia Gesualdi-Fecteau <\/strong>(Universit\u00e9 du Qu\u00e9bec \u00e0 Montr\u00e9al)<\/p>\n\n<p class=\"fonts-plugin-block \" style=\"font-size: 19px;line-height: 1.5\"><span style=\"color:#386568\" class=\"has-inline-color\">Contending with Precarity, Temporariness and Life Aspirations in the Context of International Labour Migration<\/span><\/p>\n\n<p class=\"fonts-plugin-block \" style=\"font-size: 17px;line-height: 1.5\">This special issue is the result of a workshop that took place at the\u00a0<em>On the Move: Employment-related Geographical Mobility in Canada and Beyond International Symposium\u00a0<\/em>in St. John&#8217;s, Newfoundland and Labrador, Canada, in November 2018. The editors and contributors are all involved, variously as co-investigators and research trainees, with\u00a0<em>On the Move<\/em>, a Memorial University of Newfoundland-based Social Sciences and Humanities Research Council of Canada-funded partnership project focused on documenting and assessing the impacts of extended and complex internal and international employment-related geographical mobility for workers, their families, employers, communities and governments. Over the course of the project, the issue of international labour migration has emerged as highly topical and critical to understanding the broader dynamics of mobility for work in the contemporary global context. <br><br>Dalia Gesualdi-Fecteau is also a CRIMT co-researcher, in both its FRQ-SC strategic cluster and own SSHRC partnership.<\/p>\n\n<p class=\"fonts-plugin-block \" style=\"font-size: 15px;line-height: 1.5\">Contending with precarity, temporariness and life aspirations in the context of international labour migration (<strong>J. Adam Perry, Dalia Gesualdi\u2010Fecteau<\/strong>) \u2022 Becoming Permanent: The Transition Characteristics of Temporary Foreign Workers to Permanent Residents in Canada (<strong>Michael Haan, Yoko Yoshida, Jonathan Amoyaw, Natalie Iciaszczyk<\/strong>) \u2022 Flagpoling: Inter\u2010provincial Mobility of International Migrants within Canada\u2019s Temporary Foreign Worker Program (<strong>Christine Knott, Melissa Marschke<\/strong>) \u2022 The Negotiation of New Family Formation Post\u2010migration among Low\u2010wage Migrant Workers: The Case of Canada (<strong>J. Adam Perry<\/strong>) \u2022 The Construction of Gratitude in the workplace: Temporary foreign workers employed in health care (<strong>Shiva Nourpanah<\/strong>) \u2022 Parsing the mobilities of capital and labour: The case of Tim Hortons and internationally mobile Filipino workers (<strong>Catherine Bryan, Pauline Gardiner Barber<\/strong>) \u2022 Canada\u2019s Temporary Foreign Worker and International Mobility Programs: Charting Change and Continuity Among Source Countries (<strong>Tyler Chartrand, Leah F. Vosko<\/strong>) \u2022 Breaking Down the Binary: Layers of Vulnerability among Internally and Internationally Mobile Workers in the Context of Southern Africa (<strong>Denboy Kudejira)<\/strong> \u2022 Creative Recourse in Cases of Forced Labour: Using Human Trafficking, Human Rights and Labour Law to Protect Migrant Workers (<strong>Laurence Matte Guilmain, Jill Hanley<\/strong>)<\/p>\n\n\n<div style=\"height:20px\" aria-hidden=\"true\" class=\"wp-block-spacer\"><\/div>\n\n\n\n<p><a rel=\"noreferrer noopener\" href=\"https:\/\/onlinelibrary.wiley.com\/toc\/14682435\/2021\/59\/2\" target=\"_blank\"><img loading=\"lazy\" decoding=\"async\" width=\"40\" height=\"40\" class=\"wp-image-5396\" style=\"width: 40px;\" src=\"http:\/\/www.crimt.net\/wp-content\/uploads\/2020\/11\/WWW6.png\" alt=\"\" srcset=\"https:\/\/www.crimt.net\/wp-content\/uploads\/2020\/11\/WWW6.png 650w, https:\/\/www.crimt.net\/wp-content\/uploads\/2020\/11\/WWW6-300x300.png 300w, https:\/\/www.crimt.net\/wp-content\/uploads\/2020\/11\/WWW6-150x150.png 150w, https:\/\/www.crimt.net\/wp-content\/uploads\/2020\/11\/WWW6-360x360.png 360w\" sizes=\"auto, (max-width: 40px) 100vw, 40px\" \/><\/a><a rel=\"noreferrer noopener\" href=\"http:\/\/www.crimt.net\/Files\/appelfinal-riir-digifr-prolongok_-_4_nov_2019_0.pdf\" target=\"_blank\"><img loading=\"lazy\" decoding=\"async\" width=\"40\" height=\"40\" class=\"wp-image-3490\" style=\"width: 40px;\" src=\"http:\/\/www.crimt.net\/wp-content\/uploads\/2020\/10\/Livres2.png\" alt=\"\" srcset=\"https:\/\/www.crimt.net\/wp-content\/uploads\/2020\/10\/Livres2.png 450w, https:\/\/www.crimt.net\/wp-content\/uploads\/2020\/10\/Livres2-300x300.png 300w, https:\/\/www.crimt.net\/wp-content\/uploads\/2020\/10\/Livres2-150x150.png 150w, https:\/\/www.crimt.net\/wp-content\/uploads\/2020\/10\/Livres2-360x360.png 360w\" sizes=\"auto, (max-width: 40px) 100vw, 40px\" \/><\/a><img loading=\"lazy\" decoding=\"async\" width=\"5\" height=\"5\" class=\"wp-image-5503\" style=\"width: 5px;\" src=\"http:\/\/www.crimt.net\/wp-content\/uploads\/2020\/11\/Spacer.png\" alt=\"\"><a rel=\"noreferrer noopener\" href=\"https:\/\/onlinelibrary.wiley.com\/doi\/epdf\/10.1111\/imig.12835\" target=\"_blank\"><span class=\"has-inline-color has-black-color\"><span style=\"text-decoration: underline;\">Download the introduction<\/span><\/span><\/a> [Institutional access required]<\/p>\n<\/div>\n<\/div>\n\n\n\n<hr class=\"wp-block-separator has-text-color has-css-opacity has-background is-style-wide\" style=\"background-color:#6b6b6b;color:#6b6b6b\"\/>\n\n\n\n<div style=\"height:50px\" aria-hidden=\"true\" class=\"wp-block-spacer\"><\/div>\n\n\n\n<div class=\"wp-block-columns are-vertically-aligned-top is-layout-flex wp-container-core-columns-is-layout-9d6595d7 wp-block-columns-is-layout-flex\">\n<div class=\"wp-block-column is-vertically-aligned-top is-layout-flow wp-block-column-is-layout-flow\" style=\"flex-basis:27.5%\"><div class=\"wp-block-image\">\n<figure class=\"alignleft size-large\"><img loading=\"lazy\" decoding=\"async\" width=\"600\" height=\"927\" src=\"http:\/\/www.crimt.net\/wp-content\/uploads\/2020\/11\/ILRREVIEW.jpg\" alt=\"\" class=\"wp-image-7002\" srcset=\"https:\/\/www.crimt.net\/wp-content\/uploads\/2020\/11\/ILRREVIEW.jpg 600w, https:\/\/www.crimt.net\/wp-content\/uploads\/2020\/11\/ILRREVIEW-194x300.jpg 194w\" sizes=\"auto, (max-width: 600px) 100vw, 600px\" \/><\/figure>\n<\/div>\n\n\n<p><\/p>\n<\/div>\n\n\n\n<div class=\"wp-block-column is-vertically-aligned-top is-layout-flow wp-block-column-is-layout-flow\" style=\"flex-basis:85%\">\n<p style=\"font-size:32px\"><strong><strong><span style=\"color:#ede4ce\" class=\"has-inline-color\">2021<\/span><\/strong><\/strong> <span style=\"color:#ede4ce\" class=\"has-inline-color\">(74-3)<\/span><\/p>\n\n\n<p class=\"fonts-plugin-block \" style=\"font-size: 24px;line-height: 1.5\"><strong><strong><strong><strong><span class=\"has-inline-color has-black-color\">ILR Review<\/span><\/strong><\/strong><\/strong><\/strong><\/p>\n\n<p class=\"fonts-plugin-block \" style=\"font-size: 19px;line-height: 1.5\"><strong>Guest Editors:<\/strong><span class=\"has-inline-color has-black-color\"> <strong>Virginia Doellgast<\/strong><\/span><strong> <\/strong>(ILR School, Cornell University), <strong>Matthew Bidwell <\/strong>(University of Pennsylvania), <strong>Alexander J. S. Colvin<\/strong> (ILR School, Cornell University)<\/p>\n\n<p class=\"fonts-plugin-block \" style=\"font-size: 19px;line-height: 1.5\"><span style=\"color:#386568\" class=\"has-inline-color\">New Directions in Employment Relations Theory: Understanding Fragmentation, Identity, and Legitimacy<\/span><\/p>\n\n<p class=\"fonts-plugin-block \" style=\"font-size: 17px;line-height: 1.5\">Because the field of employment relations examines a particular set of social arrangements\u2014the organization of employment\u2014our theories need to adapt as those social arrangements evolve. A rich body of research has documented how work is being reshaped by such forces as the changing role of organized labor in society, the growing complexity of supply chains within and across national borders, the shifting role of the state in regulating employment, and the increased incorporation of previously marginalized voices. Yet we have arguably made less progress in thinking through what these changes mean for the fundamental frameworks that we use to understand the employment relationship.<br><br>The goal of this special issue is to advance the development of theory in labor and employment relations by bringing together projects that advance new frameworks and arguments for understanding the changing world of work. Our hope is that these articles can help to reshape our research and identify the critical forces that shape modern employment.<\/p>\n\n<p class=\"fonts-plugin-block \" style=\"font-size: 15px;line-height: 1.5\">New Directions in Employment Relations Theory: Understanding Fragmentation, Identity, and Legitimacy (<strong>Virginia Doellgast, Matthew Bidwell, Alexander J. S. Colvin<\/strong>) \u2022 From Bread and Roses to #MeToo: Multiplicity, Distance, and the Changing Dynamics of Conflict in IR Theory (<strong>Christine A. Riordan, Alexander M. Kowalski<\/strong>) \u2022 Relational Exchange in Non-union Firms: A Configurational Framework for Workplace Dispute Resolution and Voice (<strong>Ariel C. Avgar<\/strong>) \u2022 Confronting Race and Other Social Identity Erasures: The Case for Critical Industrial Relations Theory (<strong>Tamara L. Lee, Maite Tapia<\/strong>) \u2022 Identification and Worker Responses to Workplace Change: Evidence from Four Cases in India (<strong>Aruna Ranganathan<\/strong>) \u2022 Fissured Employment and Network Bargaining: Emerging Employment Relations Dynamics in a Contingent World of Work (<strong>Mark Anner, Matthew Fischer-Daly, Michael Maffie<\/strong>) \u2022 How Do Employers Choose between Types of Contingent Work? Costs, Control, and Institutional Toying (<strong>Chiara Benassi, Andreas Kornelakis<\/strong>) \u2022 Rethinking the Role of the State in Employment Relations for a Neoliberal Era (<strong>Chris Howell<\/strong>) \u2022 The Social Organization of Ideas in Employment Relations (<strong>Glenn Morgan, Marco Hauptmeier<\/strong>)<\/p>\n\n\n<div style=\"height:20px\" aria-hidden=\"true\" class=\"wp-block-spacer\"><\/div>\n\n\n\n<p><a rel=\"noreferrer noopener\" href=\"https:\/\/journals.sagepub.com\/toc\/ilra\/74\/3\" target=\"_blank\"><img loading=\"lazy\" decoding=\"async\" width=\"40\" height=\"40\" class=\"wp-image-5396\" style=\"width: 40px;\" src=\"http:\/\/www.crimt.net\/wp-content\/uploads\/2020\/11\/WWW6.png\" alt=\"\" srcset=\"https:\/\/www.crimt.net\/wp-content\/uploads\/2020\/11\/WWW6.png 650w, https:\/\/www.crimt.net\/wp-content\/uploads\/2020\/11\/WWW6-300x300.png 300w, https:\/\/www.crimt.net\/wp-content\/uploads\/2020\/11\/WWW6-150x150.png 150w, https:\/\/www.crimt.net\/wp-content\/uploads\/2020\/11\/WWW6-360x360.png 360w\" sizes=\"auto, (max-width: 40px) 100vw, 40px\" \/><\/a><a rel=\"noreferrer noopener\" href=\"http:\/\/www.crimt.net\/Files\/appelfinal-riir-digifr-prolongok_-_4_nov_2019_0.pdf\" target=\"_blank\"><img loading=\"lazy\" decoding=\"async\" width=\"40\" height=\"40\" class=\"wp-image-3490\" style=\"width: 40px;\" src=\"http:\/\/www.crimt.net\/wp-content\/uploads\/2020\/10\/Livres2.png\" alt=\"\" srcset=\"https:\/\/www.crimt.net\/wp-content\/uploads\/2020\/10\/Livres2.png 450w, https:\/\/www.crimt.net\/wp-content\/uploads\/2020\/10\/Livres2-300x300.png 300w, https:\/\/www.crimt.net\/wp-content\/uploads\/2020\/10\/Livres2-150x150.png 150w, https:\/\/www.crimt.net\/wp-content\/uploads\/2020\/10\/Livres2-360x360.png 360w\" sizes=\"auto, (max-width: 40px) 100vw, 40px\" \/><\/a><img loading=\"lazy\" decoding=\"async\" width=\"5\" height=\"5\" class=\"wp-image-5503\" style=\"width: 5px;\" src=\"http:\/\/www.crimt.net\/wp-content\/uploads\/2020\/11\/Spacer.png\" alt=\"\"><a rel=\"noreferrer noopener\" href=\"https:\/\/journals.sagepub.com\/doi\/full\/10.1177\/0019793921993445\" target=\"_blank\"><span class=\"has-inline-color has-black-color\"><span style=\"text-decoration: underline;\">Download the introduction<\/span><\/span><\/a> [Institutional access required]<\/p>\n<\/div>\n<\/div>\n\n\n\n<hr class=\"wp-block-separator has-text-color has-css-opacity has-background is-style-wide\" style=\"background-color:#6b6b6b;color:#6b6b6b\"\/>\n\n\n\n<div style=\"height:50px\" aria-hidden=\"true\" class=\"wp-block-spacer\"><\/div>\n\n\n\n<div class=\"wp-block-columns are-vertically-aligned-top is-layout-flex wp-container-core-columns-is-layout-9d6595d7 wp-block-columns-is-layout-flex\">\n<div class=\"wp-block-column is-vertically-aligned-top is-layout-flow wp-block-column-is-layout-flow\" style=\"flex-basis:27.5%\"><div class=\"wp-block-image\">\n<figure class=\"alignleft size-large\"><img loading=\"lazy\" decoding=\"async\" width=\"600\" height=\"927\" src=\"http:\/\/www.crimt.net\/wp-content\/uploads\/2020\/10\/RI-IR2.jpg\" alt=\"\" class=\"wp-image-4678\" srcset=\"https:\/\/www.crimt.net\/wp-content\/uploads\/2020\/10\/RI-IR2.jpg 600w, https:\/\/www.crimt.net\/wp-content\/uploads\/2020\/10\/RI-IR2-194x300.jpg 194w\" sizes=\"auto, (max-width: 600px) 100vw, 600px\" \/><\/figure>\n<\/div>\n\n\n<p><\/p>\n<\/div>\n\n\n\n<div class=\"wp-block-column is-vertically-aligned-top is-layout-flow wp-block-column-is-layout-flow\" style=\"flex-basis:85%\">\n<p style=\"font-size:32px\"><strong><strong><span style=\"color:#ede4ce\" class=\"has-inline-color\">2020<\/span><\/strong><\/strong> <span style=\"color:#ede4ce\" class=\"has-inline-color\">(75-4)<\/span><\/p>\n\n\n<p class=\"fonts-plugin-block \" style=\"font-size: 24px;line-height: 1.5\"><strong><strong><strong><strong><span class=\"has-inline-color has-black-color\">Relations industrielles \/ Industrial Relations<\/span><\/strong><\/strong><\/strong><\/strong><\/p>\n\n<p class=\"fonts-plugin-block \" style=\"font-size: 19px;line-height: 1.5\"><strong>Guest Editors:<\/strong><span class=\"has-inline-color has-black-color\"> <\/span><strong>Christian L\u00e9vesque <\/strong>(HEC Montr\u00e9al), <strong>Peter Fairbrother <\/strong>(CPOW-RMIT), <strong>Nicolas Roby<\/strong> (CRIMT-Universit\u00e9 de Montr\u00e9al)<\/p>\n\n<p class=\"fonts-plugin-block \" style=\"font-size: 19px;line-height: 1.5\"><span style=\"color:#386568\" class=\"has-inline-color\">Digitalization and Regulation of Work and Employment<\/span><\/p>\n\n<p class=\"fonts-plugin-block \" style=\"font-size: 17px;line-height: 1.5\">This thematic issue is an effort to understand how digitalization is disrupting and reordering the regulation of work and employment. It seeks to contribute to the discussion by considering three complementary questions: How does its impact on the future of work materialize, how does it lead to forms of organizational and institutional experimentation, and what roles do agency and union power play in these processes?<\/p>\n\n<p class=\"fonts-plugin-block \" style=\"font-size: 15px;line-height: 1.5\">Introduction (<strong>Christian L\u00e9vesque, Peter Fairbrother, Nicolas Roby<\/strong>) \u2022 Du flexible au liquide : le travail dans l\u2019\u00e9conomie de plateforme (<strong>Christophe Degryse<\/strong>) \u2022 La \u00ab fabrique r\u00e9glementaire \u00bb autour de l\u2019arriv\u00e9e d\u2019Uber (<strong>Urwana Coiquaud, Lucie Morissette<\/strong>) \u2022 Organiser les inorganis\u00e9s d\u2019une multinationale de services en ligne?&nbsp;Le virage num\u00e9rique de l\u2019<em>Organization United for Respect at Walmart&nbsp;<\/em>(<strong>Mathieu Hocquelet<\/strong>) \u2022&nbsp;Digitized Drones in the Steel Industry:&nbsp;&nbsp;The Social Shaping of Technology (<strong>Dean Stroud, Victoria Edwards, Martin Weinel<\/strong>) \u2022 Nesting Industry 4.0 in High Performance Work Systems: Trade Unions and Workplace Change in the Southern Ontario Automotive Assembly Sector (<strong>Tod D. Rutherford, Lorenzo Frangi<\/strong>) \u2022 Neo-Taylorism in the Digital Age: Workplace Transformations in French and German Retail Warehouses (<strong>J\u00e9r\u00f4me Gauti\u00e9, Karen Jaehrling, Coralie Perez<\/strong>) \u2022 \u2018Smart\u2019 Industrial Relations in the Making? Insights from the Analysis of Union Responses to Digitization in Italy (<strong>Stefano Gasparri, Arianna Tassinari<\/strong>)<\/p>\n\n\n<div style=\"height:20px\" aria-hidden=\"true\" class=\"wp-block-spacer\"><\/div>\n\n\n\n<p><a href=\"https:\/\/www.riir.ulaval.ca\/fr\/details-numeros-publies\/5363\" target=\"_blank\" rel=\"noreferrer noopener\"><img loading=\"lazy\" decoding=\"async\" width=\"40\" height=\"40\" class=\"wp-image-5396\" style=\"width: 40px;\" src=\"http:\/\/www.crimt.net\/wp-content\/uploads\/2020\/11\/WWW6.png\" alt=\"\" srcset=\"https:\/\/www.crimt.net\/wp-content\/uploads\/2020\/11\/WWW6.png 650w, https:\/\/www.crimt.net\/wp-content\/uploads\/2020\/11\/WWW6-300x300.png 300w, https:\/\/www.crimt.net\/wp-content\/uploads\/2020\/11\/WWW6-150x150.png 150w, https:\/\/www.crimt.net\/wp-content\/uploads\/2020\/11\/WWW6-360x360.png 360w\" sizes=\"auto, (max-width: 40px) 100vw, 40px\" \/><\/a><\/p>\n<\/div>\n<\/div>\n\n\n\n<hr class=\"wp-block-separator has-text-color has-css-opacity has-background is-style-wide\" style=\"background-color:#6b6b6b;color:#6b6b6b\"\/>\n\n\n\n<div style=\"height:50px\" aria-hidden=\"true\" class=\"wp-block-spacer\"><\/div>\n\n\n\n<div class=\"wp-block-columns are-vertically-aligned-top is-layout-flex wp-container-core-columns-is-layout-9d6595d7 wp-block-columns-is-layout-flex\">\n<div class=\"wp-block-column is-vertically-aligned-top is-layout-flow wp-block-column-is-layout-flow\" style=\"flex-basis:27.5%\"><div class=\"wp-block-image\">\n<figure class=\"alignleft size-large\"><img loading=\"lazy\" decoding=\"async\" width=\"600\" height=\"928\" src=\"http:\/\/www.crimt.net\/wp-content\/uploads\/2021\/04\/HRMJ2.jpg\" alt=\"\" class=\"wp-image-9890\" srcset=\"https:\/\/www.crimt.net\/wp-content\/uploads\/2021\/04\/HRMJ2.jpg 600w, https:\/\/www.crimt.net\/wp-content\/uploads\/2021\/04\/HRMJ2-194x300.jpg 194w\" sizes=\"auto, (max-width: 600px) 100vw, 600px\" \/><\/figure>\n<\/div>\n\n\n<p><\/p>\n<\/div>\n\n\n\n<div class=\"wp-block-column is-vertically-aligned-top is-layout-flow wp-block-column-is-layout-flow\" style=\"flex-basis:85%\">\n<p style=\"font-size:32px\"><strong><strong><span style=\"color:#ede4ce\" class=\"has-inline-color\">2020 (30-4)<\/span><\/strong><\/strong><\/p>\n\n\n<p class=\"fonts-plugin-block \" style=\"font-size: 24px;line-height: 1.5;color: #000000\"><strong><strong><strong><strong><span class=\"has-inline-color has-black-color\">Human Resource Management Journal<\/span><\/strong><\/strong><\/strong><\/strong><\/p>\n\n<p class=\"fonts-plugin-block \" style=\"font-size: 19px;line-height: 1.5\"><strong>Guest Editors:<\/strong><span class=\"has-inline-color has-black-color\"> <\/span><strong>Steve Vincent <\/strong>(Newcastle University), <strong>Greg J. Bamber <\/strong>(Monash University),<strong> Rick Delbridge <\/strong>(Cardiff University),<strong> Virginia Doellgast <\/strong>(ILR School, Cornell University),<strong> Jo Grady <\/strong>(UCU, London), <strong>Irena Grugulis <\/strong>(Leeds University)<\/p>\n\n<p class=\"fonts-plugin-block \" style=\"font-size: 19px;line-height: 1.5\"><span style=\"color:#386568\" class=\"has-inline-color\">Situating Human Resource Management Practices in their Political and Economic Context<\/span><\/p>\n\n<p class=\"fonts-plugin-block \" style=\"font-size: 17px;line-height: 1.5\">This special issue focuses on <em>Situating Human Resource Management (HRM) Practices in their Political and Economic Contexts<\/em>. In an introductory article, the guest editors develop a novel multilevel framework for exploring the political economy of HRM and use this to position the articles in this special issue. They argue that the study of HRM is often too narrowly constructed within a psychological, positivistic paradigm and at an organisation\u2010level, and that situating HRM in its political and economic context requires a more inclusive, interdisciplinary approach that includes the use of kaleidoscopic imagination and meta\u2010theoretical bricolage. By embracing a theoretically pluralist approach to studying HRM, researchers are better able to analyse how different levels of the political economy interact with specific HRM practices to impact value creation. They conclude by discussing the contribution of this article and the special issue, as well as highlighting avenues for future research.<\/p>\n\n<p class=\"fonts-plugin-block \" style=\"font-size: 17px;line-height: 1.5\">The other articles in the special issue illustrate the usefulness of our framework in theorising the role of the different contextual layers of the political economy in shaping HRM practices and outcomes. None of the articles examines the full array of relationships and variables included in the framework, but rather they examine various combinations of these tiers and the relations among them. Together, they demonstrate how specific layers are more salient within explanations of different topics, issues, and subjects in the field of HRM research.<\/p>\n\n<p class=\"fonts-plugin-block \" style=\"font-size: 15px;line-height: 1.5\">Situating human resource management in the political economy: Multilevel theorising and opportunities for kaleidoscopic imagination (<strong>Steve Vincent<\/strong>,\u00a0<strong>Greg J. Bamber<\/strong>,<strong>\u00a0Rick Delbridge<\/strong>,<strong>\u00a0Virginia Doellgast<\/strong>,<strong>\u00a0Jo Grady<\/strong>,\u00a0<strong>Irena Grugulis<\/strong>) \u2022 Restoring the missing context in HRM: Habitus, capital and field in the reproduction of Japanese repatriate careers (<strong>Leo McCann, Gareth Monteath<\/strong>) \u2022 HR analytics: The onto\u2010epistemology and politics of metricised HRM (<strong>Kay Greasley, Pete Thomas<\/strong>) \u2022 Hidden in plain sight? The human resource management practitioner&#8217;s role in dealing with workplace conflict as a source of organisational\u2013professional power (<strong>Ian Roper, Paul Higgins<\/strong>) \u2022 Human resource management practices in the context of rising right\u2010wing populism (Douglas J. Cumming, Geoffrey Wood, Shaker A. Zahra) \u2022 Employer silencing in a context of voice regulations: Case studies of non\u2010compliance (<strong>Eugene Hickland, Niall Cullinane, Tony Dobbins, Tony Dundon, Jimmy Donaghey<\/strong>) \u2022 Ricardo flies Ryanair: Strategic human resource management and competitive advantage in a Single European Aviation Market (<strong>Geraint Harvey, Peter Turnbull)\u00a0<\/strong>\u2022 Strategy emergence in service delivery networks: Network\u2010oriented human resource management practices at German airports (<strong>J\u00f6rg Sydow, Carsten Wirth, Markus Helfen<\/strong>) \u2022 The HR lady is on board: Untangling the link between HRM&#8217;s feminine image and HRM&#8217;s board representation (<strong>Astrid Reichel, Isabella Scheibmayr, Julia Brandl<\/strong>) \u2022 Adoption of LGBT\u2010friendly practices: The effect of institutional pressures and strategic choice (<strong>Dorothea Roumpi, Panagiotis Giannakis, John E. Delery<\/strong>)<\/p>\n\n\n<div style=\"height:20px\" aria-hidden=\"true\" class=\"wp-block-spacer\"><\/div>\n\n\n\n<p> <a href=\"https:\/\/onlinelibrary.wiley.com\/toc\/17488583\/2020\/30\/4\" target=\"_blank\" rel=\"noreferrer noopener\"><img loading=\"lazy\" decoding=\"async\" width=\"40\" height=\"40\" class=\"wp-image-5396\" style=\"width: 40px;\" src=\"http:\/\/www.crimt.net\/wp-content\/uploads\/2020\/11\/WWW6.png\" alt=\"\" srcset=\"https:\/\/www.crimt.net\/wp-content\/uploads\/2020\/11\/WWW6.png 650w, https:\/\/www.crimt.net\/wp-content\/uploads\/2020\/11\/WWW6-300x300.png 300w, https:\/\/www.crimt.net\/wp-content\/uploads\/2020\/11\/WWW6-150x150.png 150w, https:\/\/www.crimt.net\/wp-content\/uploads\/2020\/11\/WWW6-360x360.png 360w\" sizes=\"auto, (max-width: 40px) 100vw, 40px\" \/><\/a><a rel=\"noreferrer noopener\" href=\"https:\/\/onlinelibrary.wiley.com\/doi\/epdf\/10.1111\/1748-8583.12328\" target=\"_blank\"><img loading=\"lazy\" decoding=\"async\" width=\"40\" height=\"40\" class=\"wp-image-3490\" style=\"width: 40px;\" src=\"http:\/\/www.crimt.net\/wp-content\/uploads\/2020\/10\/Livres2.png\" alt=\"\" srcset=\"https:\/\/www.crimt.net\/wp-content\/uploads\/2020\/10\/Livres2.png 450w, https:\/\/www.crimt.net\/wp-content\/uploads\/2020\/10\/Livres2-300x300.png 300w, https:\/\/www.crimt.net\/wp-content\/uploads\/2020\/10\/Livres2-150x150.png 150w, https:\/\/www.crimt.net\/wp-content\/uploads\/2020\/10\/Livres2-360x360.png 360w\" sizes=\"auto, (max-width: 40px) 100vw, 40px\" \/><\/a><img loading=\"lazy\" decoding=\"async\" width=\"5\" height=\"5\" class=\"wp-image-5503\" style=\"width: 5px;\" src=\"http:\/\/www.crimt.net\/wp-content\/uploads\/2020\/11\/Spacer.png\" alt=\"\"><a href=\"https:\/\/onlinelibrary.wiley.com\/doi\/10.1111\/1748-8583.12328\" target=\"_blank\" rel=\"noreferrer noopener\"><span class=\"has-inline-color has-black-color\"><span style=\"text-decoration: underline;\">Download the introduction<\/span><\/span><\/a> [Open access] <\/p>\n<\/div>\n<\/div>\n\n\n\n<div style=\"height:20px\" aria-hidden=\"true\" class=\"wp-block-spacer\"><\/div>\n\n\n\n<hr class=\"wp-block-separator has-text-color has-css-opacity has-background is-style-wide\" style=\"background-color:#6b6b6b;color:#6b6b6b\"\/>\n\n\n\n<div style=\"height:50px\" aria-hidden=\"true\" class=\"wp-block-spacer\"><\/div>\n\n\n\n<div class=\"wp-block-columns are-vertically-aligned-top is-layout-flex wp-container-core-columns-is-layout-9d6595d7 wp-block-columns-is-layout-flex\">\n<div class=\"wp-block-column is-vertically-aligned-top is-layout-flow wp-block-column-is-layout-flow\" style=\"flex-basis:28%\"><div class=\"wp-block-image\">\n<figure class=\"alignleft size-large\"><img loading=\"lazy\" decoding=\"async\" width=\"600\" height=\"927\" src=\"http:\/\/www.crimt.net\/wp-content\/uploads\/2020\/10\/CLL9.jpg\" alt=\"\" class=\"wp-image-4743\" srcset=\"https:\/\/www.crimt.net\/wp-content\/uploads\/2020\/10\/CLL9.jpg 600w, https:\/\/www.crimt.net\/wp-content\/uploads\/2020\/10\/CLL9-194x300.jpg 194w\" sizes=\"auto, (max-width: 600px) 100vw, 600px\" \/><\/figure>\n<\/div>\n\n\n<p><\/p>\n<\/div>\n\n\n\n<div class=\"wp-block-column is-vertically-aligned-top is-layout-flow wp-block-column-is-layout-flow\" style=\"flex-basis:67.5%\">\n<p style=\"font-size:32px\"><strong><span style=\"color:#ede4ce\" class=\"has-inline-color\">2020 <\/span><\/strong><span style=\"color:#ede4ce\" class=\"has-inline-color\">(41-2)<\/span><\/p>\n\n\n<p class=\"fonts-plugin-block \" style=\"font-size: 24px;line-height: 1.5\"><strong><span class=\"has-inline-color has-black-color\">Comparative Labor Law &amp; Policy Journal<\/span><\/strong><\/p>\n\n<p class=\"fonts-plugin-block \" style=\"font-size: 19px;line-height: 1.5\"><strong><strong>Guest Editor:<\/strong> Isabelle Daugareilh <\/strong>(COMPTRASEC-Universit\u00e9 de Bordeaux)<\/p>\n\n<p class=\"fonts-plugin-block \" style=\"font-size: 19px;line-height: 1.5\"><span style=\"color:#386568\" class=\"has-inline-color\">A European and Comparative Legal Approach on Digital Workers<\/span><\/p>\n\n<p class=\"fonts-plugin-block \" style=\"font-size: 17px;line-height: 1.5\">Bordeaux University\u2019s Centre for Comparative Labour and Social Security Law (COMPTRASEC) held a <a href=\"https:\/\/www.crimt.net\/en\/seminaires-scientifiques\/#JE\"><span class=\"has-inline-color has-black-color\"><span style=\"text-decoration: underline\">European workshop<\/span><\/span><\/a> in November 2018 dedicated to a comparative legal approach to the platform economy and the questions it raises in terms of social legislation. Ten countries (Austria, Belgium, France, Italy, the Netherlands, Romania, Spain, Switzerland, the United Kingdom and the United States) representing a wide variety of legal traditions and faced with different levels of digitalisation of the economy were analysed by legal experts for labour and social security affairs: what are the legal conflicts arising from this new business model, how is national jurisprudence evolving, how are the respective players adapting their strategies?<br><br>Already summarized in a working paper entitled <a rel=\"noreferrer noopener\" href=\"https:\/\/www.etui.org\/sites\/default\/files\/WP-2019.10-EN-v3-WEB.pdf\" target=\"_blank\"><span class=\"has-inline-color has-black-color\"><span style=\"text-decoration: underline\">The platform economy and social law: Key issues in comparative perspective<\/span><\/span><\/a> published by <strong>Isabelle Daugareilh<\/strong>, <strong>Christophe Degryse<\/strong> and <strong>Philippe Pochet<\/strong> (under the European Trade Union Institute imprint), the complete national contributions (Austria, Belgium, France, Italy, the Netherlands, Romania, Spain, Switzerland, the United Kingdom, the United States and the United Kingdom) will form the substance of the special issue of the <em>Comparative Labor Law and Policy Journal<\/em>.<\/p>\n\n<p class=\"fonts-plugin-block \" style=\"font-size: 15px;line-height: 1.5\">Introduction (<strong>Isabelle Daugareilh<\/strong>) \u2022 Locating Unity in the Fragmented Platform Economy: Labor Law and the Platform Economy in the United Kingdom (<strong>Luke Mason<\/strong>) \u2022 The Status of Platform Workers in the Swiss Legal System (<strong>Jean-Philippe Dunand, Sabrine Magoga-Sabatier, Pascal Mahon<\/strong>) \u2022 Fitting the Panoply in a Binary Perspective: The Italian Platform Workers in the European Context (<strong>Silvia Borelli<\/strong>) \u2022 Platform Work in Austria (<strong>G\u00fcnther L\u00f6schnigg<\/strong>) \u2022 Legal Status of Platform Workers in France (<strong>Isabelle Daugareilh<\/strong>) \u2022 The Status of Platform Workers in Romania (<strong>Felicia Ro\u0219ioru<\/strong>) \u2022 Platforms &amp; Platform Work in Spanish Industrial Relations (<strong>Miguel Rodr\u00edguez-Pi\u00f1ero Royo<\/strong>) \u2022 The Netherlands: Trying to Solve 21st Century Challenges by Using 20th Century Concepts (<strong>Nicola Gundt<\/strong>) \u2022 Which Labor Rights for On-Demand Workers? A Critical Appraisal of the Current Belgian Legal Framework (<strong>Auriane Lamine, C\u00e9line Wattecamps<\/strong>).<\/p>\n\n\n<div style=\"height:20px\" aria-hidden=\"true\" class=\"wp-block-spacer\"><\/div>\n\n\n\n<p><a href=\"https:\/\/cllpj.law.illinois.edu\/\" target=\"_blank\" rel=\"noreferrer noopener\"><img loading=\"lazy\" decoding=\"async\" width=\"40\" height=\"40\" class=\"wp-image-5396\" style=\"width: 40px;\" src=\"http:\/\/www.crimt.net\/wp-content\/uploads\/2020\/11\/WWW6.png\" alt=\"\" srcset=\"https:\/\/www.crimt.net\/wp-content\/uploads\/2020\/11\/WWW6.png 650w, https:\/\/www.crimt.net\/wp-content\/uploads\/2020\/11\/WWW6-300x300.png 300w, https:\/\/www.crimt.net\/wp-content\/uploads\/2020\/11\/WWW6-150x150.png 150w, https:\/\/www.crimt.net\/wp-content\/uploads\/2020\/11\/WWW6-360x360.png 360w\" sizes=\"auto, (max-width: 40px) 100vw, 40px\" \/><\/a> <\/p>\n<\/div>\n\n\n\n<div class=\"wp-block-column is-layout-flow wp-block-column-is-layout-flow\" style=\"flex-basis:15%\"><div class=\"wp-block-image\">\n<figure class=\"aligncenter size-large\"><a href=\"http:\/\/www.crimt.net\/centres-partenaires\/#CriDIS\"><img loading=\"lazy\" decoding=\"async\" width=\"500\" height=\"500\" src=\"http:\/\/www.crimt.net\/wp-content\/uploads\/2020\/10\/COMPTRASEC2-1.png\" alt=\"\" class=\"wp-image-1929\" srcset=\"https:\/\/www.crimt.net\/wp-content\/uploads\/2020\/10\/COMPTRASEC2-1.png 500w, https:\/\/www.crimt.net\/wp-content\/uploads\/2020\/10\/COMPTRASEC2-1-300x300.png 300w, https:\/\/www.crimt.net\/wp-content\/uploads\/2020\/10\/COMPTRASEC2-1-150x150.png 150w, https:\/\/www.crimt.net\/wp-content\/uploads\/2020\/10\/COMPTRASEC2-1-360x360.png 360w\" sizes=\"auto, (max-width: 500px) 100vw, 500px\" \/><\/a><\/figure>\n<\/div>\n\n\n<p class=\"has-text-align-center\" style=\"font-size:15px\">An initiative of<\/p>\n<\/div>\n<\/div>\n\n\n\n<hr class=\"wp-block-separator has-text-color has-css-opacity has-background is-style-wide\" style=\"background-color:#6b6b6b;color:#6b6b6b\"\/>\n\n\n\n<div style=\"height:50px\" aria-hidden=\"true\" class=\"wp-block-spacer\"><\/div>\n\n\n\n<div class=\"wp-block-columns are-vertically-aligned-top is-layout-flex wp-container-core-columns-is-layout-9d6595d7 wp-block-columns-is-layout-flex\">\n<div class=\"wp-block-column is-vertically-aligned-top is-layout-flow wp-block-column-is-layout-flow\" style=\"flex-basis:28%\"><div class=\"wp-block-image\">\n<figure class=\"alignleft size-large\"><img loading=\"lazy\" decoding=\"async\" width=\"600\" height=\"927\" src=\"http:\/\/www.crimt.net\/wp-content\/uploads\/2021\/02\/DRS.jpg\" alt=\"\" class=\"wp-image-9441\" srcset=\"https:\/\/www.crimt.net\/wp-content\/uploads\/2021\/02\/DRS.jpg 600w, https:\/\/www.crimt.net\/wp-content\/uploads\/2021\/02\/DRS-194x300.jpg 194w\" sizes=\"auto, (max-width: 600px) 100vw, 600px\" \/><\/figure>\n<\/div>\n\n\n<p><\/p>\n<\/div>\n\n\n\n<div class=\"wp-block-column is-vertically-aligned-top is-layout-flow wp-block-column-is-layout-flow\" style=\"flex-basis:67.5%\">\n<p style=\"font-size:32px\"><strong><span style=\"color:#ede4ce\" class=\"has-inline-color\">2020 (3-106)<\/span><\/strong><\/p>\n\n\n<p class=\"fonts-plugin-block \" style=\"font-size: 24px;line-height: 1.5\"><strong><span class=\"has-inline-color has-black-color\">Droit et Soci\u00e9t\u00e9<\/span><\/strong><\/p>\n\n<p class=\"fonts-plugin-block \" style=\"font-size: 19px;line-height: 1.5\"><strong><strong>Guest Editors :<\/strong> Luca d&#8217;Ambrosio <\/strong>(IREDIES, Universit\u00e9 Paris 1 Panth\u00e9on-Sorbonne), <strong>Pauline Barraud de Lagerie<\/strong> (IRISSO-Universit\u00e9 Paris-Dauphine)<\/p>\n\n<p class=\"fonts-plugin-block \" style=\"font-size: 19px;line-height: 1.5\"><span style=\"color:#386568\" class=\"has-inline-color\">La responsabilit\u00e9 des entreprises reformul\u00e9e par la loi\u00a0: un regard pluridisciplinaire<\/span><\/p>\n\n<p class=\"fonts-plugin-block \" style=\"font-size: 17px;line-height: 1.5\">La promulgation de la loi fran\u00e7aise relative au devoir de vigilance des soci\u00e9t\u00e9s m\u00e8res et donneuses d\u2019ordre, le 27 mars 2017, a marqu\u00e9 un tournant majeur dans le r\u00e9gime de responsabilit\u00e9 des soci\u00e9t\u00e9s commerciales. Cette loi pr\u00e9voit d\u00e9sormais l\u2019obligation, pour toutes les soci\u00e9t\u00e9s fran\u00e7aises d\u00e9passant un certain seuil de salari\u00e9s, d\u2019\u00e9tablir et de mettre en \u0153uvre un \u00ab plan de vigilance \u00bb propre \u00e0 identifier et \u00e0 pr\u00e9venir les atteintes graves envers les \u00ab droits humains et les libert\u00e9s fondamentales \u00bb, \u00ab la sant\u00e9 et la s\u00e9curit\u00e9 des personnes \u00bb et \u00ab l\u2019environnement \u00bb ; et ce pour ce qui concerne leurs activit\u00e9s mais aussi celles de leurs filiales, de leurs sous-traitants ainsi que des fournisseurs avec lesquels est entretenue \u00abune relation commerciale \u00e9tablie\u00bb. L\u2019obligation l\u00e9gale de mise en \u0153uvre d\u2019un plan de vigilance ouvre \u00e0 un double r\u00e9gime de la responsabilit\u00e9 pour la soci\u00e9t\u00e9 donneuse d\u2019ordre d\u00e9faillante : celle-ci pourra d\u2019une part \u00eatre oblig\u00e9e, par une proc\u00e9dure d\u2019injonction, d\u2019adopter un plan de vigilance conforme \u00e0 la loi ; d\u2019autre part, elle pourra r\u00e9pondre des pr\u00e9judices caus\u00e9s par ses filiales ou relations commerciales \u00e9tablies, et que la mise en \u0153uvre d\u2019un plan de vigilance effectif aurait permis d\u2019\u00e9viter.<br><br>C\u2019est pour inscrire cette exp\u00e9rimentation juridique dans un contexte complexe et multidimensionnel\u00a0que ce dossier propose d\u2019appr\u00e9hender la notion de devoir de vigilance \u00e0 la fois comme produit politique, comme objet juridique et comme norme de gestion. Par ce regard pluridisciplinaire, qui prolonge et d\u00e9passe l\u2019abondante production doctrinale sur le devoir de vigilance, les contributions r\u00e9unies ici permettent d\u2019\u00e9clairer les enjeux et les probl\u00e9matiques relatives \u00e0 ce processus d\u2019appr\u00e9hension juridique de la responsabilit\u00e9 sociale des entreprises.<\/p>\n\n<p class=\"fonts-plugin-block \" style=\"font-size: 15px;line-height: 1.5\">La responsabilit\u00e9 des entreprises reformul\u00e9e par la loi : un regard pluridisciplinaire<br>Pr\u00e9sentation du dossier (<strong>Luca d\u2019Ambrosio, Pauline Barraud de Lagerie<\/strong>) \u2022 Le devoir de vigilance : une innovation juridique entre continuit\u00e9s et ruptures (<strong>Luca d\u2019Ambrosio<\/strong>) \u2022 La loi sur le devoir de vigilance des soci\u00e9t\u00e9s multinationales : parcours d\u2019une loi improbable (<strong>Guillaume Delalieux<\/strong>) \u2022 Devoir de vigilance : la norme de gestion comme source de droit ? (<strong>Armand Hatchuel, Blanche Segrestin<\/strong>) \u2022 La loi sur le devoir de vigilance : un mod\u00e8le pour (re)penser la responsabilit\u00e9 des entreprises (<strong>Tatiana Sachs, Juliette Tricot<\/strong>) \u2022 La mise en \u0153uvre du devoir de vigilance : une manag\u00e9rialisation de la loi ? (<strong>Pauline Barraud de Lagerie, \u00c9lodie B\u00e9thoux, Arnaud Mias, \u00c9lise Penalva Icher<\/strong>).<\/p>\n\n\n<div style=\"height:20px\" aria-hidden=\"true\" class=\"wp-block-spacer\"><\/div>\n\n\n\n<p><a rel=\"noreferrer noopener\" href=\"https:\/\/www.cairn.info\/revue-droit-et-societe-2020-3.htm\" target=\"_blank\"><img loading=\"lazy\" decoding=\"async\" width=\"40\" height=\"40\" class=\"wp-image-5396\" style=\"width: 40px;\" src=\"http:\/\/www.crimt.net\/wp-content\/uploads\/2020\/11\/WWW6.png\" alt=\"\" srcset=\"https:\/\/www.crimt.net\/wp-content\/uploads\/2020\/11\/WWW6.png 650w, https:\/\/www.crimt.net\/wp-content\/uploads\/2020\/11\/WWW6-300x300.png 300w, https:\/\/www.crimt.net\/wp-content\/uploads\/2020\/11\/WWW6-150x150.png 150w, https:\/\/www.crimt.net\/wp-content\/uploads\/2020\/11\/WWW6-360x360.png 360w\" sizes=\"auto, (max-width: 40px) 100vw, 40px\" \/><\/a><a href=\"https:\/\/onlinelibrary.wiley.com\/pb-assets\/assets\/14678543\/BJIR_SI_Global_Value_Chains-1509472580000.pdf\"><img loading=\"lazy\" decoding=\"async\" width=\"40\" height=\"40\" class=\"wp-image-3490\" style=\"width: 40px;\" src=\"http:\/\/www.crimt.net\/wp-content\/uploads\/2020\/10\/Livres2.png\" alt=\"\" srcset=\"https:\/\/www.crimt.net\/wp-content\/uploads\/2020\/10\/Livres2.png 450w, https:\/\/www.crimt.net\/wp-content\/uploads\/2020\/10\/Livres2-300x300.png 300w, https:\/\/www.crimt.net\/wp-content\/uploads\/2020\/10\/Livres2-150x150.png 150w, https:\/\/www.crimt.net\/wp-content\/uploads\/2020\/10\/Livres2-360x360.png 360w\" sizes=\"auto, (max-width: 40px) 100vw, 40px\" \/><\/a> <a rel=\"noreferrer noopener\" href=\"http:\/\/www.crimt.net\/Files\/DRS1_106_0623-5.pdf\" target=\"_blank\"><span class=\"has-inline-color has-black-color\"><span style=\"text-decoration: underline;\">Download the introduction<\/span><\/span><\/a> [In French]<\/p>\n<\/div>\n\n\n\n<div class=\"wp-block-column is-layout-flow wp-block-column-is-layout-flow\" style=\"flex-basis:15%\"><div class=\"wp-block-image\">\n<figure class=\"aligncenter size-large\"><a href=\"http:\/\/www.crimt.net\/centres-partenaires\/#CriDIS\"><img loading=\"lazy\" decoding=\"async\" width=\"500\" height=\"500\" src=\"http:\/\/www.crimt.net\/wp-content\/uploads\/2020\/10\/IRISSO.png\" alt=\"\" class=\"wp-image-1927\" srcset=\"https:\/\/www.crimt.net\/wp-content\/uploads\/2020\/10\/IRISSO.png 500w, https:\/\/www.crimt.net\/wp-content\/uploads\/2020\/10\/IRISSO-300x300.png 300w, https:\/\/www.crimt.net\/wp-content\/uploads\/2020\/10\/IRISSO-150x150.png 150w, https:\/\/www.crimt.net\/wp-content\/uploads\/2020\/10\/IRISSO-360x360.png 360w\" sizes=\"auto, (max-width: 500px) 100vw, 500px\" \/><\/a><\/figure>\n<\/div>\n\n\n<p class=\"has-text-align-center\" style=\"font-size:15px\">Une initiative de<\/p>\n<\/div>\n<\/div>\n\n\n\n<div style=\"height:20px\" aria-hidden=\"true\" class=\"wp-block-spacer\"><\/div>\n\n\n\n<hr class=\"wp-block-separator has-text-color has-css-opacity has-background is-style-wide\" style=\"background-color:#6b6b6b;color:#6b6b6b\"\/>\n\n\n\n<div style=\"height:50px\" aria-hidden=\"true\" class=\"wp-block-spacer\"><\/div>\n\n\n\n<div class=\"wp-block-columns are-vertically-aligned-top is-layout-flex wp-container-core-columns-is-layout-9d6595d7 wp-block-columns-is-layout-flex\">\n<div class=\"wp-block-column is-vertically-aligned-top is-layout-flow wp-block-column-is-layout-flow\" style=\"flex-basis:28%\"><div class=\"wp-block-image\">\n<figure class=\"alignleft size-large\"><img loading=\"lazy\" decoding=\"async\" width=\"600\" height=\"927\" src=\"http:\/\/www.crimt.net\/wp-content\/uploads\/2020\/11\/ILR.jpg\" alt=\"\" class=\"wp-image-6789\" srcset=\"https:\/\/www.crimt.net\/wp-content\/uploads\/2020\/11\/ILR.jpg 600w, https:\/\/www.crimt.net\/wp-content\/uploads\/2020\/11\/ILR-194x300.jpg 194w\" sizes=\"auto, (max-width: 600px) 100vw, 600px\" \/><\/figure>\n<\/div>\n\n\n<p><\/p>\n<\/div>\n\n\n\n<div class=\"wp-block-column is-vertically-aligned-top is-layout-flow wp-block-column-is-layout-flow\" style=\"flex-basis:67.5%\">\n<p style=\"font-size:32px\"><strong><span style=\"color:#ede4ce\" class=\"has-inline-color\">2020 <\/span><\/strong><span style=\"color:#ede4ce\" class=\"has-inline-color\">(159-4)<\/span><\/p>\n\n\n<p class=\"fonts-plugin-block \" style=\"font-size: 24px;line-height: 1.5\"><span class=\"has-inline-color has-black-color\"><strong>International Labour Review<\/strong><\/span><\/p>\n\n<p class=\"fonts-plugin-block \" style=\"font-size: 19px;line-height: 1.5\"><strong>Guest <strong>Editor:<\/strong> Adelle Blackett <\/strong>(LLDRL-McGill University)<\/p>\n\n<p class=\"fonts-plugin-block \" style=\"font-size: 19px;line-height: 1.5\"><span style=\"color:#386568\" class=\"has-inline-color\">Transnational Futures of International Labour Law<\/span><\/p>\n\n<p class=\"fonts-plugin-block \" style=\"font-size: 17px;line-height: 1.5\">This special issue emerges from an initiative to commemorate the centenary of the International Labour Organization (ILO). With the support of a 2016 Pierre Elliott Trudeau Foundation Fellowship, the guest editor had the honour to offer a <a rel=\"noreferrer noopener\" href=\"https:\/\/www.mcgill.ca\/lldrl\/what-we-teach\/tfill\" target=\"_blank\"><span class=\"has-inline-color has-black-color\"><span style=\"text-decoration: underline\">bilingual course at the McGill University Faculty of Law<\/span><\/span><\/a> entitled the Transnational Futures of International Law: La justice sociale dans le monde du travail.<\/p>\n\n<p class=\"fonts-plugin-block \" style=\"font-size: 17px;line-height: 1.5\">The Winter 2019 Transnational Futures of International Labour Law course was a collective effort, characterized by a rich mix of presentations and comments to registered students (who also had the opportunity to comment on the speakers\u2019 presentations) from leading and emerging scholars from around the world, high ranking international labour officials, independent UN experts and several dignitaries. Each session was also webcast live, and was joined by a vast group of participants worldwide. A <a rel=\"noreferrer noopener\" href=\"https:\/\/www.youtube.com\/playlist?list=PLvXRlrBlOIMaObmMKAOQ4i7U6oeR_mY7-\" target=\"_blank\"><span class=\"has-inline-color has-black-color\"><span style=\"text-decoration: underline\">webarchive<\/span><\/span><\/a> of the lectures remains available, and serves as a source for ongoing knowledge- sharing and reflection on international labour law.<\/p>\n\n<p class=\"fonts-plugin-block \" style=\"font-size: 17px;line-height: 1.5\">This special issue builds on a number of the stellar presentations for the course. Each represents a distinct, important dimension of the emerging field of transnational labour law.<\/p>\n\n<p class=\"fonts-plugin-block \" style=\"font-size: 15px;line-height: 1.5\">Introduction: Transnational Futures of International Labour Law (<strong>Adelle Blackett<\/strong>) \u2022&nbsp;Engagement with sustainability at the International Labour Organization and wider implications for collective worker voice (<strong>Tonia Novitz<\/strong>) \u2022 Les relations entre droit international et droit europ\u00e9en du travail et leur incidence sur le d\u00e9veloppement du droit social international et europ\u00e9en&nbsp;(<strong>Sophie Robin-Olivier<\/strong>)&nbsp;\u2022&nbsp;On the ILO and prison labour: an invitation for recalculation (<strong>Faina Milman Sivan, Yair Sagy<\/strong>) \u2022 TBC (<strong>Bernard Duhaime, \u00c9lo\u00efse Ouellet-D\u00e9coste<\/strong>)&nbsp;\u2022&nbsp;The Rana Plaza disaster seven years on: Transnational experiments and perhaps a new treaty? (<strong>Anne Trebilcock<\/strong>) \u2022 The trade\/labour relationship in light of The WTO Appellate Body\u2019s Embrace of Pluralism (<strong>Joanna Langille<\/strong>) \u2022 On social regionalism in transnational labour law&nbsp;(<strong>Adelle Blackett<\/strong>)<\/p>\n\n\n<div style=\"height:20px\" aria-hidden=\"true\" class=\"wp-block-spacer\"><\/div>\n\n\n\n<p><a href=\"https:\/\/www.onlinelibrary.wiley.com\/journal\/1564913x\" target=\"_blank\" rel=\"noreferrer noopener\"><img loading=\"lazy\" decoding=\"async\" width=\"40\" height=\"40\" class=\"wp-image-5396\" style=\"width: 40px;\" src=\"http:\/\/www.crimt.net\/wp-content\/uploads\/2020\/11\/WWW6.png\" alt=\"\" srcset=\"https:\/\/www.crimt.net\/wp-content\/uploads\/2020\/11\/WWW6.png 650w, https:\/\/www.crimt.net\/wp-content\/uploads\/2020\/11\/WWW6-300x300.png 300w, https:\/\/www.crimt.net\/wp-content\/uploads\/2020\/11\/WWW6-150x150.png 150w, https:\/\/www.crimt.net\/wp-content\/uploads\/2020\/11\/WWW6-360x360.png 360w\" sizes=\"auto, (max-width: 40px) 100vw, 40px\" \/><\/a><a href=\"https:\/\/onlinelibrary.wiley.com\/pb-assets\/assets\/14678543\/BJIR_SI_Global_Value_Chains-1509472580000.pdf\"><img loading=\"lazy\" decoding=\"async\" width=\"40\" height=\"40\" class=\"wp-image-3490\" style=\"width: 40px;\" src=\"http:\/\/www.crimt.net\/wp-content\/uploads\/2020\/10\/Livres2.png\" alt=\"\" srcset=\"https:\/\/www.crimt.net\/wp-content\/uploads\/2020\/10\/Livres2.png 450w, https:\/\/www.crimt.net\/wp-content\/uploads\/2020\/10\/Livres2-300x300.png 300w, https:\/\/www.crimt.net\/wp-content\/uploads\/2020\/10\/Livres2-150x150.png 150w, https:\/\/www.crimt.net\/wp-content\/uploads\/2020\/10\/Livres2-360x360.png 360w\" sizes=\"auto, (max-width: 40px) 100vw, 40px\" \/><\/a> <a href=\"https:\/\/www.onlinelibrary.wiley.com\/doi\/full\/10.1111\/ilr.12180\" target=\"_blank\" rel=\"noreferrer noopener\"><span class=\"has-inline-color has-black-color\"><span style=\"text-decoration: underline;\">Download the introduction<\/span><\/span><\/a><span class=\"has-inline-color has-black-color\"> [Institutional access required] <\/span><\/p>\n<\/div>\n\n\n\n<div class=\"wp-block-column is-layout-flow wp-block-column-is-layout-flow\" style=\"flex-basis:15%\"><div class=\"wp-block-image\">\n<figure class=\"aligncenter size-large\"><a href=\"http:\/\/www.crimt.net\/centres-partenaires\/#CriDIS\"><img loading=\"lazy\" decoding=\"async\" width=\"500\" height=\"500\" src=\"http:\/\/www.crimt.net\/wp-content\/uploads\/2020\/10\/LLDRL.png\" alt=\"\" class=\"wp-image-1904\" srcset=\"https:\/\/www.crimt.net\/wp-content\/uploads\/2020\/10\/LLDRL.png 500w, https:\/\/www.crimt.net\/wp-content\/uploads\/2020\/10\/LLDRL-300x300.png 300w, https:\/\/www.crimt.net\/wp-content\/uploads\/2020\/10\/LLDRL-150x150.png 150w, https:\/\/www.crimt.net\/wp-content\/uploads\/2020\/10\/LLDRL-360x360.png 360w\" sizes=\"auto, (max-width: 500px) 100vw, 500px\" \/><\/a><\/figure>\n<\/div>\n\n\n<p class=\"has-text-align-center\" style=\"font-size:15px\">An initiative of<\/p>\n<\/div>\n<\/div>\n\n\n\n<div style=\"height:20px\" aria-hidden=\"true\" class=\"wp-block-spacer\"><\/div>\n\n\n\n<hr class=\"wp-block-separator has-text-color has-css-opacity has-background is-style-wide\" style=\"background-color:#6b6b6b;color:#6b6b6b\"\/>\n\n\n\n<div style=\"height:50px\" aria-hidden=\"true\" class=\"wp-block-spacer\"><\/div>\n\n\n\n<div class=\"wp-block-columns are-vertically-aligned-top is-layout-flex wp-container-core-columns-is-layout-9d6595d7 wp-block-columns-is-layout-flex\">\n<div class=\"wp-block-column is-vertically-aligned-top is-layout-flow wp-block-column-is-layout-flow\" style=\"flex-basis:28%\"><div class=\"wp-block-image\">\n<figure class=\"alignleft size-large\"><img loading=\"lazy\" decoding=\"async\" width=\"553\" height=\"854\" src=\"http:\/\/www.crimt.net\/wp-content\/uploads\/2020\/10\/Transfer.jpg\" alt=\"\" class=\"wp-image-4681\" srcset=\"https:\/\/www.crimt.net\/wp-content\/uploads\/2020\/10\/Transfer.jpg 553w, https:\/\/www.crimt.net\/wp-content\/uploads\/2020\/10\/Transfer-194x300.jpg 194w\" sizes=\"auto, (max-width: 553px) 100vw, 553px\" \/><\/figure>\n<\/div>\n\n\n<p><\/p>\n<\/div>\n\n\n\n<div class=\"wp-block-column is-vertically-aligned-top is-layout-flow wp-block-column-is-layout-flow\" style=\"flex-basis:67.5%\">\n<p style=\"font-size:32px\"><strong><span style=\"color:#ede4ce\" class=\"has-inline-color\">2020<\/span><\/strong> <span style=\"color:#ede4ce\" class=\"has-inline-color\">(26-2)<\/span><\/p>\n\n\n<p class=\"fonts-plugin-block \" style=\"font-size: 24px;line-height: 1.5\"><strong>Transfer: European Review of Labour and Research<\/strong><\/p>\n\n<p class=\"fonts-plugin-block \" style=\"font-size: 19px;line-height: 1.5\"><strong>Guest<strong> Editors:<\/strong> Isabelle Ferreras <\/strong>(TED-CriDIS-UCLouvain), <strong>Ian MacDonald<\/strong> (University of Montreal), <strong>Gregor Murray<\/strong> (University of Montreal), <strong>Valeria Pulignano<\/strong> (KU Leuven)<\/p>\n\n<p class=\"fonts-plugin-block \" style=\"font-size: 19px;line-height: 1.5\"><span style=\"color:#386568\" class=\"has-inline-color\">Institutional experimentation for better (or worse) work<\/span><\/p>\n\n<p class=\"fonts-plugin-block \" style=\"font-size: 17px;line-height: 1.5\">In different national, institutional and organisational contexts, and in conditions of uncertainty, worker organisations, old and new, are experimenting in response to the major fault lines of change they face. This special issue focuses on these processes of experimentation: the disruption of traditional forms of regulation of work and employment; how a variety of actors are engaged in experimentation about the governance of work and employment; how these actors are making claims on the state; how these processes can lead to better and to worse work; and how strong sets of capabilities and particular configurations of resources on the part of those engaged in experimentation can contribute to new forms of work regulation and indeed better work. Key themes include the agency and resilience of actors and their development of new collective capabilities, the importance of deliberation and democracy, the strategic and reflexive nature of their experimentation, the potential scalability of experimentation into new forms of institutionalisation integrating core values such as equality, solidarity and democracy, and new models of research aggregation requiring ongoing dialogue between actors and researchers.<\/p>\n\n<p class=\"fonts-plugin-block \" style=\"font-size: 15px;line-height: 1.5\">Introduction: Institutional experimentation for better (or worse) work (<strong>Isabelle Ferreras, Ian MacDonald, Gregor Murray, Valeria Pulignano<\/strong>) \u2022 L\u2019exp\u00e9rimentation institutionnelle au travail, pour le meilleur (ou pour le pire) (<strong>Isabelle Ferreras, Ian MacDonald, Gregor Murray, Valeria Pulignano<\/strong>) \u2022 Disruption and re-regulation in work and employment: from organisational to institutional experimentation (<strong>Gregor Murray, Christian L\u00e9vesque, Glenn Morgan, Nicolas Roby<\/strong>) \u2022 A freelancers\u2019 cooperative as a case of democratic institutional experimentation for better work: a case study of SMart-Belgium (<strong>Julien Charles, Isabelle Ferreras, Auriane Lamine<\/strong>) \u2022 Workplace change and institutional experimentation: a case study of service-sector work in Europe (<strong>Valeria Pulignano, Paul Thompson, Nadja Doerflinger<\/strong>) \u2022 Shaping Industry 4.0 \u2013 an experimental approach developed by German trade unions (<strong>Gerhard Bosch, Jutta Schmitz-Kie\u00dfler<\/strong>) \u2022 \u2018We just get a bit set in our ways\u2019: renewing democracy and solidarity in UK trade unions (<strong>Heather Connolly<\/strong>).<\/p>\n\n\n<div style=\"height:20px\" aria-hidden=\"true\" class=\"wp-block-spacer\"><\/div>\n\n\n\n<p><a rel=\"noreferrer noopener\" href=\"https:\/\/journals.sagepub.com\/toc\/trsa\/26\/2\" target=\"_blank\"><img loading=\"lazy\" decoding=\"async\" width=\"40\" height=\"40\" class=\"wp-image-5396\" style=\"width: 40px;\" src=\"http:\/\/www.crimt.net\/wp-content\/uploads\/2020\/11\/WWW6.png\" alt=\"\" srcset=\"https:\/\/www.crimt.net\/wp-content\/uploads\/2020\/11\/WWW6.png 650w, https:\/\/www.crimt.net\/wp-content\/uploads\/2020\/11\/WWW6-300x300.png 300w, https:\/\/www.crimt.net\/wp-content\/uploads\/2020\/11\/WWW6-150x150.png 150w, https:\/\/www.crimt.net\/wp-content\/uploads\/2020\/11\/WWW6-360x360.png 360w\" sizes=\"auto, (max-width: 40px) 100vw, 40px\" \/><\/a><img loading=\"lazy\" decoding=\"async\" width=\"40\" height=\"40\" class=\"wp-image-3490\" style=\"width: 40px;\" src=\"http:\/\/www.crimt.net\/wp-content\/uploads\/2020\/10\/Livres2.png\" alt=\"\" srcset=\"https:\/\/www.crimt.net\/wp-content\/uploads\/2020\/10\/Livres2.png 450w, https:\/\/www.crimt.net\/wp-content\/uploads\/2020\/10\/Livres2-300x300.png 300w, https:\/\/www.crimt.net\/wp-content\/uploads\/2020\/10\/Livres2-150x150.png 150w, https:\/\/www.crimt.net\/wp-content\/uploads\/2020\/10\/Livres2-360x360.png 360w\" sizes=\"auto, (max-width: 40px) 100vw, 40px\" \/> <a rel=\"noreferrer noopener\" href=\"https:\/\/journals.sagepub.com\/doi\/pdf\/10.1177\/1024258920919346\" target=\"_blank\"><span class=\"has-inline-color has-black-color\"><span style=\"text-decoration: underline;\">Download the first article<\/span><\/span><\/a><span class=\"has-inline-color has-black-color\"> [Open access]<\/span><\/p>\n<\/div>\n\n\n\n<div class=\"wp-block-column is-layout-flow wp-block-column-is-layout-flow\" style=\"flex-basis:15%\"><div class=\"wp-block-image\">\n<figure class=\"aligncenter size-large\"><a href=\"http:\/\/www.crimt.net\/centres-partenaires\/#CriDIS\"><img loading=\"lazy\" decoding=\"async\" width=\"500\" height=\"500\" src=\"http:\/\/www.crimt.net\/wp-content\/uploads\/2020\/10\/ETUI.png\" alt=\"\" class=\"wp-image-1924\" srcset=\"https:\/\/www.crimt.net\/wp-content\/uploads\/2020\/10\/ETUI.png 500w, https:\/\/www.crimt.net\/wp-content\/uploads\/2020\/10\/ETUI-300x300.png 300w, https:\/\/www.crimt.net\/wp-content\/uploads\/2020\/10\/ETUI-150x150.png 150w, https:\/\/www.crimt.net\/wp-content\/uploads\/2020\/10\/ETUI-360x360.png 360w\" sizes=\"auto, (max-width: 500px) 100vw, 500px\" \/><\/a><\/figure>\n<\/div>\n\n\n<p class=\"has-text-align-center\" style=\"font-size:15px\">A publication of<\/p>\n<\/div>\n<\/div>\n\n\n\n<div style=\"height:20px\" aria-hidden=\"true\" class=\"wp-block-spacer\"><\/div>\n\n\n\n<hr class=\"wp-block-separator has-text-color has-css-opacity has-background is-style-wide\" style=\"background-color:#6b6b6b;color:#6b6b6b\"\/>\n\n\n\n<div style=\"height:50px\" aria-hidden=\"true\" class=\"wp-block-spacer\"><\/div>\n\n\n\n<div class=\"wp-block-columns are-vertically-aligned-top is-layout-flex wp-container-core-columns-is-layout-9d6595d7 wp-block-columns-is-layout-flex\">\n<div class=\"wp-block-column is-vertically-aligned-top is-layout-flow wp-block-column-is-layout-flow\" style=\"flex-basis:28%\"><div class=\"wp-block-image\">\n<figure class=\"alignleft size-large\"><img loading=\"lazy\" decoding=\"async\" width=\"600\" height=\"927\" src=\"http:\/\/www.crimt.net\/wp-content\/uploads\/2020\/11\/AJIL-1.jpg\" alt=\"\" class=\"wp-image-6794\" srcset=\"https:\/\/www.crimt.net\/wp-content\/uploads\/2020\/11\/AJIL-1.jpg 600w, https:\/\/www.crimt.net\/wp-content\/uploads\/2020\/11\/AJIL-1-194x300.jpg 194w\" sizes=\"auto, (max-width: 600px) 100vw, 600px\" \/><\/figure>\n<\/div>\n\n\n<p><\/p>\n<\/div>\n\n\n\n<div class=\"wp-block-column is-vertically-aligned-top is-layout-flow wp-block-column-is-layout-flow\" style=\"flex-basis:67.5%\">\n<p style=\"font-size:32px\"><strong><span style=\"color:#ede4ce\" class=\"has-inline-color\">2019 <\/span><\/strong><span style=\"color:#ede4ce\" class=\"has-inline-color\">(113)<\/span><\/p>\n\n\n<p class=\"fonts-plugin-block \" style=\"font-size: 24px;line-height: 1.5\"><span class=\"has-inline-color has-black-color\"><strong>American Journal of International Law<\/strong><\/span><\/p>\n\n<p class=\"fonts-plugin-block \" style=\"font-size: 19px;line-height: 1.5\"><strong>Guest Editors<strong>:<\/strong> Adelle Blackett <\/strong>(LLDRL-McGill University), <strong>Laurence R. Helfer <\/strong>(Duke University School of Law)<\/p>\n\n<p class=\"fonts-plugin-block \" style=\"font-size: 19px;line-height: 1.5\"><span style=\"color:#386568\" class=\"has-inline-color\">Transnational Futures of International Labor Law<\/span><\/p>\n\n<p class=\"fonts-plugin-block \" style=\"font-size: 17px;line-height: 1.5\">During the annual International Labour Conference in Geneva in June 2019, the ILO adopted the Centenary Declaration for the Future of Work&nbsp;and a pair of path-breaking legal instruments on the elimination of violence and harassment.&nbsp;In addition, the Office of the Legal Advisor convened leading scholars to reflect on \u201cILO100: Law for Social Justice,\u201d and ILO officials have been present at scholarly conferences discussing the organization\u2019s past and future.<\/p>\n\n<p class=\"fonts-plugin-block \" style=\"font-size: 17px;line-height: 1.5\">One such contribution to the ILO\u2019s centenary, out of which this AJIL Unbound symposium emerges, was <a rel=\"noreferrer noopener\" href=\"https:\/\/www.mcgill.ca\/lldrl\/what-we-teach\/tfill\" target=\"_blank\"><span class=\"has-inline-color has-black-color\"><span style=\"text-decoration: underline\">a course, the Transnational Futures of International Labor Law, convened at the McGill University Faculty of Law<\/span><\/span><\/a>. The course featured twelve weeks of live webcast lectures by leading scholars from around the world on topics including corporate social responsibility, reliance on international labor standards by regional and domestic courts, labor market informality through the lens of climate justice, and the ILO\u2019s approach to prison labor under the Forced Labour Convention, 1930 (No. 29). Most sessions included commentary by senior legal experts from the ILO\u2019s permanent secretariat, the International Labour Office.<\/p>\n\n<p class=\"fonts-plugin-block \" style=\"font-size: 17px;line-height: 1.5\">This special issue builds on a number of the stellar presentations for the course. Each represents a distinct, important dimension of the emerging field of transnational labour law.<\/p>\n\n<p class=\"fonts-plugin-block \" style=\"font-size: 15px;line-height: 1.5\">Introduction to the Symposium on Transnational Futures of International Labor Law (<strong>Adelle Blackett, Laurence R. Helfer<\/strong>) \u2022 Theorizing Emancipatory Transnational Futures of International Labor Law (<strong>Adelle Blackett<\/strong>) \u2022 The ILO at 100: Institutional Innovation in an Era of Populism (<strong>Laurence R. Helfer<\/strong>) \u2022 International Labor Law and its Others: Governance by Norm Versus Governance by Knowledge (<strong>Liam McHugh-Russell<\/strong>) \u2022 Reimagining Trade Agreements for Workers: Lessons from the USMCA (<strong>\u00c1lvaro Santos<\/strong>) \u2022 Past as Prologue? Theorizing Transnational Labor Law Between Jessup and Jenks (<strong>Guy Fiti Sinclair<\/strong>) \u2022 China and The Belt and Road Initiative: Transnational Labor Law Under State Capitalism 4.0 (<strong>Mimi Zou<\/strong>)<\/p>\n\n\n<div style=\"height:20px\" aria-hidden=\"true\" class=\"wp-block-spacer\"><\/div>\n\n\n\n<p><a rel=\"noreferrer noopener\" href=\"https:\/\/www.onlinelibrary.wiley.com\/journal\/1564913x\" target=\"_blank\"><img loading=\"lazy\" decoding=\"async\" width=\"40\" height=\"40\" class=\"wp-image-5396\" style=\"width: 40px;\" src=\"http:\/\/www.crimt.net\/wp-content\/uploads\/2020\/11\/WWW6.png\" alt=\"\" srcset=\"https:\/\/www.crimt.net\/wp-content\/uploads\/2020\/11\/WWW6.png 650w, https:\/\/www.crimt.net\/wp-content\/uploads\/2020\/11\/WWW6-300x300.png 300w, https:\/\/www.crimt.net\/wp-content\/uploads\/2020\/11\/WWW6-150x150.png 150w, https:\/\/www.crimt.net\/wp-content\/uploads\/2020\/11\/WWW6-360x360.png 360w\" sizes=\"auto, (max-width: 40px) 100vw, 40px\" \/><\/a><a href=\"https:\/\/onlinelibrary.wiley.com\/pb-assets\/assets\/14678543\/BJIR_SI_Global_Value_Chains-1509472580000.pdf\"><img loading=\"lazy\" decoding=\"async\" width=\"40\" height=\"40\" class=\"wp-image-3490\" style=\"width: 40px;\" src=\"http:\/\/www.crimt.net\/wp-content\/uploads\/2020\/10\/Livres2.png\" alt=\"\" srcset=\"https:\/\/www.crimt.net\/wp-content\/uploads\/2020\/10\/Livres2.png 450w, https:\/\/www.crimt.net\/wp-content\/uploads\/2020\/10\/Livres2-300x300.png 300w, https:\/\/www.crimt.net\/wp-content\/uploads\/2020\/10\/Livres2-150x150.png 150w, https:\/\/www.crimt.net\/wp-content\/uploads\/2020\/10\/Livres2-360x360.png 360w\" sizes=\"auto, (max-width: 40px) 100vw, 40px\" \/><\/a> <a href=\"https:\/\/www.cambridge.org\/core\/journals\/american-journal-of-international-law\/ajil-unbound-by-symposium\/transnational-futures-of-international-labor-law\" target=\"_blank\" rel=\"noreferrer noopener\"><span class=\"has-inline-color has-black-color\"><span style=\"text-decoration: underline;\">Download all articles<\/span><\/span><\/a><span class=\"has-inline-color has-black-color\"> [Open Access]<\/span><\/p>\n<\/div>\n\n\n\n<div class=\"wp-block-column is-layout-flow wp-block-column-is-layout-flow\" style=\"flex-basis:15%\"><div class=\"wp-block-image\">\n<figure class=\"aligncenter size-large\"><a href=\"http:\/\/www.crimt.net\/centres-partenaires\/#CriDIS\"><img loading=\"lazy\" decoding=\"async\" width=\"500\" height=\"500\" src=\"http:\/\/www.crimt.net\/wp-content\/uploads\/2020\/10\/LLDRL.png\" alt=\"\" class=\"wp-image-1904\" srcset=\"https:\/\/www.crimt.net\/wp-content\/uploads\/2020\/10\/LLDRL.png 500w, https:\/\/www.crimt.net\/wp-content\/uploads\/2020\/10\/LLDRL-300x300.png 300w, https:\/\/www.crimt.net\/wp-content\/uploads\/2020\/10\/LLDRL-150x150.png 150w, https:\/\/www.crimt.net\/wp-content\/uploads\/2020\/10\/LLDRL-360x360.png 360w\" sizes=\"auto, (max-width: 500px) 100vw, 500px\" \/><\/a><\/figure>\n<\/div>\n\n\n<p class=\"has-text-align-center\" style=\"font-size:15px\">An initiative of<\/p>\n<\/div>\n<\/div>\n\n\n\n<div style=\"height:20px\" aria-hidden=\"true\" class=\"wp-block-spacer\"><\/div>\n\n\n\n<hr class=\"wp-block-separator has-text-color has-css-opacity has-background is-style-wide\" style=\"background-color:#6b6b6b;color:#6b6b6b\"\/>\n\n\n\n<div style=\"height:50px\" aria-hidden=\"true\" class=\"wp-block-spacer\"><\/div>\n\n\n\n<div class=\"wp-block-columns are-vertically-aligned-top is-layout-flex wp-container-core-columns-is-layout-9d6595d7 wp-block-columns-is-layout-flex\">\n<div class=\"wp-block-column is-vertically-aligned-top is-layout-flow wp-block-column-is-layout-flow\" style=\"flex-basis:28%\"><div class=\"wp-block-image\">\n<figure class=\"alignleft size-large\"><img loading=\"lazy\" decoding=\"async\" width=\"600\" height=\"928\" src=\"http:\/\/www.crimt.net\/wp-content\/uploads\/2020\/10\/IJCL-1.jpg\" alt=\"\" class=\"wp-image-4713\" srcset=\"https:\/\/www.crimt.net\/wp-content\/uploads\/2020\/10\/IJCL-1.jpg 600w, https:\/\/www.crimt.net\/wp-content\/uploads\/2020\/10\/IJCL-1-194x300.jpg 194w\" sizes=\"auto, (max-width: 600px) 100vw, 600px\" \/><\/figure>\n<\/div>\n\n\n<p><\/p>\n<\/div>\n\n\n\n<div class=\"wp-block-column is-vertically-aligned-top is-layout-flow wp-block-column-is-layout-flow\" style=\"flex-basis:67.5%\">\n<p style=\"font-size:32px\"><strong><span style=\"color:#ede4ce\" class=\"has-inline-color\"><strong><strong>2019<\/strong><\/strong><\/span><\/strong><span style=\"color:#ede4ce\" class=\"has-inline-color\"> (35-2)<\/span><\/p>\n\n\n<p class=\"fonts-plugin-block \" style=\"font-size: 24px;line-height: 1.5\"><span class=\"has-inline-color has-black-color\"><strong><strong><strong>International Journal of Comparative Labour Law and Industrial Relations<\/strong><\/strong><\/strong><\/span><\/p>\n\n<p class=\"fonts-plugin-block \" style=\"font-size: 19px;line-height: 1.5\"><strong><strong>Guest Editors:<\/strong> <strong>Kevin Banks <\/strong><\/strong>(CLCW-Queen&#8217;s University), <strong><strong>Manoj Dias-Abey <\/strong><\/strong>(University of Bristol)<\/p>\n\n\n<p style=\"font-size:19px\"><span style=\"color:#386568\" class=\"has-inline-color\">Migrants at Work<\/span><\/p>\n\n\n<p class=\"fonts-plugin-block \" style=\"font-size: 17px;line-height: 1.5\">Canada introduced a non-industry-specific temporary foreign worker program in 1973,&nbsp;which in the 1990s started to become more clearly divided into&nbsp;\u2018high-skilled\u2019&nbsp;and&nbsp;\u2018low-skilled\u2019&nbsp;streams. In the early 2000s, several changes were made to the program that expanded the low- skilled stream. One of the consequences of these changes was to shift the source of temporary migrant workers from the Global North to the Global South. Commentators have argued that one of the driving forces behind the growth of low-skilled temporary migration is the need to ensure the country\u2019s labour market needs without encumbering the state with citizenship obligations. As we are learning, even this does not balance tensions between market imperatives and nativist demands. When the issue of temporary labour migration started to attract significant negative publicity in 2013, the government implemented a range of reform measures, which were mostly designed to assuage concerns that Canadian jobs were being taken by foreigners. Despite the compelling evidence of temporary migrant workers being treated poorly in their workplaces, subjected to wage theft, to dangerous occupational hazards, and to regular violations of other workplace rights and entitlements, there were only limited reforms aimed at improving the working conditions of these workers. Even those measures intended to ensure better enforcement of their limited labour rights appear not to have had an unambiguously positive impact on the migrant workers.<\/p>\n\n<p class=\"fonts-plugin-block \" style=\"font-size: 17px;line-height: 1.5\">It is in this context that the Centre for Law in the Contemporary Workplace, with the generous support of the Queen\u2019s University Faculty of Law and CRIMT&#8217;s Institutional Experimentation for Better Work Partnership Project, organized the&nbsp;<a href=\"https:\/\/www.crimt.net\/en\/seminaires-scientifiques\/#MW\"><span class=\"has-inline-color has-black-color\"><span style=\"text-decoration: underline\">\u2018Migrants at Work in Canada\u2019&nbsp;symposium<\/span><\/span><\/a> on 20 and 21 April 2018 in Kingston, Ontario. The symposium assembled a multidisciplinary group of academic researchers as well as advocates from prominent migrant justice organizations. The five articles that appear in this special issue are the fruits of this exchange. Some of the articles have a Canadian and US focus although their significance reaches well beyond the borders of North America, while others take a more explicitly international approach.<\/p>\n\n<p class=\"fonts-plugin-block \" style=\"font-size: 15px;line-height: 1.5\">Migrant Workers: Contesting Definitions, Institutional Responses, and Rights (<strong>Kevin Banks, Manoj Dias-Abey<\/strong>) \u2022 Expanding the Movement of Natural Persons Through Free Trade Agreements? A Review of CETA, TPP and ChAFTA (<strong>\u00c5sa Odin Ekman, Samuel Engblom<\/strong>) \u2022 Revisiting Social Reproduction: Migrant Care Workers and Their Entitlements in Canada (<strong>Supriya Routh<\/strong>) \u2022 Enforcing Employment Standards for Temporary Migrant Agricultural Workers in Ontario, Canada: Exposing Underexplored Layers of Vulnerability (<strong>Rebecca Casey, Leah F. Vosko, Eric Tucker<\/strong>) \u2022 Institutionalizing a Binational Enforcement Strategy for Migrant Worker Rights (<strong>X\u00f3chitl Bada, Shannon Gleeson<\/strong>)<\/p>\n\n\n<div style=\"height:20px\" aria-hidden=\"true\" class=\"wp-block-spacer\"><\/div>\n\n\n\n<p><a rel=\"noreferrer noopener\" href=\"https:\/\/kluwerlawonline.com\/journalIssue\/International+Journal+of+Comparative+Labour+Law+and+Industrial+Relations\/35.2\/17515\" target=\"_blank\"><img loading=\"lazy\" decoding=\"async\" width=\"40\" height=\"40\" class=\"wp-image-5396\" style=\"width: 40px;\" src=\"http:\/\/www.crimt.net\/wp-content\/uploads\/2020\/11\/WWW6.png\" alt=\"\" srcset=\"https:\/\/www.crimt.net\/wp-content\/uploads\/2020\/11\/WWW6.png 650w, https:\/\/www.crimt.net\/wp-content\/uploads\/2020\/11\/WWW6-300x300.png 300w, https:\/\/www.crimt.net\/wp-content\/uploads\/2020\/11\/WWW6-150x150.png 150w, https:\/\/www.crimt.net\/wp-content\/uploads\/2020\/11\/WWW6-360x360.png 360w\" sizes=\"auto, (max-width: 40px) 100vw, 40px\" \/><\/a><a href=\"https:\/\/kluwerlawonline.com\/journalIssue\/International+Journal+of+Comparative+Labour+Law+and+Industrial+Relations\/35.2\/17515\"><img loading=\"lazy\" decoding=\"async\" width=\"40\" height=\"40\" class=\"wp-image-3490\" style=\"width: 40px;\" src=\"http:\/\/www.crimt.net\/wp-content\/uploads\/2020\/10\/Livres2.png\" alt=\"\" srcset=\"https:\/\/www.crimt.net\/wp-content\/uploads\/2020\/10\/Livres2.png 450w, https:\/\/www.crimt.net\/wp-content\/uploads\/2020\/10\/Livres2-300x300.png 300w, https:\/\/www.crimt.net\/wp-content\/uploads\/2020\/10\/Livres2-150x150.png 150w, https:\/\/www.crimt.net\/wp-content\/uploads\/2020\/10\/Livres2-360x360.png 360w\" sizes=\"auto, (max-width: 40px) 100vw, 40px\" \/><\/a> <span class=\"has-inline-color has-black-color\"><span style=\"text-decoration: underline;\"><\/span><\/span><a rel=\"noreferrer noopener\" href=\"https:\/\/kluwerlawonline.com\/journalIssue\/International+Journal+of+Comparative+Labour+Law+and+Industrial+Relations\/35.2\/17515\" target=\"_blank\"><span class=\"has-inline-color has-black-color\"><span style=\"text-decoration: underline;\">Download these articles<\/span><\/span><\/a><span class=\"has-inline-color has-black-color\"> [Institutional access required]<\/span><\/p>\n<\/div>\n\n\n\n<div class=\"wp-block-column is-layout-flow wp-block-column-is-layout-flow\" style=\"flex-basis:15%\"><div class=\"wp-block-image\">\n<figure class=\"aligncenter size-large\"><a href=\"http:\/\/www.crimt.net\/centres-partenaires\/#CriDIS\"><img loading=\"lazy\" decoding=\"async\" width=\"500\" height=\"500\" src=\"http:\/\/www.crimt.net\/wp-content\/uploads\/2020\/10\/CLCW.png\" alt=\"\" class=\"wp-image-1913\" srcset=\"https:\/\/www.crimt.net\/wp-content\/uploads\/2020\/10\/CLCW.png 500w, https:\/\/www.crimt.net\/wp-content\/uploads\/2020\/10\/CLCW-300x300.png 300w, https:\/\/www.crimt.net\/wp-content\/uploads\/2020\/10\/CLCW-150x150.png 150w, https:\/\/www.crimt.net\/wp-content\/uploads\/2020\/10\/CLCW-360x360.png 360w\" sizes=\"auto, (max-width: 500px) 100vw, 500px\" \/><\/a><\/figure>\n<\/div>\n\n\n<p class=\"has-text-align-center\" style=\"font-size:15px\">An initiative of<\/p>\n<\/div>\n<\/div>\n\n\n\n<div style=\"height:20px\" aria-hidden=\"true\" class=\"wp-block-spacer\"><\/div>\n\n\n\n<hr class=\"wp-block-separator has-text-color has-css-opacity has-background is-style-wide\" style=\"background-color:#6b6b6b;color:#6b6b6b\"\/>\n\n\n\n<div style=\"height:50px\" aria-hidden=\"true\" class=\"wp-block-spacer\"><\/div>\n\n\n\n<div class=\"wp-block-columns are-vertically-aligned-top is-layout-flex wp-container-core-columns-is-layout-9d6595d7 wp-block-columns-is-layout-flex\">\n<div class=\"wp-block-column is-vertically-aligned-top is-layout-flow wp-block-column-is-layout-flow\" style=\"flex-basis:28%\"><div class=\"wp-block-image\">\n<figure class=\"alignleft size-large\"><img loading=\"lazy\" decoding=\"async\" width=\"600\" height=\"927\" src=\"http:\/\/www.crimt.net\/wp-content\/uploads\/2020\/10\/COMPTRASEC2.jpg\" alt=\"\" class=\"wp-image-4682\" srcset=\"https:\/\/www.crimt.net\/wp-content\/uploads\/2020\/10\/COMPTRASEC2.jpg 600w, https:\/\/www.crimt.net\/wp-content\/uploads\/2020\/10\/COMPTRASEC2-194x300.jpg 194w\" sizes=\"auto, (max-width: 600px) 100vw, 600px\" \/><\/figure>\n<\/div>\n\n\n<p><\/p>\n<\/div>\n\n\n\n<div class=\"wp-block-column is-vertically-aligned-top is-layout-flow wp-block-column-is-layout-flow\" style=\"flex-basis:67.5%\">\n<p style=\"font-size:32px\"><strong><span style=\"color:#ede4ce\" class=\"has-inline-color\"><strong><strong>2019<\/strong><\/strong><\/span><\/strong><span style=\"color:#ede4ce\" class=\"has-inline-color\"> (2)<\/span><\/p>\n\n\n<p class=\"fonts-plugin-block \" style=\"font-size: 24px;line-height: 1.5\"><span class=\"has-inline-color has-black-color\"><strong><strong><strong>Revue de droit compar\u00e9 du travail et de la s\u00e9curit\u00e9 sociale<\/strong><\/strong><\/strong><\/span><\/p>\n\n<p class=\"fonts-plugin-block \" style=\"font-size: 19px;line-height: 1.5\"><strong><strong>Editors:<\/strong> <strong>Isabelle Daugareilh <\/strong><\/strong>(COMPTRASEC-Universit\u00e9 de Bordeaux), <strong><strong>Allison Fiorentino <\/strong><\/strong>(Universit\u00e9 de Rouen)<\/p>\n\n\n<p style=\"font-size:19px\"><span style=\"color:#386568\" class=\"has-inline-color\">The Uberisation of Work<\/span><\/p>\n\n\n<p class=\"fonts-plugin-block \" style=\"font-size: 17px;line-height: 1.5\">\u00ab The uberisation of work \u00bb refers to a new form of work at the crossroads of self-employment and employment. National judges have often been confronted with this issue, but the emergence of service platforms, such as UBER, has brought the debate on the characteristics of the workforce to the forefront of the legal arena. If the legislator seems passive, the same cannot be said of the judge. The various case law cases discussed demonstrate that the courts are uncomfortable with this issue. Some judges have decided to change the criteria for salaried employment in order to allow these workers who benefit from a certain independence from the qualification of employee. This is the case with the California Supreme Court, which has reformed an old and well-established jurisprudence. Other judges, without touching the classic criteria of salaried employment, did not hesitate to include platform workers in the category of employees. The French Court of Cassation, putting an end to a certain hesitation in the case law, ruled that the particular nature of the activity of platform workers was by no means sufficient to rule out the qualification of employee. However, some judges, without recognising the status of employees, have granted these workers certain rights. This is the case for the British magistrates who did not hesitate to criticise the contractual arrangement that UBER imposes on its drivers to make them artificially qualify as self-employed. Similarly, Canadian judges have also pilloried this attitude of platforms that use their dominant position to impose unfair clauses, such as arbitration clauses, to deny workers access to a judge. It is rare at present for a Praetorian consensus to be established in a State. Thus, in Spain, Netherlands and Switzerland there were divergent responses. Other judges, in Brazil and Italia, refuse to change the traditional criteria of salaried employment, which results in depriving many workers using these platforms of the protection of employees\u2019 status. Finally, some judges have not yet given an answer as the South African judge who has not yet taken a clear position.<\/p>\n\n<p class=\"fonts-plugin-block \" style=\"font-size: 17px;line-height: 1.5\">The eleven contributions to this special issue consider national responses to this challenge.<\/p>\n\n<p class=\"fonts-plugin-block \" style=\"font-size: 15px;line-height: 1.5\">Introduction (<strong>Isabelle Daugareilh, Allison Fiorentino<\/strong>) \u2022 Le travail dans l\u2019\u00e9conomie des plateformes dans la jurisprudence italienne (<strong>Vincenzo Bavaro, Donato Marino<\/strong>) \u2022 Les travailleurs des plateformes juridiques en France : le juge, arbitre de leur statut ? (<strong>Isabelle Desbarats<\/strong>) \u2022 La jurisprudence am\u00e9ricaine et l\u2019ub\u00e9risation du travail (<strong>Allison Fiorentino<\/strong>) \u2022 La jurisprudence sur l\u2019ub\u00e9risation du travail au Royaume-Uni (<strong>Lisa Rodgers<\/strong>) \u2022 La notion de travailleur subordonn\u00e9 en Espagne face aux nouvelles formes d\u2019emploi (<strong>Jes\u00fas Cruz Villal\u00f3n<\/strong>) \u2022 Les plateformes num\u00e9riques aux Pays-Bas et la jurisprudence travailliste (<strong>Hanneke Bennaars, Gerrard Boot<\/strong>) \u2022 L\u2019ub\u00e9risation du travail en Suisse (<strong>Kurt P\u00e4rli<\/strong>) \u2022 L\u2019ub\u00e9risation du travail dans la jurisprudence br\u00e9silienne (<strong>Sidnei Machado<\/strong>) \u2022 Uber et la r\u00e9glementation canadienne : \u00e9tat de la jurisprudence (<strong>Urwana Coiquaud<\/strong>) \u2022 Le droit du travail et la \u00ab r\u00e9volution technologique \u00bb en Afrique du Sud (<strong>Kitty Malherbe, Kgomotso Mokoena, Darcy du Toit<\/strong>)<\/p>\n\n\n<div style=\"height:20px\" aria-hidden=\"true\" class=\"wp-block-spacer\"><\/div>\n\n\n\n<p><a rel=\"noreferrer noopener\" href=\"https:\/\/comptrasec.u-bordeaux.fr\/revue\/jurisprudence-sociale-compar-e-et-internationale-2019\" target=\"_blank\"><img loading=\"lazy\" decoding=\"async\" width=\"40\" height=\"40\" class=\"wp-image-5396\" style=\"width: 40px;\" src=\"http:\/\/www.crimt.net\/wp-content\/uploads\/2020\/11\/WWW6.png\" alt=\"\" srcset=\"https:\/\/www.crimt.net\/wp-content\/uploads\/2020\/11\/WWW6.png 650w, https:\/\/www.crimt.net\/wp-content\/uploads\/2020\/11\/WWW6-300x300.png 300w, https:\/\/www.crimt.net\/wp-content\/uploads\/2020\/11\/WWW6-150x150.png 150w, https:\/\/www.crimt.net\/wp-content\/uploads\/2020\/11\/WWW6-360x360.png 360w\" sizes=\"auto, (max-width: 40px) 100vw, 40px\" \/><\/a><a href=\"https:\/\/comptrasec.u-bordeaux.fr\/revue\/jurisprudence-sociale-compar-e-et-internationale-2019\"><img loading=\"lazy\" decoding=\"async\" width=\"40\" height=\"40\" class=\"wp-image-3490\" style=\"width: 40px;\" src=\"http:\/\/www.crimt.net\/wp-content\/uploads\/2020\/10\/Livres2.png\" alt=\"\" srcset=\"https:\/\/www.crimt.net\/wp-content\/uploads\/2020\/10\/Livres2.png 450w, https:\/\/www.crimt.net\/wp-content\/uploads\/2020\/10\/Livres2-300x300.png 300w, https:\/\/www.crimt.net\/wp-content\/uploads\/2020\/10\/Livres2-150x150.png 150w, https:\/\/www.crimt.net\/wp-content\/uploads\/2020\/10\/Livres2-360x360.png 360w\" sizes=\"auto, (max-width: 40px) 100vw, 40px\" \/><\/a> <span class=\"has-inline-color has-black-color\"><span style=\"text-decoration: underline;\"><\/span><\/span><a rel=\"noreferrer noopener\" href=\"https:\/\/comptrasec.u-bordeaux.fr\/revue\/jurisprudence-sociale-compar-e-et-internationale-2019\" target=\"_blank\"><span class=\"has-inline-color has-black-color\"><span style=\"text-decoration: underline;\">Download these articles<\/span><\/span><\/a><span class=\"has-inline-color has-black-color\"> [Institutional access required]<\/span><\/p>\n<\/div>\n\n\n\n<div class=\"wp-block-column is-layout-flow wp-block-column-is-layout-flow\" style=\"flex-basis:15%\"><div class=\"wp-block-image\">\n<figure class=\"aligncenter size-large\"><a href=\"http:\/\/www.crimt.net\/centres-partenaires\/#CriDIS\"><img loading=\"lazy\" decoding=\"async\" width=\"500\" height=\"500\" src=\"http:\/\/www.crimt.net\/wp-content\/uploads\/2020\/10\/COMPTRASEC2-1.png\" alt=\"\" class=\"wp-image-1929\" srcset=\"https:\/\/www.crimt.net\/wp-content\/uploads\/2020\/10\/COMPTRASEC2-1.png 500w, https:\/\/www.crimt.net\/wp-content\/uploads\/2020\/10\/COMPTRASEC2-1-300x300.png 300w, https:\/\/www.crimt.net\/wp-content\/uploads\/2020\/10\/COMPTRASEC2-1-150x150.png 150w, https:\/\/www.crimt.net\/wp-content\/uploads\/2020\/10\/COMPTRASEC2-1-360x360.png 360w\" sizes=\"auto, (max-width: 500px) 100vw, 500px\" \/><\/a><\/figure>\n<\/div>\n\n\n<p class=\"has-text-align-center\" style=\"font-size:15px\">A publication of<\/p>\n<\/div>\n<\/div>\n\n\n\n<div style=\"height:20px\" aria-hidden=\"true\" class=\"wp-block-spacer\"><\/div>\n\n\n\n<hr class=\"wp-block-separator has-text-color has-css-opacity has-background is-style-wide\" style=\"background-color:#6b6b6b;color:#6b6b6b\"\/>\n\n\n\n<div style=\"height:50px\" aria-hidden=\"true\" class=\"wp-block-spacer\"><\/div>\n\n\n\n<div class=\"wp-block-columns are-vertically-aligned-top is-layout-flex wp-container-core-columns-is-layout-9d6595d7 wp-block-columns-is-layout-flex\">\n<div class=\"wp-block-column is-vertically-aligned-top is-layout-flow wp-block-column-is-layout-flow\" style=\"flex-basis:28%\"><div class=\"wp-block-image\">\n<figure class=\"alignleft size-large\"><img loading=\"lazy\" decoding=\"async\" width=\"600\" height=\"928\" src=\"http:\/\/www.crimt.net\/wp-content\/uploads\/2021\/04\/HRMJ2.jpg\" alt=\"\" class=\"wp-image-9890\" srcset=\"https:\/\/www.crimt.net\/wp-content\/uploads\/2021\/04\/HRMJ2.jpg 600w, https:\/\/www.crimt.net\/wp-content\/uploads\/2021\/04\/HRMJ2-194x300.jpg 194w\" sizes=\"auto, (max-width: 600px) 100vw, 600px\" \/><\/figure>\n<\/div>\n\n\n<p><\/p>\n<\/div>\n\n\n\n<div class=\"wp-block-column is-vertically-aligned-top is-layout-flow wp-block-column-is-layout-flow\" style=\"flex-basis:67.5%\">\n<p style=\"font-size:32px\"><strong><span style=\"color:#ede4ce\" class=\"has-inline-color\"><strong><strong>2019<\/strong><\/strong><\/span><\/strong><span style=\"color:#ede4ce\" class=\"has-inline-color\"> (29-1)<\/span><\/p>\n\n\n<p class=\"fonts-plugin-block \" style=\"font-size: 24px;line-height: 1.5\"><span class=\"has-inline-color has-black-color\"><strong><strong><strong>Human Resource Management Journal<\/strong><\/strong><\/strong><\/span><\/p>\n\n<p class=\"fonts-plugin-block \" style=\"font-size: 19px;line-height: 1.5\"><strong>Guest Editors: Leon Gooberman<\/strong> (ERU-Cardiff University), <strong>Marco Hauptmeier<\/strong> (ERU-Cardiff University), <strong>Edmund Heery<\/strong> (ERU-Cardiff University)<\/p>\n\n\n<p style=\"font-size:19px\"><span style=\"color:#386568\" class=\"has-inline-color\">Employer Organisations<\/span><\/p>\n\n\n<p class=\"fonts-plugin-block \" style=\"font-size: 15px;line-height: 1.5\">Employer organisations transformed (<strong>Philippe Demougin, Leon Gooberman, Marco Hauptmeier, Edmund Heery<\/strong>) \u2022 When territory matters: Employer associations and changing collective goods strategies (<strong>Peter Sheldon, Edoardo Della Torre, Raoul Nacamulli<\/strong>) \u2022 Adapting to survive: The case of Danish employers&#8217; organisations (<strong>Christian Lyhne Ibsen, Steen E. Navrbjerg<\/strong>) \u2022 Small change, big impact? Organisational membership rules and the exit of employers&#8217; associations from multiemployer bargaining in Germany (<strong>Martin Behrens, Markus Helfen<\/strong>) \u2022 Employers&#8217; organisations as social movements: Political power and identity work (<strong>Lisa A. Sezer<\/strong>) \u2022 The evolution of employers&#8217; organisations in the United Kingdom: Extending countervailing power (<strong>Leon Gooberman, Marco Hauptmeier, Edmund Heery<\/strong>)<\/p>\n\n\n<div style=\"height:20px\" aria-hidden=\"true\" class=\"wp-block-spacer\"><\/div>\n\n\n\n<p><a href=\"https:\/\/onlinelibrary.wiley.com\/toc\/17488583\/2019\/29\/1\" target=\"_blank\" rel=\"noreferrer noopener\"><img loading=\"lazy\" decoding=\"async\" width=\"40\" height=\"40\" class=\"wp-image-5396\" style=\"width: 40px;\" src=\"http:\/\/www.crimt.net\/wp-content\/uploads\/2020\/11\/WWW6.png\" alt=\"\" srcset=\"https:\/\/www.crimt.net\/wp-content\/uploads\/2020\/11\/WWW6.png 650w, https:\/\/www.crimt.net\/wp-content\/uploads\/2020\/11\/WWW6-300x300.png 300w, https:\/\/www.crimt.net\/wp-content\/uploads\/2020\/11\/WWW6-150x150.png 150w, https:\/\/www.crimt.net\/wp-content\/uploads\/2020\/11\/WWW6-360x360.png 360w\" sizes=\"auto, (max-width: 40px) 100vw, 40px\" \/><\/a><img loading=\"lazy\" decoding=\"async\" width=\"40\" height=\"40\" class=\"wp-image-3490\" style=\"width: 40px;\" src=\"http:\/\/www.crimt.net\/wp-content\/uploads\/2020\/10\/Livres2.png\" alt=\"\" srcset=\"https:\/\/www.crimt.net\/wp-content\/uploads\/2020\/10\/Livres2.png 450w, https:\/\/www.crimt.net\/wp-content\/uploads\/2020\/10\/Livres2-300x300.png 300w, https:\/\/www.crimt.net\/wp-content\/uploads\/2020\/10\/Livres2-150x150.png 150w, https:\/\/www.crimt.net\/wp-content\/uploads\/2020\/10\/Livres2-360x360.png 360w\" sizes=\"auto, (max-width: 40px) 100vw, 40px\" \/> <span class=\"has-inline-color has-black-color\"><span style=\"text-decoration: underline;\"><\/span><\/span><a href=\"https:\/\/onlinelibrary.wiley.com\/toc\/17488583\/2019\/29\/1\" target=\"_blank\" rel=\"noreferrer noopener\"><span class=\"has-inline-color has-black-color\"><span style=\"text-decoration: underline;\">Download these articles<\/span><\/span><\/a><span class=\"has-inline-color has-black-color\"> [Institutional access required]<\/span><\/p>\n<\/div>\n\n\n\n<div class=\"wp-block-column is-layout-flow wp-block-column-is-layout-flow\" style=\"flex-basis:15%\"><div class=\"wp-block-image\">\n<figure class=\"aligncenter size-large\"><a href=\"http:\/\/www.crimt.net\/centres-partenaires\/#CriDIS\"><img loading=\"lazy\" decoding=\"async\" width=\"500\" height=\"500\" src=\"http:\/\/www.crimt.net\/wp-content\/uploads\/2020\/10\/ERU.png\" alt=\"\" class=\"wp-image-1930\" srcset=\"https:\/\/www.crimt.net\/wp-content\/uploads\/2020\/10\/ERU.png 500w, https:\/\/www.crimt.net\/wp-content\/uploads\/2020\/10\/ERU-300x300.png 300w, https:\/\/www.crimt.net\/wp-content\/uploads\/2020\/10\/ERU-150x150.png 150w, https:\/\/www.crimt.net\/wp-content\/uploads\/2020\/10\/ERU-360x360.png 360w\" sizes=\"auto, (max-width: 500px) 100vw, 500px\" \/><\/a><\/figure>\n<\/div>\n\n\n<p class=\"has-text-align-center\" style=\"font-size:15px\">An initiative of<\/p>\n<\/div>\n<\/div>\n\n\n\n<div style=\"height:20px\" aria-hidden=\"true\" class=\"wp-block-spacer\"><\/div>\n\n\n\n<hr class=\"wp-block-separator has-text-color has-css-opacity has-background is-style-wide\" style=\"background-color:#6b6b6b;color:#6b6b6b\"\/>\n\n\n\n<div style=\"height:50px\" aria-hidden=\"true\" class=\"wp-block-spacer\"><\/div>\n\n\n\n<div class=\"wp-block-columns are-vertically-aligned-top is-layout-flex wp-container-core-columns-is-layout-9d6595d7 wp-block-columns-is-layout-flex\">\n<div class=\"wp-block-column is-vertically-aligned-top is-layout-flow wp-block-column-is-layout-flow\" style=\"flex-basis:28%\"><div class=\"wp-block-image\">\n<figure class=\"alignleft size-large\"><img loading=\"lazy\" decoding=\"async\" width=\"600\" height=\"927\" src=\"http:\/\/www.crimt.net\/wp-content\/uploads\/2020\/10\/NRT3.jpg\" alt=\"\" class=\"wp-image-4688\" srcset=\"https:\/\/www.crimt.net\/wp-content\/uploads\/2020\/10\/NRT3.jpg 600w, https:\/\/www.crimt.net\/wp-content\/uploads\/2020\/10\/NRT3-194x300.jpg 194w\" sizes=\"auto, (max-width: 600px) 100vw, 600px\" \/><\/figure>\n<\/div>\n\n\n<p><\/p>\n<\/div>\n\n\n\n<div class=\"wp-block-column is-vertically-aligned-top is-layout-flow wp-block-column-is-layout-flow\" style=\"flex-basis:67.5%\">\n<p style=\"font-size:32px\"><strong><span style=\"color:#ede4ce\" class=\"has-inline-color\">2018 <\/span><\/strong><span style=\"color:#ede4ce\" class=\"has-inline-color\">(13)<\/span><\/p>\n\n\n<p class=\"fonts-plugin-block \" style=\"font-size: 24px;line-height: 1.5\"><strong><span class=\"has-inline-color has-black-color\">La nouvelle revue du travail<\/span><\/strong><\/p>\n\n<p class=\"fonts-plugin-block \" style=\"font-size: 19px;line-height: 1.5\"><strong><strong>Guest Editors:<\/strong> <strong>Sarah&nbsp;Abdelnour&nbsp;<\/strong><\/strong>(IRISSO-Universit\u00e9 Paris-Dauphine), <strong><strong>Sophie&nbsp;Bernard<\/strong> <\/strong>(IRISSO-Universit\u00e9 Paris-Dauphine)<\/p>\n\n\n<p style=\"font-size:19px\"><span style=\"color:#386568\" class=\"has-inline-color\">Towards a Platform Capitalism&nbsp;?<\/span><\/p>\n\n\n<p class=\"fonts-plugin-block \" style=\"font-size: 17px;line-height: 1.5\">This special issue of <em>La nouvelle revue du travail<\/em> entitled: &#8220;Towards a Platform Capitalism? &#8220;situates from the outset the radical transformations that digital platforms are introducing into contemporary capitalism; in several places one could speak of a break with the way these platforms are transforming work in itself, its conditions of exercise and especially employment.<\/p>\n\n<p class=\"fonts-plugin-block \" style=\"font-size: 17px;line-height: 1.5\">The articles in this issue present the results of the first surveys carried out in various sectors of the platform economy, surveys largely focused on the transformations to work induced by the latter. Behind this economic model considered innovative, what characterizes this new type of economic transaction is that the providers of work are often individuals who are not salaried, or even professionals. They are the ones who own the means of production and the work force that they sell as independents, either directly to consumers or to an intermediary. The workers of these platforms assume the risks related to the activity (investment, clientele, physical risk) while having little autonomy in the organization of the work itself (calibrated processes, prices set by the platform, controls by the latter and by consumers).<\/p>\n\n<p class=\"fonts-plugin-block \" style=\"font-size: 15px;line-height: 1.5\">Vers un capitalisme de plateforme ? Mobiliser le travail, contourner les r\u00e9gulations (<strong>Sarah Abdelnour, Sophie Bernard<\/strong>) \u2022 Livrer \u00e0 v\u00e9lo\u2026 en attendant mieux (<strong>Arthur Jan<\/strong>) \u2022 \u00ab Faites de votre passion un m\u00e9tier \u00bb. Etsy, une plateforme d\u2019\u00e9mancipation f\u00e9minine ? (<strong>Anne Jourdain<\/strong>) \u2022 Constitution et exploitation du capital communautaire. Le travail des streamers sur la plateforme Twitch (<strong>Mathieu Cocq<\/strong>) \u2022 Quel droit social en Europe face au capitalisme de plateforme ? (<strong>Jos\u00e9pha Dirringer<\/strong>)<\/p>\n\n\n<div style=\"height:20px\" aria-hidden=\"true\" class=\"wp-block-spacer\"><\/div>\n\n\n\n<p><a rel=\"noreferrer noopener\" href=\"https:\/\/journals.openedition.org\/nrt\/3734\" target=\"_blank\"><img loading=\"lazy\" decoding=\"async\" width=\"40\" height=\"40\" class=\"wp-image-5396\" style=\"width: 40px;\" src=\"http:\/\/www.crimt.net\/wp-content\/uploads\/2020\/11\/WWW6.png\" alt=\"\" srcset=\"https:\/\/www.crimt.net\/wp-content\/uploads\/2020\/11\/WWW6.png 650w, https:\/\/www.crimt.net\/wp-content\/uploads\/2020\/11\/WWW6-300x300.png 300w, https:\/\/www.crimt.net\/wp-content\/uploads\/2020\/11\/WWW6-150x150.png 150w, https:\/\/www.crimt.net\/wp-content\/uploads\/2020\/11\/WWW6-360x360.png 360w\" sizes=\"auto, (max-width: 40px) 100vw, 40px\" \/><\/a><a href=\"https:\/\/journals.openedition.org\/nrt\/3734\"><img loading=\"lazy\" decoding=\"async\" width=\"40\" height=\"40\" class=\"wp-image-3490\" style=\"width: 40px;\" src=\"http:\/\/www.crimt.net\/wp-content\/uploads\/2020\/10\/Livres2.png\" alt=\"\" srcset=\"https:\/\/www.crimt.net\/wp-content\/uploads\/2020\/10\/Livres2.png 450w, https:\/\/www.crimt.net\/wp-content\/uploads\/2020\/10\/Livres2-300x300.png 300w, https:\/\/www.crimt.net\/wp-content\/uploads\/2020\/10\/Livres2-150x150.png 150w, https:\/\/www.crimt.net\/wp-content\/uploads\/2020\/10\/Livres2-360x360.png 360w\" sizes=\"auto, (max-width: 40px) 100vw, 40px\" \/><\/a> <a rel=\"noreferrer noopener\" href=\"https:\/\/journals.openedition.org\/nrt\/3734\" target=\"_blank\"><span class=\"has-inline-color has-black-color\"><span style=\"text-decoration: underline;\">Download these <\/span><\/span><\/a><font color=\"#0073aa\"><span class=\"has-inline-color has-black-color\"><span style=\"text-decoration: underline;\"><u>artic<\/u><\/span><\/span><\/font><a rel=\"noreferrer noopener\" href=\"https:\/\/journals.openedition.org\/nrt\/3734\" target=\"_blank\"><span class=\"has-inline-color has-black-color\"><span style=\"text-decoration: underline;\">les<\/span><\/span><\/a><span class=\"has-inline-color has-black-color\"> [Open access]<\/span><\/p>\n<\/div>\n\n\n\n<div class=\"wp-block-column is-layout-flow wp-block-column-is-layout-flow\" style=\"flex-basis:15%\"><div class=\"wp-block-image\">\n<figure class=\"aligncenter size-large\"><a href=\"http:\/\/www.crimt.net\/centres-partenaires\/#CriDIS\"><img loading=\"lazy\" decoding=\"async\" width=\"500\" height=\"500\" src=\"http:\/\/www.crimt.net\/wp-content\/uploads\/2020\/10\/IRISSO.png\" alt=\"\" class=\"wp-image-1927\" srcset=\"https:\/\/www.crimt.net\/wp-content\/uploads\/2020\/10\/IRISSO.png 500w, https:\/\/www.crimt.net\/wp-content\/uploads\/2020\/10\/IRISSO-300x300.png 300w, https:\/\/www.crimt.net\/wp-content\/uploads\/2020\/10\/IRISSO-150x150.png 150w, https:\/\/www.crimt.net\/wp-content\/uploads\/2020\/10\/IRISSO-360x360.png 360w\" sizes=\"auto, (max-width: 500px) 100vw, 500px\" \/><\/a><\/figure>\n<\/div>\n\n\n<p class=\"has-text-align-center\" style=\"font-size:15px\">An initiative of<\/p>\n<\/div>\n<\/div>\n\n\n\n<div style=\"height:20px\" aria-hidden=\"true\" class=\"wp-block-spacer\"><\/div>\n\n\n\n<hr class=\"wp-block-separator has-text-color has-css-opacity has-background is-style-wide\" style=\"background-color:#6b6b6b;color:#6b6b6b\"\/>\n\n\n\n<div style=\"height:50px\" aria-hidden=\"true\" class=\"wp-block-spacer\"><\/div>\n\n\n\n<div class=\"wp-block-columns are-vertically-aligned-top is-layout-flex wp-container-core-columns-is-layout-9d6595d7 wp-block-columns-is-layout-flex\">\n<div class=\"wp-block-column is-vertically-aligned-top is-layout-flow wp-block-column-is-layout-flow\" style=\"flex-basis:28%\"><div class=\"wp-block-image\">\n<figure class=\"alignleft size-large\"><img loading=\"lazy\" decoding=\"async\" width=\"600\" height=\"900\" src=\"http:\/\/www.crimt.net\/wp-content\/uploads\/2020\/10\/CJLS.jpg\" alt=\"\" class=\"wp-image-5084\" srcset=\"https:\/\/www.crimt.net\/wp-content\/uploads\/2020\/10\/CJLS.jpg 600w, https:\/\/www.crimt.net\/wp-content\/uploads\/2020\/10\/CJLS-200x300.jpg 200w\" sizes=\"auto, (max-width: 600px) 100vw, 600px\" \/><\/figure>\n<\/div>\n\n\n<p><\/p>\n<\/div>\n\n\n\n<div class=\"wp-block-column is-vertically-aligned-top is-layout-flow wp-block-column-is-layout-flow\" style=\"flex-basis:67.5%\">\n<p style=\"font-size:32px\"><strong><span style=\"color:#ede4ce\" class=\"has-inline-color\">2018 <\/span><\/strong><span style=\"color:#ede4ce\" class=\"has-inline-color\">(33-2)<\/span><\/p>\n\n\n<p class=\"fonts-plugin-block \" style=\"font-size: 24px;line-height: 1.5\"><span class=\"has-inline-color has-black-color\"><strong>Canadian Journal of Law &amp; Society<\/strong><\/span><\/p>\n\n<p class=\"fonts-plugin-block \" style=\"font-size: 19px;line-height: 1.5\"><strong>Guest Editor<strong>:<\/strong> Adelle Blackett <\/strong>(LLDRL-McGill University)<\/p>\n\n<p class=\"fonts-plugin-block \" style=\"font-size: 19px;line-height: 1.5\"><span style=\"color:#386568\" class=\"has-inline-color\">Decolonizing Labour Law: Contributions to an Emergent Transnational Labour Law<\/span><\/p>\n\n<p class=\"fonts-plugin-block \" style=\"font-size: 17px;line-height: 1.5\">The contributors to this special issue examine the ways in which the emerging transnational labor law (TLD) can contribute to the dissociation of labor law from its paradigmatic and usual narrative framework, an atomized framework, dating from the industrial revolution, which takes as a model of the worker the adult, white male, sole wage earner of his nuclear family, originating from a global Northern state, and which consequently designates this worker as the sole recipient of distributive justice. Although the tone of each article varies, the contributions are all characterized by a relatively sober analysis of the counter-hegemonic potential of transnational labour law.<\/p>\n\n<p class=\"fonts-plugin-block \" style=\"font-size: 15px;line-height: 1.5\">Introduction: Decolonizing Labour Law \u2014 Contributions to an Emergent Transnational Labour Law \/ Vers un droit du travail d\u00e9colonis\u00e9 \u2014 Contributions au droit transnational du travail en \u00e9mergence (<strong>Adelle Blackett<\/strong>) \u2022 Struggles and Actions for Legal Space in the Urban World: The Case of Informal Economy E-waste Workers (<strong>Sabaa Ahmad Khan<\/strong>) \u2022 Transnational Labour Law and the Environment: Beyond the Bounded Autonomous Worker (<strong>Sara L. Seck<\/strong>) \u2022 The Use of Transnational Labour Law in Steering Socially Responsible Corporate Governance towards Increased Worker Protection (<strong>Isabelle Martin<\/strong>) \u2022 Transnational Labour Governance: A Critical Review of Proposals for Linkage through the Lens of the Rana Plaza Collapse in Bangladesh (<strong>Zobaida Khan<\/strong>) \u2022 La citoyennet\u00e9 corporative entre lib\u00e9ralisme et d\u00e9mocratie : les individus ou leur communaut\u00e9 ? (<strong>Armel Brice Adanhounme<\/strong>) \u2022 Travail non libre et rapports sociaux de sexe \u2013 \u00c0 propos des programmes canadiens d\u2019immigration temporaire (<strong>Elsa Galerand, Martin Galli\u00e9<\/strong>) \u2022 The Inequality of Low-Wage Migrant Labour: Reflections on PN v FR and OPT v Presteve Foods (<strong>Bethany Hastie<\/strong>) \u2022 Temporary Labour Migration and the \u201cCeremony of Innocence\u201d of Postwar Labour Law: Confronting \u201cthe South of the North\u201d (<strong>Adrian A. Smith<\/strong>)<\/p>\n\n\n<div style=\"height:20px\" aria-hidden=\"true\" class=\"wp-block-spacer\"><\/div>\n\n\n\n<p><a rel=\"noreferrer noopener\" href=\"https:\/\/www.cambridge.org\/core\/journals\/canadian-journal-of-law-and-society-la-revue-canadienne-droit-et-societe\/issue\/48E38CE20397D873A674AD1616F7FA77\" target=\"_blank\"><img loading=\"lazy\" decoding=\"async\" width=\"40\" height=\"40\" class=\"wp-image-5396\" style=\"width: 40px;\" src=\"http:\/\/www.crimt.net\/wp-content\/uploads\/2020\/11\/WWW6.png\" alt=\"\" srcset=\"https:\/\/www.crimt.net\/wp-content\/uploads\/2020\/11\/WWW6.png 650w, https:\/\/www.crimt.net\/wp-content\/uploads\/2020\/11\/WWW6-300x300.png 300w, https:\/\/www.crimt.net\/wp-content\/uploads\/2020\/11\/WWW6-150x150.png 150w, https:\/\/www.crimt.net\/wp-content\/uploads\/2020\/11\/WWW6-360x360.png 360w\" sizes=\"auto, (max-width: 40px) 100vw, 40px\" \/><img loading=\"lazy\" decoding=\"async\" width=\"40\" height=\"40\" class=\"wp-image-3490\" style=\"width: 40px;\" src=\"http:\/\/www.crimt.net\/wp-content\/uploads\/2020\/10\/Livres2.png\" alt=\"\" srcset=\"https:\/\/www.crimt.net\/wp-content\/uploads\/2020\/10\/Livres2.png 450w, https:\/\/www.crimt.net\/wp-content\/uploads\/2020\/10\/Livres2-300x300.png 300w, https:\/\/www.crimt.net\/wp-content\/uploads\/2020\/10\/Livres2-150x150.png 150w, https:\/\/www.crimt.net\/wp-content\/uploads\/2020\/10\/Livres2-360x360.png 360w\" sizes=\"auto, (max-width: 40px) 100vw, 40px\" \/><\/a> <a rel=\"noreferrer noopener\" href=\"https:\/\/www.cambridge.org\/core\/journals\/canadian-journal-of-law-and-society-la-revue-canadienne-droit-et-societe\/issue\/48E38CE20397D873A674AD1616F7FA77\" target=\"_blank\"><span class=\"has-inline-color has-black-color\"><span style=\"text-decoration: underline;\">Some articles are available in open access<\/span><\/span><\/a><\/p>\n<\/div>\n\n\n\n<div class=\"wp-block-column is-layout-flow wp-block-column-is-layout-flow\" style=\"flex-basis:15%\"><div class=\"wp-block-image\">\n<figure class=\"aligncenter size-large\"><a href=\"http:\/\/www.crimt.net\/centres-partenaires\/#CriDIS\"><img loading=\"lazy\" decoding=\"async\" width=\"500\" height=\"500\" src=\"http:\/\/www.crimt.net\/wp-content\/uploads\/2020\/10\/LLDRL.png\" alt=\"\" class=\"wp-image-1904\" srcset=\"https:\/\/www.crimt.net\/wp-content\/uploads\/2020\/10\/LLDRL.png 500w, https:\/\/www.crimt.net\/wp-content\/uploads\/2020\/10\/LLDRL-300x300.png 300w, https:\/\/www.crimt.net\/wp-content\/uploads\/2020\/10\/LLDRL-150x150.png 150w, https:\/\/www.crimt.net\/wp-content\/uploads\/2020\/10\/LLDRL-360x360.png 360w\" sizes=\"auto, (max-width: 500px) 100vw, 500px\" \/><\/a><\/figure>\n<\/div>\n\n\n<p class=\"has-text-align-center\" style=\"font-size:15px\">An initiative of<\/p>\n<\/div>\n<\/div>\n\n\n\n<div style=\"height:20px\" aria-hidden=\"true\" class=\"wp-block-spacer\"><\/div>\n\n\n\n<hr class=\"wp-block-separator has-text-color has-css-opacity has-background is-style-wide\" style=\"background-color:#6b6b6b;color:#6b6b6b\"\/>\n\n\n\n<div style=\"height:50px\" aria-hidden=\"true\" class=\"wp-block-spacer\"><\/div>\n\n\n\n<div class=\"wp-block-columns are-vertically-aligned-top is-layout-flex wp-container-core-columns-is-layout-9d6595d7 wp-block-columns-is-layout-flex\">\n<div class=\"wp-block-column is-vertically-aligned-top is-layout-flow wp-block-column-is-layout-flow\" style=\"flex-basis:28%\"><div class=\"wp-block-image\">\n<figure class=\"alignleft size-large\"><img loading=\"lazy\" decoding=\"async\" width=\"600\" height=\"927\" src=\"http:\/\/www.crimt.net\/wp-content\/uploads\/2020\/10\/COMPTRASEC.jpg\" alt=\"\" class=\"wp-image-4691\" srcset=\"https:\/\/www.crimt.net\/wp-content\/uploads\/2020\/10\/COMPTRASEC.jpg 600w, https:\/\/www.crimt.net\/wp-content\/uploads\/2020\/10\/COMPTRASEC-194x300.jpg 194w\" sizes=\"auto, (max-width: 600px) 100vw, 600px\" \/><\/figure>\n<\/div>\n\n\n<p><\/p>\n<\/div>\n\n\n\n<div class=\"wp-block-column is-vertically-aligned-top is-layout-flow wp-block-column-is-layout-flow\" style=\"flex-basis:67.5%\">\n<p style=\"font-size:32px\"><strong><span style=\"color:#ede4ce\" class=\"has-inline-color\"><strong><strong>2018<\/strong><\/strong><\/span><\/strong><span style=\"color:#ede4ce\" class=\"has-inline-color\"> (3)<\/span><\/p>\n\n\n<p class=\"fonts-plugin-block \" style=\"font-size: 24px;line-height: 1.5\"><span class=\"has-inline-color has-black-color\"><strong><strong><strong>Revue de droit compar\u00e9 du travail et de la s\u00e9curit\u00e9 sociale<\/strong><\/strong><\/strong><\/span><\/p>\n\n<p class=\"fonts-plugin-block \" style=\"font-size: 19px;line-height: 1.5\"><strong>Guest Editors: Michel Coutu<\/strong> (Universit\u00e9 de Montr\u00e9al), <strong>Gilles Auzero<\/strong> (COMPTRASEC-Universit\u00e9 de Bordeaux), <strong>Isabelle Daugareilh<\/strong> (COMPTRASEC-Universit\u00e9 de Bordeaux)<\/p>\n\n<p class=\"fonts-plugin-block \" style=\"font-size: 19px;line-height: 1.5\"><span style=\"color:#386568\" class=\"has-inline-color\">La participation des travailleurs dans la grande entreprise priv\u00e9e et publique<\/span><\/p>\n\n<p class=\"fonts-plugin-block \" style=\"font-size: 17px;line-height: 1.5\">The articles published in this special issue originate from an <a rel=\"noreferrer noopener\" href=\"https:\/\/www.crimt.net\/en\/seminaires-scientifiques\/#COM\" target=\"_blank\"><span class=\"has-inline-color has-black-color\"><span style=\"text-decoration: underline\">international seminar<\/span><\/span><\/a> jointly organized by CRIMT (Interuniversity Research Centre on Globalization and Work &#8211; Canada) and COMPTRASEC (Centre for Comparative Study of Labour and Social Security Law) and held in Bordeaux on September 22 and 23, 2017. This seminar was part of the international research project Better Institutions for Better Work Partnership Project initiated by CRIMT with the support of the Social Sciences and Humanities Research Council of Canada and of which COMPTRASEC is a stakeholder: it was supported by the Universities of Paris-Dauphine, Bremen, Montreal and Louvain-La-Neuve (UCL).<\/p>\n\n<p class=\"fonts-plugin-block \" style=\"font-size: 15px;line-height: 1.5\">Les droits de participation des travailleurs (<strong>Michel Coutu, Gilles Auzero, Isabelle Daugareilh<\/strong>) \u2022 La participation : de l\u2019association \u00e0 la cogestion 150 ans de r\u00e9flexions (<strong>Dominique M\u00e9da<\/strong>) \u2022 Le droit du travail parmi les droits civils et politiques ? R\u00e9flexions \u00e0 propos de la participation des travailleurs au gouvernement de l\u2019entreprise (<strong>Isabelle Ferreras<\/strong>) \u2022 La cogestion des salari\u00e9s (Mitbestimmung) en droit allemand (<strong>Christoph Teichmann, Justin Monsenepwo<\/strong>) \u2022 La participation des travailleurs en Norv\u00e8ge et en Su\u00e8de (<strong>Bernard Johann Mulder<\/strong>) \u2022 Le syst\u00e8me allemand de participation des travailleurs au niveau de l\u2019entreprise (<strong>Wolfgang D\u00e4ubler<\/strong>) \u2022 Le syst\u00e8me n\u00e9erlandais de participation des travailleurs (<strong>J.M.B. (Jan) Cremers<\/strong>) \u2022 Le syst\u00e8me qu\u00e9b\u00e9cois de participation des travailleurs : vers une refondation (<strong>Julie Bourgault, Michel Coutu<\/strong>) \u2022 La participation des travailleurs dans l\u2019entreprise publique en France (<strong>Sylvain Niqu\u00e8ge<\/strong>) \u2022 Le syst\u00e8me de participation des travailleurs dans l\u2019entreprise priv\u00e9e en France (<strong>Gilles Auzero<\/strong>)<\/p>\n\n\n<div style=\"height:20px\" aria-hidden=\"true\" class=\"wp-block-spacer\"><\/div>\n\n\n\n<p><a href=\"https:\/\/comptrasec.u-bordeaux.fr\/revue\/la-participation-des-travailleurs-dans-la-grande-entreprise-priv-e-et-publique\" target=\"_blank\" rel=\"noreferrer noopener\"><img loading=\"lazy\" decoding=\"async\" width=\"40\" height=\"40\" class=\"wp-image-5396\" style=\"width: 40px;\" src=\"http:\/\/www.crimt.net\/wp-content\/uploads\/2020\/11\/WWW6.png\" alt=\"\" srcset=\"https:\/\/www.crimt.net\/wp-content\/uploads\/2020\/11\/WWW6.png 650w, https:\/\/www.crimt.net\/wp-content\/uploads\/2020\/11\/WWW6-300x300.png 300w, https:\/\/www.crimt.net\/wp-content\/uploads\/2020\/11\/WWW6-150x150.png 150w, https:\/\/www.crimt.net\/wp-content\/uploads\/2020\/11\/WWW6-360x360.png 360w\" sizes=\"auto, (max-width: 40px) 100vw, 40px\" \/><\/a><img loading=\"lazy\" decoding=\"async\" width=\"40\" height=\"40\" class=\"wp-image-3490\" style=\"width: 40px;\" src=\"http:\/\/www.crimt.net\/wp-content\/uploads\/2020\/10\/Livres2.png\" alt=\"\" srcset=\"https:\/\/www.crimt.net\/wp-content\/uploads\/2020\/10\/Livres2.png 450w, https:\/\/www.crimt.net\/wp-content\/uploads\/2020\/10\/Livres2-300x300.png 300w, https:\/\/www.crimt.net\/wp-content\/uploads\/2020\/10\/Livres2-150x150.png 150w, https:\/\/www.crimt.net\/wp-content\/uploads\/2020\/10\/Livres2-360x360.png 360w\" sizes=\"auto, (max-width: 40px) 100vw, 40px\" \/> <span class=\"has-inline-color has-black-color\"><span style=\"text-decoration: underline;\"><\/span><\/span><a rel=\"noreferrer noopener\" href=\"http:\/\/www.crimt.org\/CRIMT2018\/Papers\/Revue2018-3-Avant-propos.pdf\" target=\"_blank\"><span class=\"has-inline-color has-black-color\"><span style=\"text-decoration: underline;\">Download the introduction<\/span><\/span><\/a><span class=\"has-inline-color has-black-color\"> [Open access]<\/span><\/p>\n<\/div>\n\n\n\n<div class=\"wp-block-column is-layout-flow wp-block-column-is-layout-flow\" style=\"flex-basis:15%\"><div class=\"wp-block-image\">\n<figure class=\"aligncenter size-large\"><a href=\"http:\/\/www.crimt.net\/centres-partenaires\/#CriDIS\"><img loading=\"lazy\" decoding=\"async\" width=\"500\" height=\"500\" src=\"http:\/\/www.crimt.net\/wp-content\/uploads\/2020\/10\/COMPTRASEC2-1.png\" alt=\"\" class=\"wp-image-1929\" srcset=\"https:\/\/www.crimt.net\/wp-content\/uploads\/2020\/10\/COMPTRASEC2-1.png 500w, https:\/\/www.crimt.net\/wp-content\/uploads\/2020\/10\/COMPTRASEC2-1-300x300.png 300w, https:\/\/www.crimt.net\/wp-content\/uploads\/2020\/10\/COMPTRASEC2-1-150x150.png 150w, https:\/\/www.crimt.net\/wp-content\/uploads\/2020\/10\/COMPTRASEC2-1-360x360.png 360w\" sizes=\"auto, (max-width: 500px) 100vw, 500px\" \/><\/a><\/figure>\n<\/div>\n\n\n<p class=\"has-text-align-center\" style=\"font-size:15px\">A publication of<\/p>\n<\/div>\n<\/div>\n\n\n\n<div style=\"height:20px\" aria-hidden=\"true\" class=\"wp-block-spacer\"><\/div>\n\n\n\n<hr class=\"wp-block-separator has-text-color has-css-opacity has-background is-style-wide\" style=\"background-color:#6b6b6b;color:#6b6b6b\"\/>\n\n\n\n<div style=\"height:50px\" aria-hidden=\"true\" class=\"wp-block-spacer\"><\/div>\n\n\n\n<div class=\"wp-block-columns are-vertically-aligned-top is-layout-flex wp-container-core-columns-is-layout-9d6595d7 wp-block-columns-is-layout-flex\">\n<div class=\"wp-block-column is-vertically-aligned-top is-layout-flow wp-block-column-is-layout-flow\" style=\"flex-basis:28%\"><div class=\"wp-block-image\">\n<figure class=\"alignleft size-large\"><img loading=\"lazy\" decoding=\"async\" width=\"600\" height=\"928\" src=\"http:\/\/www.crimt.net\/wp-content\/uploads\/2020\/11\/Futures2.jpg\" alt=\"\" class=\"wp-image-6754\" srcset=\"https:\/\/www.crimt.net\/wp-content\/uploads\/2020\/11\/Futures2.jpg 600w, https:\/\/www.crimt.net\/wp-content\/uploads\/2020\/11\/Futures2-194x300.jpg 194w\" sizes=\"auto, (max-width: 600px) 100vw, 600px\" \/><\/figure>\n<\/div>\n\n\n<p><\/p>\n<\/div>\n\n\n\n<div class=\"wp-block-column is-vertically-aligned-top is-layout-flow wp-block-column-is-layout-flow\" style=\"flex-basis:67.5%\">\n<p style=\"font-size:32px\"><strong><span style=\"color:#ede4ce\" class=\"has-inline-color\">2018 +<\/span><\/strong><\/p>\n\n\n<p class=\"fonts-plugin-block \" style=\"font-size: 24px;line-height: 1.5\"><span class=\"has-inline-color has-black-color\"><strong>Futures<\/strong> of <strong>Work Online Magazine<\/strong><\/span><\/p>\n\n<p class=\"fonts-plugin-block \" style=\"font-size: 19px;line-height: 1.5\"><strong><strong>Editors:<\/strong> Harry Pitts <\/strong>(PWRG-University of Bristol), <strong>Katie Bales<\/strong> (PWRG-University of Bristol), <strong>Huw Thomas<\/strong> (PWRG-University of Bristol)<\/p>\n\n\n<p style=\"font-size:19px\"><span style=\"color:#386568\" class=\"has-inline-color\">Futures of Work<\/span><\/p>\n\n\n<p class=\"fonts-plugin-block \" style=\"font-size: 17px;line-height: 1.5\"><em>Futures of Work&nbsp;<\/em>is a&nbsp;blog offering&nbsp;radical and critical thinking on ongoing and emerging issues associated with work and employment.&nbsp;Powered by Bristol University Press in collaboration with a multidisciplinary editorial team at the University of Bristol, the blog is produced in association with the&nbsp;<a href=\"https:\/\/www.bristol.ac.uk\/fssl\/research\/groups\/perspectives-on-work\/\"><span class=\"has-inline-color has-black-color\"><span style=\"text-decoration: underline\">Faculty Research Group for Perspectives on Work<\/span><\/span><\/a>&nbsp;and the ESRC&nbsp;<a href=\"http:\/\/www.worldofworknetwork.co.uk\/\"><span class=\"has-inline-color has-black-color\"><span style=\"text-decoration: underline\">World of Work PhD and ECR Network<\/span><\/span><\/a>.<\/p>\n\n<p class=\"fonts-plugin-block \" style=\"font-size: 15px;line-height: 1.5\">Recent articles include: <strong>ISSUE 15:<\/strong>&nbsp;TECHNOLOGY AND REMOTE WORKING POST COVID-19 (Tony Dundon, Lee Stringer, Stephen Mustchin) \u2022&nbsp;<strong>ISSUE 14:<\/strong>&nbsp;THE FUTURE OF WORK AND THE COVID-19 CRISIS (Guy Mundlak, Judy Fudge) \u2022&nbsp;<strong>ISSUE 14:<\/strong>&nbsp;PANDEMIC, POVERTY, AND POWER IN GLOBAL EXPLOITATION CHAINS (Huw Thomas) \u2022&nbsp;<strong>ISSUE 14:<\/strong>&nbsp;ALONE, TOGETHER? CO-WORKING SPACES AND THE COVID-19 CRISIS (The Co-Working Research Collective). <\/p>\n\n\n<div style=\"height:20px\" aria-hidden=\"true\" class=\"wp-block-spacer\"><\/div>\n\n\n\n<p><a href=\"https:\/\/futuresofwork.co.uk\" target=\"_blank\" rel=\"noreferrer noopener\"><img loading=\"lazy\" decoding=\"async\" width=\"40\" height=\"40\" class=\"wp-image-5396\" style=\"width: 40px;\" src=\"http:\/\/www.crimt.net\/wp-content\/uploads\/2020\/11\/WWW6.png\" alt=\"\" srcset=\"https:\/\/www.crimt.net\/wp-content\/uploads\/2020\/11\/WWW6.png 650w, https:\/\/www.crimt.net\/wp-content\/uploads\/2020\/11\/WWW6-300x300.png 300w, https:\/\/www.crimt.net\/wp-content\/uploads\/2020\/11\/WWW6-150x150.png 150w, https:\/\/www.crimt.net\/wp-content\/uploads\/2020\/11\/WWW6-360x360.png 360w\" sizes=\"auto, (max-width: 40px) 100vw, 40px\" \/><img loading=\"lazy\" decoding=\"async\" width=\"40\" height=\"40\" class=\"wp-image-3490\" style=\"width: 40px;\" src=\"http:\/\/www.crimt.net\/wp-content\/uploads\/2020\/10\/Livres2.png\" alt=\"\" srcset=\"https:\/\/www.crimt.net\/wp-content\/uploads\/2020\/10\/Livres2.png 450w, https:\/\/www.crimt.net\/wp-content\/uploads\/2020\/10\/Livres2-300x300.png 300w, https:\/\/www.crimt.net\/wp-content\/uploads\/2020\/10\/Livres2-150x150.png 150w, https:\/\/www.crimt.net\/wp-content\/uploads\/2020\/10\/Livres2-360x360.png 360w\" sizes=\"auto, (max-width: 40px) 100vw, 40px\" \/><\/a> <a rel=\"noreferrer noopener\" href=\"https:\/\/futuresofwork.co.uk\/submissions\/\" target=\"_blank\"><span class=\"has-inline-color has-black-color\"><span style=\"text-decoration: underline;\">Interested in contributing?<\/span><\/span><\/a><\/p>\n<\/div>\n\n\n\n<div class=\"wp-block-column is-layout-flow wp-block-column-is-layout-flow\" style=\"flex-basis:15%\"><div class=\"wp-block-image\">\n<figure class=\"aligncenter size-large\"><a href=\"http:\/\/www.crimt.net\/centres-partenaires\/#CriDIS\"><img loading=\"lazy\" decoding=\"async\" width=\"500\" height=\"500\" src=\"http:\/\/www.crimt.net\/wp-content\/uploads\/2020\/10\/FSSL-2.png\" alt=\"\" class=\"wp-image-1935\" srcset=\"https:\/\/www.crimt.net\/wp-content\/uploads\/2020\/10\/FSSL-2.png 500w, https:\/\/www.crimt.net\/wp-content\/uploads\/2020\/10\/FSSL-2-300x300.png 300w, https:\/\/www.crimt.net\/wp-content\/uploads\/2020\/10\/FSSL-2-150x150.png 150w, https:\/\/www.crimt.net\/wp-content\/uploads\/2020\/10\/FSSL-2-360x360.png 360w\" sizes=\"auto, (max-width: 500px) 100vw, 500px\" \/><\/a><\/figure>\n<\/div>\n\n\n<p class=\"has-text-align-center\" style=\"font-size:15px\">An initiative of<\/p>\n<\/div>\n<\/div>\n\n\n\n<div style=\"height:20px\" aria-hidden=\"true\" class=\"wp-block-spacer\"><\/div>\n\n\n\n<hr class=\"wp-block-separator has-text-color has-css-opacity has-background is-style-wide\" style=\"background-color:#6b6b6b;color:#6b6b6b\"\/>\n\n\n\n<div style=\"height:50px\" aria-hidden=\"true\" class=\"wp-block-spacer\"><\/div>\n\n\n\n<div class=\"wp-block-columns are-vertically-aligned-top is-layout-flex wp-container-core-columns-is-layout-9d6595d7 wp-block-columns-is-layout-flex\">\n<div class=\"wp-block-column is-vertically-aligned-top is-layout-flow wp-block-column-is-layout-flow\" style=\"flex-basis:28%\"><div class=\"wp-block-image\">\n<figure class=\"alignleft size-large\"><img loading=\"lazy\" decoding=\"async\" width=\"600\" height=\"927\" src=\"http:\/\/www.crimt.net\/wp-content\/uploads\/2020\/10\/LI2.jpg\" alt=\"\" class=\"wp-image-4716\" srcset=\"https:\/\/www.crimt.net\/wp-content\/uploads\/2020\/10\/LI2.jpg 600w, https:\/\/www.crimt.net\/wp-content\/uploads\/2020\/10\/LI2-194x300.jpg 194w\" sizes=\"auto, (max-width: 600px) 100vw, 600px\" \/><\/figure>\n<\/div>\n\n\n<p><\/p>\n<\/div>\n\n\n\n<div class=\"wp-block-column is-vertically-aligned-top is-layout-flow wp-block-column-is-layout-flow\" style=\"flex-basis:67.5%\">\n<p style=\"font-size:32px\"><strong><span style=\"color:#ede4ce\" class=\"has-inline-color\"><strong><strong>2018<\/strong><\/strong><\/span><\/strong><span style=\"color:#ede4ce\" class=\"has-inline-color\"> (28-2)<\/span><\/p>\n\n\n<p class=\"fonts-plugin-block \" style=\"font-size: 24px;line-height: 1.5\"><strong><span class=\"has-inline-color has-black-color\">L<\/span>abour &amp; Industry: a journal of the social and economic relations of work<\/strong><\/p>\n\n<p class=\"fonts-plugin-block \" style=\"font-size: 19px;line-height: 1.5\"><strong>Guest Editors: Amanda Coles <\/strong>(Deakin University), <strong>Fiona Macdonald<\/strong> (CPOW-RMIT), <strong>Annie Delaney<\/strong> (CPOW-RMIT)<\/p>\n\n\n<p style=\"font-size:19px\"><span style=\"color:#386568\" class=\"has-inline-color\">Gender and informality at work<\/span><\/p>\n\n\n<p class=\"fonts-plugin-block \" style=\"font-size: 17px;line-height: 1.5\">This special issue examines the interaction of gender with informal work, processes of informalisation and experiences of informality as a defining feature of work under contemporary capitalism. The articles interrogate the interactions between the experiential, discursive and structural dimensions of informality as they emerge in relation to the social construction of gender relations. These analyses present a comprehensive survey of the&nbsp;\u2018continuum of practices\u2019&nbsp;which constitute informality, and draws attention to the urgency of understanding the ways in which codified and social practices normalise, formalise and conceal the gendered dimensions of informality at work.<\/p>\n\n<p class=\"fonts-plugin-block \" style=\"font-size: 15px;line-height: 1.5\">Gender and informality at work \u2013 theoretical provocations: an introduction to the special issue on gender and informality (<strong>Amanda Coles, Fiona Macdonald, Annie Delaney<\/strong>) \u2022 Thinking about informality: gender (in)equality (in) decent work across geographic and economic boundaries (<strong>Annie Delaney, Fiona Macdonald<\/strong>) \u2022 De facto informality? Rethinking the experience of women in the formally regulated workplace (<strong>Lisa Heap, Tom Barnes, Sally Weller<\/strong>) \u2022 \u2018Intimacy, informalization and intersecting inequalities: tracing the linkages\u2019 (<strong>V. Spike Peterson<\/strong>)<\/p>\n\n\n<div style=\"height:20px\" aria-hidden=\"true\" class=\"wp-block-spacer\"><\/div>\n\n\n\n<p><img loading=\"lazy\" decoding=\"async\" width=\"40\" height=\"40\" class=\"wp-image-5396\" style=\"width: 40px;\" src=\"http:\/\/www.crimt.net\/wp-content\/uploads\/2020\/11\/WWW6.png\" alt=\"\" srcset=\"https:\/\/www.crimt.net\/wp-content\/uploads\/2020\/11\/WWW6.png 650w, https:\/\/www.crimt.net\/wp-content\/uploads\/2020\/11\/WWW6-300x300.png 300w, https:\/\/www.crimt.net\/wp-content\/uploads\/2020\/11\/WWW6-150x150.png 150w, https:\/\/www.crimt.net\/wp-content\/uploads\/2020\/11\/WWW6-360x360.png 360w\" sizes=\"auto, (max-width: 40px) 100vw, 40px\" \/><a href=\"https:\/\/www.tandfonline.com\/doi\/pdf\/10.1080\/10301763.2018.1492313\" target=\"_blank\" rel=\"noreferrer noopener\"><img loading=\"lazy\" decoding=\"async\" width=\"40\" height=\"40\" class=\"wp-image-3490\" style=\"width: 40px;\" src=\"http:\/\/www.crimt.net\/wp-content\/uploads\/2020\/10\/Livres2.png\" alt=\"\" srcset=\"https:\/\/www.crimt.net\/wp-content\/uploads\/2020\/10\/Livres2.png 450w, https:\/\/www.crimt.net\/wp-content\/uploads\/2020\/10\/Livres2-300x300.png 300w, https:\/\/www.crimt.net\/wp-content\/uploads\/2020\/10\/Livres2-150x150.png 150w, https:\/\/www.crimt.net\/wp-content\/uploads\/2020\/10\/Livres2-360x360.png 360w\" sizes=\"auto, (max-width: 40px) 100vw, 40px\" \/><\/a> <span class=\"has-inline-color has-black-color\"><span style=\"text-decoration: underline;\"><\/span><\/span><a rel=\"noreferrer noopener\" href=\"https:\/\/www.tandfonline.com\/doi\/pdf\/10.1080\/10301763.2018.1492313\" target=\"_blank\"><span class=\"has-inline-color has-black-color\"><span style=\"text-decoration: underline;\">Download the introduction<\/span><\/span><\/a><span class=\"has-inline-color has-black-color\"> [Open access]<\/span><\/p>\n<\/div>\n\n\n\n<div class=\"wp-block-column is-layout-flow wp-block-column-is-layout-flow\" style=\"flex-basis:15%\"><div class=\"wp-block-image\">\n<figure class=\"aligncenter size-large\"><a href=\"http:\/\/www.crimt.net\/centres-partenaires\/#CriDIS\"><img loading=\"lazy\" decoding=\"async\" width=\"500\" height=\"500\" src=\"http:\/\/www.crimt.net\/wp-content\/uploads\/2020\/10\/CPOW-1.png\" alt=\"\" class=\"wp-image-1940\" srcset=\"https:\/\/www.crimt.net\/wp-content\/uploads\/2020\/10\/CPOW-1.png 500w, https:\/\/www.crimt.net\/wp-content\/uploads\/2020\/10\/CPOW-1-300x300.png 300w, https:\/\/www.crimt.net\/wp-content\/uploads\/2020\/10\/CPOW-1-150x150.png 150w, https:\/\/www.crimt.net\/wp-content\/uploads\/2020\/10\/CPOW-1-360x360.png 360w\" sizes=\"auto, (max-width: 500px) 100vw, 500px\" \/><\/a><\/figure>\n<\/div>\n\n\n<p class=\"has-text-align-center\" style=\"font-size:15px\">An initiative of<\/p>\n<\/div>\n<\/div>\n\n\n\n<div style=\"height:20px\" aria-hidden=\"true\" class=\"wp-block-spacer\"><\/div>\n\n\n\n<hr class=\"wp-block-separator has-text-color has-css-opacity has-background is-style-wide\" style=\"background-color:#6b6b6b;color:#6b6b6b\"\/>\n\n\n\n<div style=\"height:50px\" aria-hidden=\"true\" class=\"wp-block-spacer\"><\/div>\n\n\n\n<div class=\"wp-block-columns are-vertically-aligned-top is-layout-flex wp-container-core-columns-is-layout-9d6595d7 wp-block-columns-is-layout-flex\">\n<div class=\"wp-block-column is-vertically-aligned-top is-layout-flow wp-block-column-is-layout-flow\" style=\"flex-basis:28%\"><div class=\"wp-block-image\">\n<figure class=\"alignleft size-large\"><img loading=\"lazy\" decoding=\"async\" width=\"600\" height=\"928\" src=\"http:\/\/www.crimt.net\/wp-content\/uploads\/2020\/10\/IJCL-1.jpg\" alt=\"\" class=\"wp-image-4714\" srcset=\"https:\/\/www.crimt.net\/wp-content\/uploads\/2020\/10\/IJCL-1.jpg 600w, https:\/\/www.crimt.net\/wp-content\/uploads\/2020\/10\/IJCL-1-194x300.jpg 194w\" sizes=\"auto, (max-width: 600px) 100vw, 600px\" \/><\/figure>\n<\/div>\n\n\n<p><\/p>\n<\/div>\n\n\n\n<div class=\"wp-block-column is-vertically-aligned-top is-layout-flow wp-block-column-is-layout-flow\" style=\"flex-basis:67.5%\">\n<p style=\"font-size:32px\"><strong><span style=\"color:#ede4ce\" class=\"has-inline-color\"><strong><strong>2018<\/strong><\/strong><\/span><\/strong><span style=\"color:#ede4ce\" class=\"has-inline-color\"> (34-2)<\/span><\/p>\n\n\n<p class=\"fonts-plugin-block \" style=\"font-size: 24px;line-height: 1.5\"><strong><span class=\"has-inline-color has-black-color\"><strong><strong>International Journal of Comparative Labour Law and Industrial Relations<\/strong><\/strong><\/span><\/strong><\/p>\n\n<p class=\"fonts-plugin-block \" style=\"font-size: 19px;line-height: 1.5\"><strong>Guest Editors: Adelle Blackett <\/strong>(McGill University), <strong>Anne Trebilcock<\/strong> (University of G\u00f6ttingen)<\/p>\n\n<p class=\"fonts-plugin-block \" style=\"font-size: 19px;line-height: 1.5\"><span style=\"color:#386568\" class=\"has-inline-color\">Special Section: Regulatory Innovation on Decent Work for Domestic Workers in the Light of International Labour Organization Convention No. 189<\/span><\/p>\n\n<p class=\"fonts-plugin-block \" style=\"font-size: 17px;line-height: 1.5\">The special issue contains two articles prepared for the third biennial Labour Law Research Network Conference, in Toronto in 2017, that examine national regulation on domestic work in the light of the ILO\u2019s landmark Decent Work for Domestic Workers Convention, 2011 (Convention No. 189) and its accompanying Recommendation No. 201. (53(1) Int\u2019l Legal Materials 250\u2013266 (2014).) It includes a third contribution, prepared under an International Development Research Centre (IDRC) Small Grant for Research Innovation. The special issue discusses examples of regulatory innovation on decent work for domestic workers from Europe (Germany), Latin America (Argentina, Chile and Paraguay) and Africa (South Africa).<\/p>\n\n<p class=\"fonts-plugin-block \" style=\"font-size: 15px;line-height: 1.5\">Introduction (<strong>Adelle Blackett<\/strong>) \u2022 Challenges in Germany\u2019s Implementation of the ILO Decent Work for Domestic Workers Convention (<strong>Anne Trebilcock<\/strong>) \u2022 The Influence of the ILO Domestic Workers Convention in Argentina, Chile and Paraguay (<strong>Lorena Poblete<\/strong>) \u2022 Regulatory Innovation in the Governance of Decent Work for Domestic Workers in South Africa: Access to Justice and the Commission on Conciliation, Mediation and Arbitration (<strong>Adelle Blackett, Thierry Galani Tiemeni<\/strong>)<\/p>\n\n\n<div style=\"height:20px\" aria-hidden=\"true\" class=\"wp-block-spacer\"><\/div>\n\n\n\n<p><a href=\"https:\/\/kluwerlawonline.com\/journalIssue\/International+Journal+of+Comparative+Labour+Law+and+Industrial+Relations\/34.2\/17386\" target=\"_blank\" rel=\"noreferrer noopener\"><img loading=\"lazy\" decoding=\"async\" width=\"40\" height=\"40\" class=\"wp-image-5396\" style=\"width: 40px;\" src=\"http:\/\/www.crimt.net\/wp-content\/uploads\/2020\/11\/WWW6.png\" alt=\"\" srcset=\"https:\/\/www.crimt.net\/wp-content\/uploads\/2020\/11\/WWW6.png 650w, https:\/\/www.crimt.net\/wp-content\/uploads\/2020\/11\/WWW6-300x300.png 300w, https:\/\/www.crimt.net\/wp-content\/uploads\/2020\/11\/WWW6-150x150.png 150w, https:\/\/www.crimt.net\/wp-content\/uploads\/2020\/11\/WWW6-360x360.png 360w\" sizes=\"auto, (max-width: 40px) 100vw, 40px\" \/><\/a><a rel=\"noreferrer noopener\" href=\"https:\/\/www.tandfonline.com\/doi\/pdf\/10.1080\/10301763.2018.1492313\" target=\"_blank\"><img loading=\"lazy\" decoding=\"async\" width=\"40\" height=\"40\" class=\"wp-image-3490\" style=\"width: 40px;\" src=\"http:\/\/www.crimt.net\/wp-content\/uploads\/2020\/10\/Livres2.png\" alt=\"\" srcset=\"https:\/\/www.crimt.net\/wp-content\/uploads\/2020\/10\/Livres2.png 450w, https:\/\/www.crimt.net\/wp-content\/uploads\/2020\/10\/Livres2-300x300.png 300w, https:\/\/www.crimt.net\/wp-content\/uploads\/2020\/10\/Livres2-150x150.png 150w, https:\/\/www.crimt.net\/wp-content\/uploads\/2020\/10\/Livres2-360x360.png 360w\" sizes=\"auto, (max-width: 40px) 100vw, 40px\" \/><\/a> <span class=\"has-inline-color has-black-color\"><span style=\"text-decoration: underline;\"><\/span><\/span><a href=\"https:\/\/kluwerlawonline.com\/journalIssue\/International+Journal+of+Comparative+Labour+Law+and+Industrial+Relations\/34.2\/17386\" target=\"_blank\" rel=\"noreferrer noopener\"><span class=\"has-inline-color has-black-color\"><span style=\"text-decoration: underline;\">Download the article<\/span><\/span><\/a><span class=\"has-inline-color has-black-color\"> [Institutional access required]<\/span><\/p>\n<\/div>\n\n\n\n<div class=\"wp-block-column is-layout-flow wp-block-column-is-layout-flow\" style=\"flex-basis:15%\"><div class=\"wp-block-image\">\n<figure class=\"aligncenter size-thumbnail\"><img loading=\"lazy\" decoding=\"async\" width=\"150\" height=\"150\" src=\"http:\/\/www.crimt.net\/wp-content\/uploads\/2020\/10\/LLDRL-150x150.png\" alt=\"\" class=\"wp-image-1904\" srcset=\"https:\/\/www.crimt.net\/wp-content\/uploads\/2020\/10\/LLDRL-150x150.png 150w, https:\/\/www.crimt.net\/wp-content\/uploads\/2020\/10\/LLDRL-300x300.png 300w, https:\/\/www.crimt.net\/wp-content\/uploads\/2020\/10\/LLDRL-360x360.png 360w, https:\/\/www.crimt.net\/wp-content\/uploads\/2020\/10\/LLDRL.png 500w\" sizes=\"auto, (max-width: 150px) 100vw, 150px\" \/><\/figure>\n<\/div>\n\n\n<p class=\"has-text-align-center\" style=\"font-size:15px\">An initiative of<\/p>\n<\/div>\n<\/div>\n\n\n\n<div style=\"height:20px\" aria-hidden=\"true\" class=\"wp-block-spacer\"><\/div>\n\n\n\n<hr class=\"wp-block-separator has-text-color has-css-opacity has-background is-style-wide\" style=\"background-color:#6b6b6b;color:#6b6b6b\"\/>\n\n\n\n<div style=\"height:50px\" aria-hidden=\"true\" class=\"wp-block-spacer\"><\/div>\n\n\n\n<div class=\"wp-block-columns are-vertically-aligned-top is-layout-flex wp-container-core-columns-is-layout-9d6595d7 wp-block-columns-is-layout-flex\">\n<div class=\"wp-block-column is-vertically-aligned-top is-layout-flow wp-block-column-is-layout-flow\" style=\"flex-basis:28%\"><div class=\"wp-block-image\">\n<figure class=\"alignleft size-large\"><img loading=\"lazy\" decoding=\"async\" width=\"600\" height=\"927\" src=\"http:\/\/www.crimt.net\/wp-content\/uploads\/2020\/10\/JIR.jpg\" alt=\"\" class=\"wp-image-4693\" srcset=\"https:\/\/www.crimt.net\/wp-content\/uploads\/2020\/10\/JIR.jpg 600w, https:\/\/www.crimt.net\/wp-content\/uploads\/2020\/10\/JIR-194x300.jpg 194w\" sizes=\"auto, (max-width: 600px) 100vw, 600px\" \/><\/figure>\n<\/div>\n\n\n<p><\/p>\n<\/div>\n\n\n\n<div class=\"wp-block-column is-vertically-aligned-top is-layout-flow wp-block-column-is-layout-flow\" style=\"flex-basis:67.5%\">\n<p style=\"font-size:32px\"><span style=\"color:#ede4ce\" class=\"has-inline-color\"><strong>2017<\/strong> (59-4)<\/span><\/p>\n\n\n<p class=\"fonts-plugin-block \" style=\"font-size: 24px;line-height: 1.5\"><strong><span class=\"has-inline-color has-black-color\">J<\/span>ournal of Industrial Relations<\/strong><\/p>\n\n<p class=\"fonts-plugin-block \" style=\"font-size: 19px;line-height: 1.5\"><strong>Guest Editors: <strong>Tobias Schulze-Cleven<\/strong><\/strong> (SMLR-Rutgers University), <strong>Mingwei Liu<\/strong> (SMLR-Rutgers University)<\/p>\n\n<p class=\"fonts-plugin-block \" style=\"font-size: 19px;line-height: 1.5\"><span style=\"color:#386568\" class=\"has-inline-color\">Collective action: Engaging ideas, interests and institutions<\/span><\/p>\n\n<p class=\"fonts-plugin-block \" style=\"font-size: 17px;line-height: 1.5\">This special issue analyses innovation in collective action, exploring workers\u2019 global attempts to build and mobilize power resources in the context of deep challenges to organized labour\u2019s old strategies. This is both an empirically pressing subject in terms of worker welfare and also an urgent matter for theorizing the political dynamics of evolving employment relations in globalized production and accumulation (Coe and Yeung, 2015; Ferguson, 2009; Fichter, 2015b; Lakhani et al., 2013; Piketty, 2014). It is crucial for scholars to better understand labour\u2019s contemporary adaptation by exploring different kinds of innovation as well as the causal processes that have produced them. For scholars to make headway in theorizing workers\u2019 agency and delineating organized labour\u2019s changing influence on the world\u2019s increasingly complex governance of work, they need to work toward a more detailed appreciation of experimentations and empirical developments and nurture a more precise conceptual language for the drivers, processes and outcomes of the ongoing reorientation in collective action.<\/p>\n\n<p class=\"fonts-plugin-block \" style=\"font-size: 15px;line-height: 1.5\">Collective action and globalization: Building and mobilizing labour power (<strong>Tobias Schulze-Cleven)&nbsp;<\/strong>\u2022 The battle over flexibilization in post-communist transitions: Labor politics in Poland and the Czech Republic, 1989\u20132010 (<strong>Rudra Sil<\/strong>) \u2022 Institutions and collective action in divided labour movements: Evidence from Indonesia (<strong>Teri L Caraway, Michele Ford<\/strong>) \u2022 IG Metall\u2019s comeback: Trade union renewal in times of crisis (<strong>Stefan Schmalz, Marcel Thiel<\/strong>) \u2022 Supra-union and intersectional organizing: An examination of two prominent cases in the low-wage US restaurant industry (<strong>Maite Tapia, Tamara L Lee, Mikhail Filipovitch<\/strong>) \u2022 Beyond disciplinary boundaries: Leveraging complementary perspectives on global labour (<strong>Tobias Schulze-Cleven, Gary Herrigel, Nelson Lichtenstein, Gay Seidman<\/strong>) \u2022 Resisting labour market insecurity: Old and new actors, rivals or allies? (<strong>Richard Hyman, Rebecca Gumbrell-McCormick<\/strong>)<\/p>\n\n\n<div style=\"height:20px\" aria-hidden=\"true\" class=\"wp-block-spacer\"><\/div>\n\n\n\n<p><a rel=\"noreferrer noopener\" href=\"https:\/\/journals.sagepub.com\/toc\/jira\/59\/4\" target=\"_blank\"><img loading=\"lazy\" decoding=\"async\" width=\"40\" height=\"40\" class=\"wp-image-5396\" style=\"width: 40px;\" src=\"http:\/\/www.crimt.net\/wp-content\/uploads\/2020\/11\/WWW6.png\" alt=\"\" srcset=\"https:\/\/www.crimt.net\/wp-content\/uploads\/2020\/11\/WWW6.png 650w, https:\/\/www.crimt.net\/wp-content\/uploads\/2020\/11\/WWW6-300x300.png 300w, https:\/\/www.crimt.net\/wp-content\/uploads\/2020\/11\/WWW6-150x150.png 150w, https:\/\/www.crimt.net\/wp-content\/uploads\/2020\/11\/WWW6-360x360.png 360w\" sizes=\"auto, (max-width: 40px) 100vw, 40px\" \/><\/a><img loading=\"lazy\" decoding=\"async\" width=\"40\" height=\"40\" class=\"wp-image-3490\" style=\"width: 40px;\" src=\"http:\/\/www.crimt.net\/wp-content\/uploads\/2020\/10\/Livres2.png\" alt=\"\" srcset=\"https:\/\/www.crimt.net\/wp-content\/uploads\/2020\/10\/Livres2.png 450w, https:\/\/www.crimt.net\/wp-content\/uploads\/2020\/10\/Livres2-300x300.png 300w, https:\/\/www.crimt.net\/wp-content\/uploads\/2020\/10\/Livres2-150x150.png 150w, https:\/\/www.crimt.net\/wp-content\/uploads\/2020\/10\/Livres2-360x360.png 360w\" sizes=\"auto, (max-width: 40px) 100vw, 40px\" \/> <span class=\"has-inline-color has-black-color\"><span style=\"text-decoration: underline;\"><\/span><\/span><a href=\"https:\/\/journals.sagepub.com\/toc\/jira\/59\/4\" target=\"_blank\" rel=\"noreferrer noopener\"><span class=\"has-inline-color has-black-color\"><span style=\"text-decoration: underline;\">Download these articles<\/span><\/span><\/a><span class=\"has-inline-color has-black-color\"> [Institutional access required]<\/span><\/p>\n<\/div>\n\n\n\n<div class=\"wp-block-column is-layout-flow wp-block-column-is-layout-flow\" style=\"flex-basis:15%\"><div class=\"wp-block-image\">\n<figure class=\"aligncenter size-large\"><a href=\"http:\/\/www.crimt.net\/centres-partenaires\/#CriDIS\"><img loading=\"lazy\" decoding=\"async\" width=\"500\" height=\"500\" src=\"http:\/\/www.crimt.net\/wp-content\/uploads\/2020\/10\/SMLR.png\" alt=\"\" class=\"wp-image-1916\" srcset=\"https:\/\/www.crimt.net\/wp-content\/uploads\/2020\/10\/SMLR.png 500w, https:\/\/www.crimt.net\/wp-content\/uploads\/2020\/10\/SMLR-300x300.png 300w, https:\/\/www.crimt.net\/wp-content\/uploads\/2020\/10\/SMLR-150x150.png 150w, https:\/\/www.crimt.net\/wp-content\/uploads\/2020\/10\/SMLR-360x360.png 360w\" sizes=\"auto, (max-width: 500px) 100vw, 500px\" \/><\/a><\/figure>\n<\/div>\n\n\n<p class=\"has-text-align-center\" style=\"font-size:15px\">An initiative of<\/p>\n<\/div>\n<\/div>\n\n\n\n<div style=\"height:20px\" aria-hidden=\"true\" class=\"wp-block-spacer\"><\/div>\n\n\n\n<hr class=\"wp-block-separator has-text-color has-css-opacity has-background is-style-wide\" style=\"background-color:#6b6b6b;color:#6b6b6b\"\/>\n\n\n\n<div style=\"height:50px\" aria-hidden=\"true\" class=\"wp-block-spacer\"><\/div>\n\n\n\n<div class=\"wp-block-columns are-vertically-aligned-top is-layout-flex wp-container-core-columns-is-layout-9d6595d7 wp-block-columns-is-layout-flex\">\n<div class=\"wp-block-column is-vertically-aligned-top is-layout-flow wp-block-column-is-layout-flow\" style=\"flex-basis:27.5%\"><div class=\"wp-block-image\">\n<figure class=\"alignleft size-large\"><img loading=\"lazy\" decoding=\"async\" width=\"600\" height=\"928\" src=\"http:\/\/www.crimt.net\/wp-content\/uploads\/2020\/10\/RI-IR3.jpg\" alt=\"\" class=\"wp-image-4750\" srcset=\"https:\/\/www.crimt.net\/wp-content\/uploads\/2020\/10\/RI-IR3.jpg 600w, https:\/\/www.crimt.net\/wp-content\/uploads\/2020\/10\/RI-IR3-194x300.jpg 194w\" sizes=\"auto, (max-width: 600px) 100vw, 600px\" \/><\/figure>\n<\/div>\n\n\n<p><\/p>\n<\/div>\n\n\n\n<div class=\"wp-block-column is-vertically-aligned-top is-layout-flow wp-block-column-is-layout-flow\" style=\"flex-basis:85%\">\n<p style=\"font-size:32px\"><strong><strong><span style=\"color:#ede4ce\" class=\"has-inline-color\">2017<\/span><\/strong><\/strong> <span style=\"color:#ede4ce\" class=\"has-inline-color\">(72-3)<\/span><\/p>\n\n\n<p class=\"fonts-plugin-block \" style=\"font-size: 24px;line-height: 1.5\"><strong><strong><strong><strong><span class=\"has-inline-color has-black-color\">Relations industrielles \/ Industrial Relations<\/span><\/strong><\/strong><\/strong><\/strong><\/p>\n\n<p class=\"fonts-plugin-block \" style=\"font-size: 19px;line-height: 1.5\"><strong>Guest Editors:<\/strong><span class=\"has-inline-color has-black-color\"> <\/span><strong>Martine D\u2019Amours <\/strong>(Universit\u00e9 Laval), <strong>Yanick Noiseux <\/strong>(Universit\u00e9 de Montr\u00e9al), <strong>Christian Papinot <\/strong>(Universit\u00e9 de Poitiers),<strong> Guylaine Vall\u00e9e<\/strong> (Universit\u00e9 de Montr\u00e9al)<\/p>\n\n<p class=\"fonts-plugin-block \" style=\"font-size: 19px;line-height: 1.5\"><span style=\"color:#386568\" class=\"has-inline-color\">New Frontiers of the Employment Relationship<\/span><\/p>\n\n<p class=\"fonts-plugin-block \" style=\"font-size: 17px;line-height: 1.5\">The transformation of the employment relationship causes\u2014and form part of\u2014a whole series of interferences that pose particular challenges for theoretical formalization, for the understanding of concrete situations of work, and for the legal and social measures that aim to ensure the social protection and representation of workers and to examine conditions for the deployment of collective action. Interferences and the blurring of boundaries include: between a salaried and self-employed worker, between paid work conducted in the public sphere and work that is carried out for free in the visible private sphere and between formal and informal work.<\/p>\n\n<p class=\"fonts-plugin-block \" style=\"font-size: 17px;line-height: 1.5\">This special issue of Relations Industrielles \/ Industrial Relations explores these &#8220;new&#8221; frontiers of the employment relationship. In response to criticism of research trends that focus too narrowly on so-called atypical jobs, which mask the fact that labour transformations \u2018destabilize stables\u2019 (Castel, 2009) or extend precariousness and risk to typical jobs (Vosko, 2007), this issue is interested in the characteristics associated with diversity in the employment relationship or, in other words, the effects stemming from the cohabitation of workers having different statuses and\/or employers or parties giving the order in concrete work situations.<\/p>\n\n<p class=\"fonts-plugin-block \" style=\"font-size: 15px;line-height: 1.5\">Les nouvelles fronti\u00e8res de la relation d\u2019emploi (<strong>Martine D\u2019Amours, Yanick Noiseux, Christian Papinot, Guylaine Vall\u00e9e<\/strong>) \u2022 Zone grise d\u2019emploi, pouvoir de l\u2019employeur et espace public : une illustration \u00e0 partir du cas Uber (<strong>Christian Aza\u00efs, Patrick Dieuaide, Donna Kesselman<\/strong>) \u2022 From Wellington to Quebec: Attracting Hollywood and Regulating Cultural Workers (<strong>Maude Choko, Bridget Conor<\/strong>) \u2022 Entre salariat et ind\u00e9pendance : analyse juridique et \u00e9conomique de la relation franchis\u00e9-franchiseur (<strong>Urwana Coiquaud, Isabelle Martin<\/strong>) \u2022 La repr\u00e9sentation collective au travail en contexte d\u2019externalisation des services publics d\u2019aide \u00e0 domicile au Qu\u00e9bec (<strong>Louise Boivin<\/strong>) \u2022 Winning Conditions of Precarious Workers\u2019 Struggles: A Reflection Based on Case Studies from South Korea (<strong>Byoung-Hoon Lee, Sophia Seung-Yoon Lee<\/strong>) \u2022 Quand le droit conforte les strat\u00e9gies syndicales reproduisant les arrangements institutionnels sources de discrimination syst\u00e9mique (<strong>Carole Yerochewski, Diane Gagn\u00e9<\/strong>)<\/p>\n\n\n<div style=\"height:20px\" aria-hidden=\"true\" class=\"wp-block-spacer\"><\/div>\n\n\n\n<p><a rel=\"noreferrer noopener\" href=\"https:\/\/www.riir.ulaval.ca\" target=\"_blank\"><img loading=\"lazy\" decoding=\"async\" width=\"40\" height=\"40\" class=\"wp-image-5396\" style=\"width: 40px;\" src=\"http:\/\/www.crimt.net\/wp-content\/uploads\/2020\/11\/WWW6.png\" alt=\"\" srcset=\"https:\/\/www.crimt.net\/wp-content\/uploads\/2020\/11\/WWW6.png 650w, https:\/\/www.crimt.net\/wp-content\/uploads\/2020\/11\/WWW6-300x300.png 300w, https:\/\/www.crimt.net\/wp-content\/uploads\/2020\/11\/WWW6-150x150.png 150w, https:\/\/www.crimt.net\/wp-content\/uploads\/2020\/11\/WWW6-360x360.png 360w\" sizes=\"auto, (max-width: 40px) 100vw, 40px\" \/><\/a><a rel=\"noreferrer noopener\" href=\"https:\/\/www.erudit.org\/fr\/revues\/ri\/2017-v72-n3-ri03203\/\" target=\"_blank\"><img loading=\"lazy\" decoding=\"async\" width=\"40\" height=\"40\" class=\"wp-image-3490\" style=\"width: 40px;\" src=\"http:\/\/www.crimt.net\/wp-content\/uploads\/2020\/10\/Livres2.png\" alt=\"\" srcset=\"https:\/\/www.crimt.net\/wp-content\/uploads\/2020\/10\/Livres2.png 450w, https:\/\/www.crimt.net\/wp-content\/uploads\/2020\/10\/Livres2-300x300.png 300w, https:\/\/www.crimt.net\/wp-content\/uploads\/2020\/10\/Livres2-150x150.png 150w, https:\/\/www.crimt.net\/wp-content\/uploads\/2020\/10\/Livres2-360x360.png 360w\" sizes=\"auto, (max-width: 40px) 100vw, 40px\" \/><\/a><img loading=\"lazy\" decoding=\"async\" width=\"5\" height=\"5\" class=\"wp-image-5503\" style=\"width: 5px;\" src=\"http:\/\/www.crimt.net\/wp-content\/uploads\/2020\/11\/Spacer.png\" alt=\"\"><a rel=\"noreferrer noopener\" href=\"https:\/\/www.erudit.org\/fr\/revues\/ri\/2017-v72-n3-ri03203\/\" target=\"_blank\"><span class=\"has-inline-color has-black-color\"><span style=\"text-decoration: underline;\">Download these articles<\/span><\/span><\/a> [Open access]<\/p>\n<\/div>\n<\/div>\n","protected":false},"excerpt":{"rendered":"<p>Forthcoming 2022 ILR Review Download [&hellip;]<\/p>\n","protected":false},"author":1,"featured_media":0,"parent":0,"menu_order":0,"comment_status":"closed","ping_status":"closed","template":"page-templates\/template_fullwidth.php","meta":{"footnotes":""},"class_list":["post-6687","page","type-page","status-publish","hentry"],"_links":{"self":[{"href":"https:\/\/www.crimt.net\/en\/wp-json\/wp\/v2\/pages\/6687","targetHints":{"allow":["GET"]}}],"collection":[{"href":"https:\/\/www.crimt.net\/en\/wp-json\/wp\/v2\/pages"}],"about":[{"href":"https:\/\/www.crimt.net\/en\/wp-json\/wp\/v2\/types\/page"}],"author":[{"embeddable":true,"href":"https:\/\/www.crimt.net\/en\/wp-json\/wp\/v2\/users\/1"}],"replies":[{"embeddable":true,"href":"https:\/\/www.crimt.net\/en\/wp-json\/wp\/v2\/comments?post=6687"}],"version-history":[{"count":211,"href":"https:\/\/www.crimt.net\/en\/wp-json\/wp\/v2\/pages\/6687\/revisions"}],"predecessor-version":[{"id":20209,"href":"https:\/\/www.crimt.net\/en\/wp-json\/wp\/v2\/pages\/6687\/revisions\/20209"}],"wp:attachment":[{"href":"https:\/\/www.crimt.net\/en\/wp-json\/wp\/v2\/media?parent=6687"}],"curies":[{"name":"wp","href":"https:\/\/api.w.org\/{rel}","templated":true}]}}